{"id":6449,"date":"2021-07-05T13:01:39","date_gmt":"2021-07-05T13:01:39","guid":{"rendered":"https:\/\/terradasideias.net\/cmb\/?page_id=6449"},"modified":"2023-06-16T10:55:05","modified_gmt":"2023-06-16T10:55:05","slug":"santo-estevao","status":"publish","type":"page","link":"https:\/\/www.cm-benavente.pt\/index.php\/descobrir\/patrimonio-cultural-e-arquitetonico\/identidade-e-memoria\/santo-estevao\/","title":{"rendered":"Santo Est\u00eav\u00e3o"},"content":{"rendered":"\t\t<div data-elementor-type=\"wp-page\" data-elementor-id=\"6449\" class=\"elementor elementor-6449\" data-elementor-post-type=\"page\">\n\t\t\t\t\t\t<section class=\"elementor-section elementor-top-section elementor-element elementor-element-5d6f1fb elementor-section-boxed elementor-section-height-default elementor-section-height-default\" data-id=\"5d6f1fb\" data-element_type=\"section\" data-e-type=\"section\" data-settings=\"{&quot;tmea_shape_divider_top&quot;:&quot;none&quot;,&quot;tmea_shape_divider_bottom&quot;:&quot;none&quot;}\">\n\t\t\t\t\t\t<div class=\"elementor-container elementor-column-gap-default\">\n\t\t\t\t\t<div class=\"elementor-column elementor-col-100 elementor-top-column elementor-element elementor-element-b796680\" data-id=\"b796680\" data-element_type=\"column\" data-e-type=\"column\">\n\t\t\t<div class=\"elementor-widget-wrap\">\n\t\t\t\t\t\t\t<\/div>\n\t\t<\/div>\n\t\t\t\t\t<\/div>\n\t\t<\/section>\n\t\t\t\t<section class=\"elementor-section elementor-top-section elementor-element elementor-element-481dc36 elementor-section-height-min-height elementor-section-boxed elementor-section-height-default elementor-section-items-middle\" data-id=\"481dc36\" data-element_type=\"section\" data-e-type=\"section\" data-settings=\"{&quot;background_background&quot;:&quot;slideshow&quot;,&quot;background_slideshow_ken_burns&quot;:&quot;yes&quot;,&quot;background_slideshow_gallery&quot;:[{&quot;id&quot;:47320,&quot;url&quot;:&quot;https:\\\/\\\/www.cm-benavente.pt\\\/wp-content\\\/uploads\\\/2023\\\/06\\\/santo-estevao-foros-almada.jpg&quot;}],&quot;tmea_shape_divider_top&quot;:&quot;none&quot;,&quot;tmea_shape_divider_bottom&quot;:&quot;none&quot;,&quot;background_slideshow_loop&quot;:&quot;yes&quot;,&quot;background_slideshow_slide_duration&quot;:5000,&quot;background_slideshow_slide_transition&quot;:&quot;fade&quot;,&quot;background_slideshow_transition_duration&quot;:500,&quot;background_slideshow_ken_burns_zoom_direction&quot;:&quot;in&quot;}\">\n\t\t\t\t\t\t\t<div class=\"elementor-background-overlay\"><\/div>\n\t\t\t\t\t\t\t<div class=\"elementor-container elementor-column-gap-default\">\n\t\t\t\t\t<div class=\"elementor-column elementor-col-100 elementor-top-column elementor-element elementor-element-aecdc59 elementor-invisible\" data-id=\"aecdc59\" data-element_type=\"column\" data-e-type=\"column\" data-settings=\"{&quot;animation&quot;:&quot;fadeIn&quot;}\">\n\t\t\t<div class=\"elementor-widget-wrap elementor-element-populated\">\n\t\t\t\t\t\t<div class=\"elementor-element elementor-element-b9efb4b elementor-widget elementor-widget-heading\" data-id=\"b9efb4b\" data-element_type=\"widget\" data-e-type=\"widget\" data-widget_type=\"heading.default\">\n\t\t\t\t<div class=\"elementor-widget-container\">\n\t\t\t\t\t<h2 class=\"elementor-heading-title elementor-size-default\">HIST\u00d3RIA E IDENTIDADE<\/h2>\t\t\t\t<\/div>\n\t\t\t\t<\/div>\n\t\t\t\t<div class=\"elementor-element elementor-element-f459f3c elementor-widget elementor-widget-heading\" data-id=\"f459f3c\" data-element_type=\"widget\" data-e-type=\"widget\" data-widget_type=\"heading.default\">\n\t\t\t\t<div class=\"elementor-widget-container\">\n\t\t\t\t\t<h2 class=\"elementor-heading-title elementor-size-default\">Santo Est\u00eav\u00e3o<\/h2>\t\t\t\t<\/div>\n\t\t\t\t<\/div>\n\t\t\t\t\t<\/div>\n\t\t<\/div>\n\t\t\t\t\t<\/div>\n\t\t<\/section>\n\t\t\t\t<section class=\"elementor-section elementor-top-section elementor-element elementor-element-47e5ddc elementor-section-boxed elementor-section-height-default elementor-section-height-default\" data-id=\"47e5ddc\" data-element_type=\"section\" data-e-type=\"section\" data-settings=\"{&quot;tmea_shape_divider_top&quot;:&quot;none&quot;,&quot;tmea_shape_divider_bottom&quot;:&quot;none&quot;}\">\n\t\t\t\t\t\t<div class=\"elementor-container elementor-column-gap-default\">\n\t\t\t\t\t<div class=\"elementor-column elementor-col-100 elementor-top-column elementor-element elementor-element-95eb875\" data-id=\"95eb875\" data-element_type=\"column\" data-e-type=\"column\">\n\t\t\t<div class=\"elementor-widget-wrap elementor-element-populated\">\n\t\t\t\t\n\t\t<div class=\"elementor-element elementor-element-70b988c elementor-widget elementor-widget-text-editor\" data-id=\"70b988c\" data-element_type=\"widget\" data-e-type=\"widget\" data-widget_type=\"text-editor.default\">\n\t\t\t\t<div class=\"elementor-widget-container\">\n\t\t\t\t\t\t\t\t\t<p>Santo Estev\u00e3o, Santo Estev\u00e3o da Ribeira ou ainda, Aldeia de Santo Estev\u00e3o da Ribeira de Canha, nomes pelo quais era conhecido, define um n\u00facleo urbano cuja <strong>refer\u00eancia mais antiga data do s\u00e9culo XIV<\/strong>. Integrado, na denominada regi\u00e3o alentejana do Concelho de Benavente, a charneca, localiza-se na margem direita do Rio Almansor ou Ribeira de Santo Estev\u00e3o. Compreende terras de cultivo e pastagem. As condi\u00e7\u00f5es naturais de implanta\u00e7\u00e3o <strong>favorecem<\/strong>, atualmente, o <strong>desenvolvimento agro-tur\u00edstico<\/strong>.<\/p>\t\t\t\t\t\t\t\t<\/div>\n\t\t\t\t<\/div>\n\t\t\t\t\t<\/div>\n\t\t<\/div>\n\t\t\t\t\t<\/div>\n\t\t<\/section>\n\t\t\t\t<section class=\"elementor-section elementor-top-section elementor-element elementor-element-066ca4d elementor-section-boxed elementor-section-height-default elementor-section-height-default\" data-id=\"066ca4d\" data-element_type=\"section\" data-e-type=\"section\" data-settings=\"{&quot;tmea_shape_divider_top&quot;:&quot;none&quot;,&quot;tmea_shape_divider_bottom&quot;:&quot;none&quot;}\">\n\t\t\t\t\t\t<div class=\"elementor-container elementor-column-gap-default\">\n\t\t\t\t\t<div class=\"elementor-column elementor-col-100 elementor-top-column elementor-element elementor-element-127bf3f\" data-id=\"127bf3f\" data-element_type=\"column\" data-e-type=\"column\">\n\t\t\t<div class=\"elementor-widget-wrap elementor-element-populated\">\n\t\t\t\t\t\t<div class=\"elementor-element elementor-element-9df9a45 elementor-widget elementor-widget-gallery\" data-id=\"9df9a45\" data-element_type=\"widget\" data-e-type=\"widget\" data-settings=\"{&quot;ideal_row_height&quot;:{&quot;unit&quot;:&quot;px&quot;,&quot;size&quot;:144,&quot;sizes&quot;:[]},&quot;gallery_layout&quot;:&quot;justified&quot;,&quot;lazyload&quot;:&quot;yes&quot;,&quot;ideal_row_height_widescreen&quot;:{&quot;unit&quot;:&quot;px&quot;,&quot;size&quot;:&quot;&quot;,&quot;sizes&quot;:[]},&quot;ideal_row_height_laptop&quot;:{&quot;unit&quot;:&quot;px&quot;,&quot;size&quot;:150,&quot;sizes&quot;:[]},&quot;ideal_row_height_tablet_extra&quot;:{&quot;unit&quot;:&quot;px&quot;,&quot;size&quot;:150,&quot;sizes&quot;:[]},&quot;ideal_row_height_tablet&quot;:{&quot;unit&quot;:&quot;px&quot;,&quot;size&quot;:150,&quot;sizes&quot;:[]},&quot;ideal_row_height_mobile_extra&quot;:{&quot;unit&quot;:&quot;px&quot;,&quot;size&quot;:150,&quot;sizes&quot;:[]},&quot;ideal_row_height_mobile&quot;:{&quot;unit&quot;:&quot;px&quot;,&quot;size&quot;:150,&quot;sizes&quot;:[]},&quot;gap&quot;:{&quot;unit&quot;:&quot;px&quot;,&quot;size&quot;:10,&quot;sizes&quot;:[]},&quot;gap_widescreen&quot;:{&quot;unit&quot;:&quot;px&quot;,&quot;size&quot;:&quot;&quot;,&quot;sizes&quot;:[]},&quot;gap_laptop&quot;:{&quot;unit&quot;:&quot;px&quot;,&quot;size&quot;:10,&quot;sizes&quot;:[]},&quot;gap_tablet_extra&quot;:{&quot;unit&quot;:&quot;px&quot;,&quot;size&quot;:10,&quot;sizes&quot;:[]},&quot;gap_tablet&quot;:{&quot;unit&quot;:&quot;px&quot;,&quot;size&quot;:10,&quot;sizes&quot;:[]},&quot;gap_mobile_extra&quot;:{&quot;unit&quot;:&quot;px&quot;,&quot;size&quot;:10,&quot;sizes&quot;:[]},&quot;gap_mobile&quot;:{&quot;unit&quot;:&quot;px&quot;,&quot;size&quot;:10,&quot;sizes&quot;:[]},&quot;link_to&quot;:&quot;file&quot;,&quot;overlay_background&quot;:&quot;yes&quot;,&quot;content_hover_animation&quot;:&quot;fade-in&quot;}\" data-widget_type=\"gallery.default\">\n\t\t\t\t<div class=\"elementor-widget-container\">\n\t\t\t\t\t\t\t<div class=\"elementor-gallery__container\">\n\t\t\t\t\t\t\t<a class=\"e-gallery-item elementor-gallery-item elementor-animated-content\" href=\"https:\/\/www.cm-benavente.pt\/wp-content\/uploads\/2021\/07\/foto_miguelcardoso-08994.jpg\" data-elementor-open-lightbox=\"yes\" data-elementor-lightbox-slideshow=\"9df9a45\" data-elementor-lightbox-title=\"foto_miguelcardoso-08994\" data-e-action-hash=\"#elementor-action%3Aaction%3Dlightbox%26settings%3DeyJpZCI6MTMxMTgsInVybCI6Imh0dHBzOlwvXC93d3cuY20tYmVuYXZlbnRlLnB0XC93cC1jb250ZW50XC91cGxvYWRzXC8yMDIxXC8wN1wvZm90b19taWd1ZWxjYXJkb3NvLTA4OTk0LmpwZyIsInNsaWRlc2hvdyI6IjlkZjlhNDUifQ%3D%3D\">\n\t\t\t\t\t<div class=\"e-gallery-image elementor-gallery-item__image\" data-thumbnail=\"https:\/\/www.cm-benavente.pt\/wp-content\/uploads\/2021\/07\/foto_miguelcardoso-08994.jpg\" data-width=\"2000\" data-height=\"1269\" aria-label=\"\" role=\"img\" ><\/div>\n\t\t\t\t\t\t\t\t\t\t\t<div class=\"elementor-gallery-item__overlay\"><\/div>\n\t\t\t\t\t\t\t\t\t\t\t\t\t\t<\/a>\n\t\t\t\t\t\t\t<a class=\"e-gallery-item elementor-gallery-item elementor-animated-content\" href=\"https:\/\/www.cm-benavente.pt\/wp-content\/uploads\/2021\/07\/foto_miguelcardoso-08992.jpg\" data-elementor-open-lightbox=\"yes\" data-elementor-lightbox-slideshow=\"9df9a45\" data-elementor-lightbox-title=\"foto_miguelcardoso-08992\" data-e-action-hash=\"#elementor-action%3Aaction%3Dlightbox%26settings%3DeyJpZCI6MTMxMTcsInVybCI6Imh0dHBzOlwvXC93d3cuY20tYmVuYXZlbnRlLnB0XC93cC1jb250ZW50XC91cGxvYWRzXC8yMDIxXC8wN1wvZm90b19taWd1ZWxjYXJkb3NvLTA4OTkyLmpwZyIsInNsaWRlc2hvdyI6IjlkZjlhNDUifQ%3D%3D\">\n\t\t\t\t\t<div class=\"e-gallery-image elementor-gallery-item__image\" data-thumbnail=\"https:\/\/www.cm-benavente.pt\/wp-content\/uploads\/2021\/07\/foto_miguelcardoso-08992.jpg\" data-width=\"2000\" data-height=\"1333\" aria-label=\"\" role=\"img\" ><\/div>\n\t\t\t\t\t\t\t\t\t\t\t<div class=\"elementor-gallery-item__overlay\"><\/div>\n\t\t\t\t\t\t\t\t\t\t\t\t\t\t<\/a>\n\t\t\t\t\t\t\t<a class=\"e-gallery-item elementor-gallery-item elementor-animated-content\" href=\"https:\/\/www.cm-benavente.pt\/wp-content\/uploads\/2021\/07\/foto_miguelcardoso-08512.jpg\" data-elementor-open-lightbox=\"yes\" data-elementor-lightbox-slideshow=\"9df9a45\" data-elementor-lightbox-title=\"foto_miguelcardoso-08512\" data-e-action-hash=\"#elementor-action%3Aaction%3Dlightbox%26settings%3DeyJpZCI6MTMxMDYsInVybCI6Imh0dHBzOlwvXC93d3cuY20tYmVuYXZlbnRlLnB0XC93cC1jb250ZW50XC91cGxvYWRzXC8yMDIxXC8wN1wvZm90b19taWd1ZWxjYXJkb3NvLTA4NTEyLmpwZyIsInNsaWRlc2hvdyI6IjlkZjlhNDUifQ%3D%3D\">\n\t\t\t\t\t<div class=\"e-gallery-image elementor-gallery-item__image\" data-thumbnail=\"https:\/\/www.cm-benavente.pt\/wp-content\/uploads\/2021\/07\/foto_miguelcardoso-08512.jpg\" data-width=\"2000\" data-height=\"1189\" aria-label=\"\" role=\"img\" ><\/div>\n\t\t\t\t\t\t\t\t\t\t\t<div class=\"elementor-gallery-item__overlay\"><\/div>\n\t\t\t\t\t\t\t\t\t\t\t\t\t\t<\/a>\n\t\t\t\t\t\t\t<a class=\"e-gallery-item elementor-gallery-item elementor-animated-content\" href=\"https:\/\/www.cm-benavente.pt\/wp-content\/uploads\/2021\/07\/foto_miguelcardoso-08516.jpg\" data-elementor-open-lightbox=\"yes\" data-elementor-lightbox-slideshow=\"9df9a45\" data-elementor-lightbox-title=\"foto_miguelcardoso-08516\" data-e-action-hash=\"#elementor-action%3Aaction%3Dlightbox%26settings%3DeyJpZCI6MTMxMDgsInVybCI6Imh0dHBzOlwvXC93d3cuY20tYmVuYXZlbnRlLnB0XC93cC1jb250ZW50XC91cGxvYWRzXC8yMDIxXC8wN1wvZm90b19taWd1ZWxjYXJkb3NvLTA4NTE2LmpwZyIsInNsaWRlc2hvdyI6IjlkZjlhNDUifQ%3D%3D\">\n\t\t\t\t\t<div class=\"e-gallery-image elementor-gallery-item__image\" data-thumbnail=\"https:\/\/www.cm-benavente.pt\/wp-content\/uploads\/2021\/07\/foto_miguelcardoso-08516.jpg\" data-width=\"2000\" data-height=\"1268\" aria-label=\"\" role=\"img\" ><\/div>\n\t\t\t\t\t\t\t\t\t\t\t<div class=\"elementor-gallery-item__overlay\"><\/div>\n\t\t\t\t\t\t\t\t\t\t\t\t\t\t<\/a>\n\t\t\t\t\t\t\t<a class=\"e-gallery-item elementor-gallery-item elementor-animated-content\" href=\"https:\/\/www.cm-benavente.pt\/wp-content\/uploads\/2021\/07\/foto_miguelcardoso-08510.jpg\" data-elementor-open-lightbox=\"yes\" data-elementor-lightbox-slideshow=\"9df9a45\" data-elementor-lightbox-title=\"foto_miguelcardoso-08510\" data-e-action-hash=\"#elementor-action%3Aaction%3Dlightbox%26settings%3DeyJpZCI6MTMxMDIsInVybCI6Imh0dHBzOlwvXC93d3cuY20tYmVuYXZlbnRlLnB0XC93cC1jb250ZW50XC91cGxvYWRzXC8yMDIxXC8wN1wvZm90b19taWd1ZWxjYXJkb3NvLTA4NTEwLmpwZyIsInNsaWRlc2hvdyI6IjlkZjlhNDUifQ%3D%3D\">\n\t\t\t\t\t<div class=\"e-gallery-image elementor-gallery-item__image\" data-thumbnail=\"https:\/\/www.cm-benavente.pt\/wp-content\/uploads\/2021\/07\/foto_miguelcardoso-08510.jpg\" data-width=\"1333\" data-height=\"2000\" aria-label=\"\" role=\"img\" ><\/div>\n\t\t\t\t\t\t\t\t\t\t\t<div class=\"elementor-gallery-item__overlay\"><\/div>\n\t\t\t\t\t\t\t\t\t\t\t\t\t\t<\/a>\n\t\t\t\t\t\t\t<a class=\"e-gallery-item elementor-gallery-item elementor-animated-content\" href=\"https:\/\/www.cm-benavente.pt\/wp-content\/uploads\/2021\/07\/foto_miguelcardoso-09072.jpg\" data-elementor-open-lightbox=\"yes\" data-elementor-lightbox-slideshow=\"9df9a45\" data-elementor-lightbox-title=\"foto_miguelcardoso-09072\" data-e-action-hash=\"#elementor-action%3Aaction%3Dlightbox%26settings%3DeyJpZCI6MTMwOTIsInVybCI6Imh0dHBzOlwvXC93d3cuY20tYmVuYXZlbnRlLnB0XC93cC1jb250ZW50XC91cGxvYWRzXC8yMDIxXC8wN1wvZm90b19taWd1ZWxjYXJkb3NvLTA5MDcyLmpwZyIsInNsaWRlc2hvdyI6IjlkZjlhNDUifQ%3D%3D\">\n\t\t\t\t\t<div class=\"e-gallery-image elementor-gallery-item__image\" data-thumbnail=\"https:\/\/www.cm-benavente.pt\/wp-content\/uploads\/2021\/07\/foto_miguelcardoso-09072.jpg\" data-width=\"2000\" data-height=\"1333\" aria-label=\"\" role=\"img\" ><\/div>\n\t\t\t\t\t\t\t\t\t\t\t<div class=\"elementor-gallery-item__overlay\"><\/div>\n\t\t\t\t\t\t\t\t\t\t\t\t\t\t<\/a>\n\t\t\t\t\t\t\t<a class=\"e-gallery-item elementor-gallery-item elementor-animated-content\" href=\"https:\/\/www.cm-benavente.pt\/wp-content\/uploads\/2021\/07\/foto_miguelcardoso-08508.jpg\" data-elementor-open-lightbox=\"yes\" data-elementor-lightbox-slideshow=\"9df9a45\" data-elementor-lightbox-title=\"foto_miguelcardoso-08508\" data-e-action-hash=\"#elementor-action%3Aaction%3Dlightbox%26settings%3DeyJpZCI6MTMwODMsInVybCI6Imh0dHBzOlwvXC93d3cuY20tYmVuYXZlbnRlLnB0XC93cC1jb250ZW50XC91cGxvYWRzXC8yMDIxXC8wN1wvZm90b19taWd1ZWxjYXJkb3NvLTA4NTA4LmpwZyIsInNsaWRlc2hvdyI6IjlkZjlhNDUifQ%3D%3D\">\n\t\t\t\t\t<div class=\"e-gallery-image elementor-gallery-item__image\" data-thumbnail=\"https:\/\/www.cm-benavente.pt\/wp-content\/uploads\/2021\/07\/foto_miguelcardoso-08508.jpg\" data-width=\"2000\" data-height=\"1333\" aria-label=\"\" role=\"img\" ><\/div>\n\t\t\t\t\t\t\t\t\t\t\t<div class=\"elementor-gallery-item__overlay\"><\/div>\n\t\t\t\t\t\t\t\t\t\t\t\t\t\t<\/a>\n\t\t\t\t\t\t\t<a class=\"e-gallery-item elementor-gallery-item elementor-animated-content\" href=\"https:\/\/www.cm-benavente.pt\/wp-content\/uploads\/2021\/07\/foto_miguelcardoso-08522.jpg\" data-elementor-open-lightbox=\"yes\" data-elementor-lightbox-slideshow=\"9df9a45\" data-elementor-lightbox-title=\"foto_miguelcardoso-08522\" data-e-action-hash=\"#elementor-action%3Aaction%3Dlightbox%26settings%3DeyJpZCI6MTMxMTAsInVybCI6Imh0dHBzOlwvXC93d3cuY20tYmVuYXZlbnRlLnB0XC93cC1jb250ZW50XC91cGxvYWRzXC8yMDIxXC8wN1wvZm90b19taWd1ZWxjYXJkb3NvLTA4NTIyLmpwZyIsInNsaWRlc2hvdyI6IjlkZjlhNDUifQ%3D%3D\">\n\t\t\t\t\t<div class=\"e-gallery-image elementor-gallery-item__image\" data-thumbnail=\"https:\/\/www.cm-benavente.pt\/wp-content\/uploads\/2021\/07\/foto_miguelcardoso-08522.jpg\" data-width=\"1333\" data-height=\"2000\" aria-label=\"\" role=\"img\" ><\/div>\n\t\t\t\t\t\t\t\t\t\t\t<div class=\"elementor-gallery-item__overlay\"><\/div>\n\t\t\t\t\t\t\t\t\t\t\t\t\t\t<\/a>\n\t\t\t\t\t\t\t<a class=\"e-gallery-item elementor-gallery-item elementor-animated-content\" href=\"https:\/\/www.cm-benavente.pt\/wp-content\/uploads\/2021\/07\/igreja_foros_de_almada.jpg\" data-elementor-open-lightbox=\"yes\" data-elementor-lightbox-slideshow=\"9df9a45\" data-elementor-lightbox-title=\"igreja_foros_de_almada\" data-e-action-hash=\"#elementor-action%3Aaction%3Dlightbox%26settings%3DeyJpZCI6MTEyNzAsInVybCI6Imh0dHBzOlwvXC93d3cuY20tYmVuYXZlbnRlLnB0XC93cC1jb250ZW50XC91cGxvYWRzXC8yMDIxXC8wN1wvaWdyZWphX2Zvcm9zX2RlX2FsbWFkYS5qcGciLCJzbGlkZXNob3ciOiI5ZGY5YTQ1In0%3D\">\n\t\t\t\t\t<div class=\"e-gallery-image elementor-gallery-item__image\" data-thumbnail=\"https:\/\/www.cm-benavente.pt\/wp-content\/uploads\/2021\/07\/igreja_foros_de_almada.jpg\" data-width=\"300\" data-height=\"169\" aria-label=\"\" role=\"img\" ><\/div>\n\t\t\t\t\t\t\t\t\t\t\t<div class=\"elementor-gallery-item__overlay\"><\/div>\n\t\t\t\t\t\t\t\t\t\t\t\t\t\t<\/a>\n\t\t\t\t\t\t\t<a class=\"e-gallery-item elementor-gallery-item elementor-animated-content\" href=\"https:\/\/www.cm-benavente.pt\/wp-content\/uploads\/2021\/07\/igreja1_st_estevao.jpg\" data-elementor-open-lightbox=\"yes\" data-elementor-lightbox-slideshow=\"9df9a45\" data-elementor-lightbox-title=\"igreja1_st_estevao\" data-e-action-hash=\"#elementor-action%3Aaction%3Dlightbox%26settings%3DeyJpZCI6MTEyNzEsInVybCI6Imh0dHBzOlwvXC93d3cuY20tYmVuYXZlbnRlLnB0XC93cC1jb250ZW50XC91cGxvYWRzXC8yMDIxXC8wN1wvaWdyZWphMV9zdF9lc3RldmFvLmpwZyIsInNsaWRlc2hvdyI6IjlkZjlhNDUifQ%3D%3D\">\n\t\t\t\t\t<div class=\"e-gallery-image elementor-gallery-item__image\" data-thumbnail=\"https:\/\/www.cm-benavente.pt\/wp-content\/uploads\/2021\/07\/igreja1_st_estevao.jpg\" data-width=\"300\" data-height=\"169\" aria-label=\"\" role=\"img\" ><\/div>\n\t\t\t\t\t\t\t\t\t\t\t<div class=\"elementor-gallery-item__overlay\"><\/div>\n\t\t\t\t\t\t\t\t\t\t\t\t\t\t<\/a>\n\t\t\t\t\t\t\t<a class=\"e-gallery-item elementor-gallery-item elementor-animated-content\" href=\"https:\/\/www.cm-benavente.pt\/wp-content\/uploads\/2021\/07\/montes-condes_st_estevao.jpg\" data-elementor-open-lightbox=\"yes\" data-elementor-lightbox-slideshow=\"9df9a45\" data-elementor-lightbox-title=\"montes-condes_st_estevao\" data-e-action-hash=\"#elementor-action%3Aaction%3Dlightbox%26settings%3DeyJpZCI6MTEyNzMsInVybCI6Imh0dHBzOlwvXC93d3cuY20tYmVuYXZlbnRlLnB0XC93cC1jb250ZW50XC91cGxvYWRzXC8yMDIxXC8wN1wvbW9udGVzLWNvbmRlc19zdF9lc3RldmFvLmpwZyIsInNsaWRlc2hvdyI6IjlkZjlhNDUifQ%3D%3D\">\n\t\t\t\t\t<div class=\"e-gallery-image elementor-gallery-item__image\" data-thumbnail=\"https:\/\/www.cm-benavente.pt\/wp-content\/uploads\/2021\/07\/montes-condes_st_estevao.jpg\" data-width=\"300\" data-height=\"230\" aria-label=\"\" role=\"img\" ><\/div>\n\t\t\t\t\t\t\t\t\t\t\t<div class=\"elementor-gallery-item__overlay\"><\/div>\n\t\t\t\t\t\t\t\t\t\t\t\t\t\t<\/a>\n\t\t\t\t\t\t\t<a class=\"e-gallery-item elementor-gallery-item elementor-animated-content\" href=\"https:\/\/www.cm-benavente.pt\/wp-content\/uploads\/2021\/07\/igreija-santo-estevao-2.jpg\" data-elementor-open-lightbox=\"yes\" data-elementor-lightbox-slideshow=\"9df9a45\" data-elementor-lightbox-title=\"igreija santo estev\u00e3o (2)\" data-e-action-hash=\"#elementor-action%3Aaction%3Dlightbox%26settings%3DeyJpZCI6MTEyNzgsInVybCI6Imh0dHBzOlwvXC93d3cuY20tYmVuYXZlbnRlLnB0XC93cC1jb250ZW50XC91cGxvYWRzXC8yMDIxXC8wN1wvaWdyZWlqYS1zYW50by1lc3RldmFvLTIuanBnIiwic2xpZGVzaG93IjoiOWRmOWE0NSJ9\">\n\t\t\t\t\t<div class=\"e-gallery-image elementor-gallery-item__image\" data-thumbnail=\"https:\/\/www.cm-benavente.pt\/wp-content\/uploads\/2021\/07\/igreija-santo-estevao-2.jpg\" data-width=\"810\" data-height=\"1080\" aria-label=\"\" role=\"img\" ><\/div>\n\t\t\t\t\t\t\t\t\t\t\t<div class=\"elementor-gallery-item__overlay\"><\/div>\n\t\t\t\t\t\t\t\t\t\t\t\t\t\t<\/a>\n\t\t\t\t\t<\/div>\n\t\t\t\t\t<\/div>\n\t\t\t\t<\/div>\n\t\t\t\t\t<\/div>\n\t\t<\/div>\n\t\t\t\t\t<\/div>\n\t\t<\/section>\n\t\t\t\t<section class=\"elementor-section elementor-top-section elementor-element elementor-element-047c69b elementor-section-boxed elementor-section-height-default elementor-section-height-default\" data-id=\"047c69b\" data-element_type=\"section\" data-e-type=\"section\" data-settings=\"{&quot;tmea_shape_divider_top&quot;:&quot;none&quot;,&quot;tmea_shape_divider_bottom&quot;:&quot;none&quot;}\">\n\t\t\t\t\t\t<div class=\"elementor-container elementor-column-gap-default\">\n\t\t\t\t\t<div class=\"elementor-column elementor-col-100 elementor-top-column elementor-element elementor-element-9af5e94\" data-id=\"9af5e94\" data-element_type=\"column\" data-e-type=\"column\">\n\t\t\t<div class=\"elementor-widget-wrap elementor-element-populated\">\n\t\t\t\t\t\t<div class=\"elementor-element elementor-element-c3de20c elementor-widget elementor-widget-button\" data-id=\"c3de20c\" data-element_type=\"widget\" data-e-type=\"widget\" data-widget_type=\"button.default\">\n\t\t\t\t<div class=\"elementor-widget-container\">\n\t\t\t\t\t\t\t\t\t<div class=\"elementor-button-wrapper\">\n\t\t\t\t\t<a class=\"elementor-button elementor-button-link elementor-size-sm elementor-animation-grow\" href=\"http:\/\/www.jf-stoestevao.pt\" target=\"_blank\" rel=\"noopener\">\n\t\t\t\t\t\t<span class=\"elementor-button-content-wrapper\">\n\t\t\t\t\t\t<span class=\"elementor-button-icon\">\n\t\t\t\t<i aria-hidden=\"true\" class=\"tmmaterial-icon- tm-material-icon-web_asset\"><\/i>\t\t\t<\/span>\n\t\t\t\t\t\t\t\t\t<span class=\"elementor-button-text\">Junta de Freguesia de Santo Est\u00eav\u00e3o<\/span>\n\t\t\t\t\t<\/span>\n\t\t\t\t\t<\/a>\n\t\t\t\t<\/div>\n\t\t\t\t\t\t\t\t<\/div>\n\t\t\t\t<\/div>\n\t\t\t\t\t<\/div>\n\t\t<\/div>\n\t\t\t\t\t<\/div>\n\t\t<\/section>\n\t\t\t\t<\/div>\n\t\t","protected":false},"excerpt":{"rendered":"<p>HIST\u00d3RIA E IDENTIDADE Santo Est\u00eav\u00e3o Santo Estev\u00e3o, Santo Estev\u00e3o da Ribeira ou ainda, Aldeia de Santo Estev\u00e3o da Ribeira de Canha, nomes pelo quais era conhecido, define um n\u00facleo urbano cuja refer\u00eancia mais antiga data do s\u00e9culo XIV. Integrado, na denominada regi\u00e3o alentejana do Concelho de Benavente, a charneca, localiza-se na margem direita do Rio [&hellip;]<\/p>\n","protected":false},"author":6,"featured_media":0,"parent":2148,"menu_order":0,"comment_status":"closed","ping_status":"closed","template":"","meta":{"_vp_format_video_url":"","_vp_image_focal_point":[],"footnotes":""},"class_list":["post-6449","page","type-page","status-publish","hentry"],"_links":{"self":[{"href":"https:\/\/www.cm-benavente.pt\/index.php\/wp-json\/wp\/v2\/pages\/6449","targetHints":{"allow":["GET"]}}],"collection":[{"href":"https:\/\/www.cm-benavente.pt\/index.php\/wp-json\/wp\/v2\/pages"}],"about":[{"href":"https:\/\/www.cm-benavente.pt\/index.php\/wp-json\/wp\/v2\/types\/page"}],"author":[{"embeddable":true,"href":"https:\/\/www.cm-benavente.pt\/index.php\/wp-json\/wp\/v2\/users\/6"}],"replies":[{"embeddable":true,"href":"https:\/\/www.cm-benavente.pt\/index.php\/wp-json\/wp\/v2\/comments?post=6449"}],"version-history":[{"count":3,"href":"https:\/\/www.cm-benavente.pt\/index.php\/wp-json\/wp\/v2\/pages\/6449\/revisions"}],"predecessor-version":[{"id":47324,"href":"https:\/\/www.cm-benavente.pt\/index.php\/wp-json\/wp\/v2\/pages\/6449\/revisions\/47324"}],"up":[{"embeddable":true,"href":"https:\/\/www.cm-benavente.pt\/index.php\/wp-json\/wp\/v2\/pages\/2148"}],"wp:attachment":[{"href":"https:\/\/www.cm-benavente.pt\/index.php\/wp-json\/wp\/v2\/media?parent=6449"}],"curies":[{"name":"wp","href":"https:\/\/api.w.org\/{rel}","templated":true}]}}