{"id":48651,"date":"2023-08-03T09:27:38","date_gmt":"2023-08-03T09:27:38","guid":{"rendered":"https:\/\/www.cm-benavente.pt\/?page_id=48651"},"modified":"2024-10-25T11:14:42","modified_gmt":"2024-10-25T11:14:42","slug":"apoios-sociais-na-educacao","status":"publish","type":"page","link":"https:\/\/www.cm-benavente.pt\/index.php\/viver\/acao-social\/apoios-sociais-na-educacao\/","title":{"rendered":"Apoios Sociais na Educa\u00e7\u00e3o"},"content":{"rendered":"\t\t<div data-elementor-type=\"wp-page\" data-elementor-id=\"48651\" class=\"elementor elementor-48651\" data-elementor-post-type=\"page\">\n\t\t\t\t\t\t<section class=\"elementor-section elementor-top-section elementor-element elementor-element-207a4d3 elementor-section-boxed elementor-section-height-default elementor-section-height-default\" data-id=\"207a4d3\" data-element_type=\"section\" data-e-type=\"section\" data-settings=\"{&quot;tmea_shape_divider_top&quot;:&quot;none&quot;,&quot;tmea_shape_divider_bottom&quot;:&quot;none&quot;}\">\n\t\t\t\t\t\t<div class=\"elementor-container elementor-column-gap-default\">\n\t\t\t\t\t<div class=\"elementor-column elementor-col-100 elementor-top-column elementor-element elementor-element-67be6ac\" data-id=\"67be6ac\" data-element_type=\"column\" data-e-type=\"column\">\n\t\t\t<div class=\"elementor-widget-wrap\">\n\t\t\t\t\t\t\t<\/div>\n\t\t<\/div>\n\t\t\t\t\t<\/div>\n\t\t<\/section>\n\t\t\t\t<section class=\"elementor-section elementor-top-section elementor-element elementor-element-f4866c2 elementor-section-height-min-height elementor-section-boxed elementor-section-height-default elementor-section-items-middle\" data-id=\"f4866c2\" data-element_type=\"section\" data-e-type=\"section\" data-settings=\"{&quot;background_background&quot;:&quot;slideshow&quot;,&quot;background_slideshow_ken_burns&quot;:&quot;yes&quot;,&quot;background_slideshow_gallery&quot;:[{&quot;id&quot;:48654,&quot;url&quot;:&quot;https:\\\/\\\/www.cm-benavente.pt\\\/wp-content\\\/uploads\\\/2023\\\/08\\\/acao-social-educacao-jpg.webp&quot;}],&quot;tmea_shape_divider_top&quot;:&quot;none&quot;,&quot;tmea_shape_divider_bottom&quot;:&quot;none&quot;,&quot;background_slideshow_loop&quot;:&quot;yes&quot;,&quot;background_slideshow_slide_duration&quot;:5000,&quot;background_slideshow_slide_transition&quot;:&quot;fade&quot;,&quot;background_slideshow_transition_duration&quot;:500,&quot;background_slideshow_ken_burns_zoom_direction&quot;:&quot;in&quot;}\">\n\t\t\t\t\t\t\t<div class=\"elementor-background-overlay\"><\/div>\n\t\t\t\t\t\t\t<div class=\"elementor-container elementor-column-gap-default\">\n\t\t\t\t\t<div class=\"elementor-column elementor-col-100 elementor-top-column elementor-element elementor-element-b495231 elementor-invisible\" data-id=\"b495231\" data-element_type=\"column\" data-e-type=\"column\" data-settings=\"{&quot;animation&quot;:&quot;fadeIn&quot;}\">\n\t\t\t<div class=\"elementor-widget-wrap elementor-element-populated\">\n\t\t\t\t\t\t<div class=\"elementor-element elementor-element-08bfe49 elementor-widget elementor-widget-heading\" data-id=\"08bfe49\" data-element_type=\"widget\" data-e-type=\"widget\" data-widget_type=\"heading.default\">\n\t\t\t\t<div class=\"elementor-widget-container\">\n\t\t\t\t\t<h2 class=\"elementor-heading-title elementor-size-default\">A\u00c7\u00c3O SOCIAL<\/h2>\t\t\t\t<\/div>\n\t\t\t\t<\/div>\n\t\t\t\t<div class=\"elementor-element elementor-element-d67122d elementor-widget elementor-widget-heading\" data-id=\"d67122d\" data-element_type=\"widget\" data-e-type=\"widget\" data-widget_type=\"heading.default\">\n\t\t\t\t<div class=\"elementor-widget-container\">\n\t\t\t\t\t<h2 class=\"elementor-heading-title elementor-size-default\">Apoios Sociais na Educa\u00e7\u00e3o<\/h2>\t\t\t\t<\/div>\n\t\t\t\t<\/div>\n\t\t\t\t<div class=\"elementor-element elementor-element-41f6650 elementor-widget__width-initial elementor-widget elementor-widget-image\" data-id=\"41f6650\" data-element_type=\"widget\" data-e-type=\"widget\" data-widget_type=\"image.default\">\n\t\t\t\t<div class=\"elementor-widget-container\">\n\t\t\t\t\t\t\t\t\t\t\t\t\t\t\t<img decoding=\"async\" width=\"150\" height=\"150\" src=\"https:\/\/www.cm-benavente.pt\/wp-content\/uploads\/2023\/08\/ods-1-150x150.webp\" class=\"attachment-thumbnail size-thumbnail wp-image-48590\" alt=\"\" srcset=\"https:\/\/www.cm-benavente.pt\/wp-content\/uploads\/2023\/08\/ods-1-150x150.webp 150w, https:\/\/www.cm-benavente.pt\/wp-content\/uploads\/2023\/08\/ods-1-300x300.webp 300w, https:\/\/www.cm-benavente.pt\/wp-content\/uploads\/2023\/08\/ods-1-jpg.webp 482w\" sizes=\"(max-width: 150px) 100vw, 150px\" \/>\t\t\t\t\t\t\t\t\t\t\t\t\t\t\t<\/div>\n\t\t\t\t<\/div>\n\t\t\t\t<div class=\"elementor-element elementor-element-39adbed elementor-widget__width-initial elementor-widget elementor-widget-image\" data-id=\"39adbed\" data-element_type=\"widget\" data-e-type=\"widget\" data-widget_type=\"image.default\">\n\t\t\t\t<div class=\"elementor-widget-container\">\n\t\t\t\t\t\t\t\t\t\t\t\t\t\t\t<img decoding=\"async\" width=\"150\" height=\"150\" src=\"https:\/\/www.cm-benavente.pt\/wp-content\/uploads\/2023\/08\/ods-4-150x150.webp\" class=\"attachment-thumbnail size-thumbnail wp-image-48592\" alt=\"\" srcset=\"https:\/\/www.cm-benavente.pt\/wp-content\/uploads\/2023\/08\/ods-4-150x150.webp 150w, https:\/\/www.cm-benavente.pt\/wp-content\/uploads\/2023\/08\/ods-4-300x300.webp 300w, https:\/\/www.cm-benavente.pt\/wp-content\/uploads\/2023\/08\/ods-4-jpg.webp 483w\" sizes=\"(max-width: 150px) 100vw, 150px\" \/>\t\t\t\t\t\t\t\t\t\t\t\t\t\t\t<\/div>\n\t\t\t\t<\/div>\n\t\t\t\t<div class=\"elementor-element elementor-element-80bf3e8 elementor-widget__width-initial elementor-widget elementor-widget-image\" data-id=\"80bf3e8\" data-element_type=\"widget\" data-e-type=\"widget\" data-widget_type=\"image.default\">\n\t\t\t\t<div class=\"elementor-widget-container\">\n\t\t\t\t\t\t\t\t\t\t\t\t\t\t\t<img decoding=\"async\" width=\"150\" height=\"150\" src=\"https:\/\/www.cm-benavente.pt\/wp-content\/uploads\/2023\/08\/ods-10-150x150.webp\" class=\"attachment-thumbnail size-thumbnail wp-image-48593\" alt=\"\" srcset=\"https:\/\/www.cm-benavente.pt\/wp-content\/uploads\/2023\/08\/ods-10-150x150.webp 150w, https:\/\/www.cm-benavente.pt\/wp-content\/uploads\/2023\/08\/ods-10-300x300.webp 300w, https:\/\/www.cm-benavente.pt\/wp-content\/uploads\/2023\/08\/ods-10-jpg.webp 482w\" sizes=\"(max-width: 150px) 100vw, 150px\" \/>\t\t\t\t\t\t\t\t\t\t\t\t\t\t\t<\/div>\n\t\t\t\t<\/div>\n\t\t\t\t\t<\/div>\n\t\t<\/div>\n\t\t\t\t\t<\/div>\n\t\t<\/section>\n\t\t\t\t<section class=\"elementor-section elementor-top-section elementor-element elementor-element-f63a5d4 elementor-section-boxed elementor-section-height-default elementor-section-height-default\" data-id=\"f63a5d4\" data-element_type=\"section\" data-e-type=\"section\" data-settings=\"{&quot;tmea_shape_divider_top&quot;:&quot;none&quot;,&quot;tmea_shape_divider_bottom&quot;:&quot;none&quot;}\">\n\t\t\t\t\t\t<div class=\"elementor-container elementor-column-gap-default\">\n\t\t\t\t\t<div class=\"elementor-column elementor-col-100 elementor-top-column elementor-element elementor-element-dbf74ac\" data-id=\"dbf74ac\" data-element_type=\"column\" data-e-type=\"column\">\n\t\t\t<div class=\"elementor-widget-wrap elementor-element-populated\">\n\t\t\t\t\t\t<div class=\"elementor-element elementor-element-730d6f9 elementor-widget elementor-widget-heading\" data-id=\"730d6f9\" data-element_type=\"widget\" data-e-type=\"widget\" data-widget_type=\"heading.default\">\n\t\t\t\t<div class=\"elementor-widget-container\">\n\t\t\t\t\t<h2 class=\"elementor-heading-title elementor-size-default\">Atribui\u00e7\u00e3o\/ Altera\u00e7\u00e3o de Escal\u00e3o<\/h2>\t\t\t\t<\/div>\n\t\t\t\t<\/div>\n\t\t\n\t\t<div class=\"elementor-element elementor-element-9f28a0e elementor-widget elementor-widget-text-editor\" data-id=\"9f28a0e\" data-element_type=\"widget\" data-e-type=\"widget\" data-widget_type=\"text-editor.default\">\n\t\t\t\t<div class=\"elementor-widget-container\">\n\t\t\t\t\t\t\t\t\t<p>Comparticipa\u00e7\u00e3o na a\u00e7\u00e3o social escolar, na atribui\u00e7\u00e3o ou altera\u00e7\u00e3o de escal\u00e3o, a alunos que frequentem o ensino pr\u00e9-escolar ou 1.\u00ba ciclo de escolaridade, esgotadas as possibilidades de atribui\u00e7\u00e3o ao abrigo da legisla\u00e7\u00e3o em vigor (Escal\u00e3o atribu\u00eddo pela Seguran\u00e7a Social).<\/p>\t\t\t\t\t\t\t\t<\/div>\n\t\t\t\t<\/div>\n\t\t\t\t\t<\/div>\n\t\t<\/div>\n\t\t\t\t\t<\/div>\n\t\t<\/section>\n\t\t\t\t<section class=\"elementor-section elementor-top-section elementor-element elementor-element-c15706f elementor-section-boxed elementor-section-height-default elementor-section-height-default\" data-id=\"c15706f\" data-element_type=\"section\" data-e-type=\"section\" data-settings=\"{&quot;background_background&quot;:&quot;classic&quot;,&quot;tmea_shape_divider_top&quot;:&quot;none&quot;,&quot;tmea_shape_divider_bottom&quot;:&quot;none&quot;}\">\n\t\t\t\t\t\t<div class=\"elementor-container elementor-column-gap-default\">\n\t\t\t\t\t<div class=\"elementor-column elementor-col-100 elementor-top-column elementor-element elementor-element-9350806\" data-id=\"9350806\" data-element_type=\"column\" data-e-type=\"column\">\n\t\t\t<div class=\"elementor-widget-wrap elementor-element-populated\">\n\t\t\t\t\t\t<div class=\"elementor-element elementor-element-d3923c7 elementor-widget elementor-widget-heading\" data-id=\"d3923c7\" data-element_type=\"widget\" data-e-type=\"widget\" data-widget_type=\"heading.default\">\n\t\t\t\t<div class=\"elementor-widget-container\">\n\t\t\t\t\t<h2 class=\"elementor-heading-title elementor-size-default\">Bolsas de Estudo<\/h2>\t\t\t\t<\/div>\n\t\t\t\t<\/div>\n\t\t\t\t<div class=\"elementor-element elementor-element-24ea80d elementor-widget elementor-widget-text-editor\" data-id=\"24ea80d\" data-element_type=\"widget\" data-e-type=\"widget\" data-widget_type=\"text-editor.default\">\n\t\t\t\t<div class=\"elementor-widget-container\">\n\t\t\t\t\t\t\t\t\t<p>A Autarquia atribui<strong>\u00a0<\/strong>Bolsas de Estudo, m\u00e9rito e regular,<strong>\u00a0<\/strong>aos alunos residentes no Concelho de Benavente que frequentam cursos de Ensino Superior (conferindo o grau de licenciatura ou mestrado) em estabelecimentos p\u00fablicos ou privados.<\/p><p>As Bolsas de Estudo s\u00e3o uma presta\u00e7\u00e3o pecuni\u00e1ria atribu\u00edda, anualmente, a fundo perdido e destinam-se a apoiar e incentivar os alunos no prosseguimento dos estudos desde que obtenham aproveitamento escolar.<\/p><p>S\u00e3o atribu\u00eddas anualmente <strong>10 bolsas de estudo m\u00e9rito<\/strong>, destinadas a estudantes que tenham demonstrado um aproveitamento escolar excecional e <strong>60 bolsas de estudo regular<\/strong>, sempre que o agregado familiar em que o estudante se integra n\u00e3o disponha de um n\u00edvel m\u00ednimo adequado de recursos financeiros, podendo este apoio ter caracter de complementaridade em rela\u00e7\u00e3o a outras bolsas.<\/p>\t\t\t\t\t\t\t\t<\/div>\n\t\t\t\t<\/div>\n\t\t\t\t<section class=\"elementor-section elementor-inner-section elementor-element elementor-element-ac36aeb elementor-section-boxed elementor-section-height-default elementor-section-height-default\" data-id=\"ac36aeb\" data-element_type=\"section\" data-e-type=\"section\" data-settings=\"{&quot;tmea_shape_divider_top&quot;:&quot;none&quot;,&quot;tmea_shape_divider_bottom&quot;:&quot;none&quot;}\">\n\t\t\t\t\t\t<div class=\"elementor-container elementor-column-gap-default\">\n\t\t\t\t\t<div class=\"elementor-column elementor-col-50 elementor-inner-column elementor-element elementor-element-d1b324b\" data-id=\"d1b324b\" data-element_type=\"column\" data-e-type=\"column\">\n\t\t\t<div class=\"elementor-widget-wrap elementor-element-populated\">\n\t\t\t\t\t\t<div class=\"elementor-element elementor-element-8fa5cbe elementor-align-justify elementor-widget elementor-widget-button\" data-id=\"8fa5cbe\" data-element_type=\"widget\" data-e-type=\"widget\" data-widget_type=\"button.default\">\n\t\t\t\t<div class=\"elementor-widget-container\">\n\t\t\t\t\t\t\t\t\t<div class=\"elementor-button-wrapper\">\n\t\t\t\t\t<a class=\"elementor-button elementor-button-link elementor-size-sm elementor-animation-grow\" href=\"https:\/\/www.cm-benavente.pt\/index.php\/municipio\/regulamentos\/\">\n\t\t\t\t\t\t<span class=\"elementor-button-content-wrapper\">\n\t\t\t\t\t\t\t\t\t<span class=\"elementor-button-text\">Regulamentos<\/span>\n\t\t\t\t\t<\/span>\n\t\t\t\t\t<\/a>\n\t\t\t\t<\/div>\n\t\t\t\t\t\t\t\t<\/div>\n\t\t\t\t<\/div>\n\t\t\t\t\t<\/div>\n\t\t<\/div>\n\t\t\t\t<div class=\"elementor-column elementor-col-50 elementor-inner-column elementor-element elementor-element-43a75c2\" data-id=\"43a75c2\" data-element_type=\"column\" data-e-type=\"column\">\n\t\t\t<div class=\"elementor-widget-wrap elementor-element-populated\">\n\t\t\t\t\t\t<div class=\"elementor-element elementor-element-00f18d9 elementor-align-justify elementor-widget elementor-widget-button\" data-id=\"00f18d9\" data-element_type=\"widget\" data-e-type=\"widget\" data-widget_type=\"button.default\">\n\t\t\t\t<div class=\"elementor-widget-container\">\n\t\t\t\t\t\t\t\t\t<div class=\"elementor-button-wrapper\">\n\t\t\t\t\t<a class=\"elementor-button elementor-button-link elementor-size-sm elementor-animation-grow\" href=\"https:\/\/www.cm-benavente.pt\/wp-content\/uploads\/2024\/10\/Formulario-de-Candidatura.pdf\" target=\"_blank\">\n\t\t\t\t\t\t<span class=\"elementor-button-content-wrapper\">\n\t\t\t\t\t\t\t\t\t<span class=\"elementor-button-text\">Requerimento - Bolsa de Estudo<\/span>\n\t\t\t\t\t<\/span>\n\t\t\t\t\t<\/a>\n\t\t\t\t<\/div>\n\t\t\t\t\t\t\t\t<\/div>\n\t\t\t\t<\/div>\n\t\t\t\t\t<\/div>\n\t\t<\/div>\n\t\t\t\t\t<\/div>\n\t\t<\/section>\n\t\t\t\t\t<\/div>\n\t\t<\/div>\n\t\t\t\t\t<\/div>\n\t\t<\/section>\n\t\t\t\t<\/div>\n\t\t","protected":false},"excerpt":{"rendered":"<p>A\u00c7\u00c3O SOCIAL Apoios Sociais na Educa\u00e7\u00e3o Atribui\u00e7\u00e3o\/ Altera\u00e7\u00e3o de Escal\u00e3o Comparticipa\u00e7\u00e3o na a\u00e7\u00e3o social escolar, na atribui\u00e7\u00e3o ou altera\u00e7\u00e3o de escal\u00e3o, a alunos que frequentem o ensino pr\u00e9-escolar ou 1.\u00ba ciclo de escolaridade, esgotadas as possibilidades de atribui\u00e7\u00e3o ao abrigo da legisla\u00e7\u00e3o em vigor (Escal\u00e3o atribu\u00eddo pela Seguran\u00e7a Social). Bolsas de Estudo A Autarquia atribui\u00a0Bolsas [&hellip;]<\/p>\n","protected":false},"author":3,"featured_media":0,"parent":36745,"menu_order":0,"comment_status":"closed","ping_status":"closed","template":"","meta":{"_vp_format_video_url":"","_vp_image_focal_point":[],"footnotes":""},"class_list":["post-48651","page","type-page","status-publish","hentry"],"_links":{"self":[{"href":"https:\/\/www.cm-benavente.pt\/index.php\/wp-json\/wp\/v2\/pages\/48651","targetHints":{"allow":["GET"]}}],"collection":[{"href":"https:\/\/www.cm-benavente.pt\/index.php\/wp-json\/wp\/v2\/pages"}],"about":[{"href":"https:\/\/www.cm-benavente.pt\/index.php\/wp-json\/wp\/v2\/types\/page"}],"author":[{"embeddable":true,"href":"https:\/\/www.cm-benavente.pt\/index.php\/wp-json\/wp\/v2\/users\/3"}],"replies":[{"embeddable":true,"href":"https:\/\/www.cm-benavente.pt\/index.php\/wp-json\/wp\/v2\/comments?post=48651"}],"version-history":[{"count":22,"href":"https:\/\/www.cm-benavente.pt\/index.php\/wp-json\/wp\/v2\/pages\/48651\/revisions"}],"predecessor-version":[{"id":60610,"href":"https:\/\/www.cm-benavente.pt\/index.php\/wp-json\/wp\/v2\/pages\/48651\/revisions\/60610"}],"up":[{"embeddable":true,"href":"https:\/\/www.cm-benavente.pt\/index.php\/wp-json\/wp\/v2\/pages\/36745"}],"wp:attachment":[{"href":"https:\/\/www.cm-benavente.pt\/index.php\/wp-json\/wp\/v2\/media?parent=48651"}],"curies":[{"name":"wp","href":"https:\/\/api.w.org\/{rel}","templated":true}]}}