{"id":45625,"date":"2023-04-17T13:36:32","date_gmt":"2023-04-17T13:36:32","guid":{"rendered":"https:\/\/www.cm-benavente.pt\/?page_id=45625"},"modified":"2023-04-20T11:33:49","modified_gmt":"2023-04-20T11:33:49","slug":"qren","status":"publish","type":"page","link":"https:\/\/www.cm-benavente.pt\/index.php\/municipio\/projetos-cofinanciados\/qren\/","title":{"rendered":"QREN"},"content":{"rendered":"\t\t<div data-elementor-type=\"wp-page\" data-elementor-id=\"45625\" class=\"elementor elementor-45625\" data-elementor-post-type=\"page\">\n\t\t\t\t\t\t<section class=\"elementor-section elementor-top-section elementor-element elementor-element-74161cf elementor-section-boxed elementor-section-height-default elementor-section-height-default\" data-id=\"74161cf\" data-element_type=\"section\" data-e-type=\"section\" data-settings=\"{&quot;tmea_shape_divider_top&quot;:&quot;none&quot;,&quot;tmea_shape_divider_bottom&quot;:&quot;none&quot;}\">\n\t\t\t\t\t\t<div class=\"elementor-container elementor-column-gap-default\">\n\t\t\t\t\t<div class=\"elementor-column elementor-col-100 elementor-top-column elementor-element elementor-element-8043b2d\" data-id=\"8043b2d\" data-element_type=\"column\" data-e-type=\"column\">\n\t\t\t<div class=\"elementor-widget-wrap\">\n\t\t\t\t\t\t\t<\/div>\n\t\t<\/div>\n\t\t\t\t\t<\/div>\n\t\t<\/section>\n\t\t\t\t<section class=\"elementor-section elementor-top-section elementor-element elementor-element-0ece58d elementor-section-height-min-height elementor-section-boxed elementor-section-height-default elementor-section-items-middle\" data-id=\"0ece58d\" data-element_type=\"section\" data-e-type=\"section\" data-settings=\"{&quot;background_background&quot;:&quot;slideshow&quot;,&quot;background_slideshow_ken_burns&quot;:&quot;yes&quot;,&quot;tmea_shape_divider_top&quot;:&quot;none&quot;,&quot;tmea_shape_divider_bottom&quot;:&quot;none&quot;,&quot;background_slideshow_gallery&quot;:[],&quot;background_slideshow_loop&quot;:&quot;yes&quot;,&quot;background_slideshow_slide_duration&quot;:5000,&quot;background_slideshow_slide_transition&quot;:&quot;fade&quot;,&quot;background_slideshow_transition_duration&quot;:500,&quot;background_slideshow_ken_burns_zoom_direction&quot;:&quot;in&quot;}\">\n\t\t\t\t\t\t\t<div class=\"elementor-background-overlay\"><\/div>\n\t\t\t\t\t\t\t<div class=\"elementor-container elementor-column-gap-default\">\n\t\t\t\t\t<div class=\"elementor-column elementor-col-100 elementor-top-column elementor-element elementor-element-a6e1a2c elementor-invisible\" data-id=\"a6e1a2c\" data-element_type=\"column\" data-e-type=\"column\" data-settings=\"{&quot;animation&quot;:&quot;fadeIn&quot;}\">\n\t\t\t<div class=\"elementor-widget-wrap elementor-element-populated\">\n\t\t\t\t\t\t<div class=\"elementor-element elementor-element-7791e5b elementor-widget elementor-widget-heading\" data-id=\"7791e5b\" data-element_type=\"widget\" data-e-type=\"widget\" data-widget_type=\"heading.default\">\n\t\t\t\t<div class=\"elementor-widget-container\">\n\t\t\t\t\t<h2 class=\"elementor-heading-title elementor-size-default\">PROJETOS COFINANCIADOS<\/h2>\t\t\t\t<\/div>\n\t\t\t\t<\/div>\n\t\t\t\t<div class=\"elementor-element elementor-element-ae03aef elementor-widget elementor-widget-heading\" data-id=\"ae03aef\" data-element_type=\"widget\" data-e-type=\"widget\" data-widget_type=\"heading.default\">\n\t\t\t\t<div class=\"elementor-widget-container\">\n\t\t\t\t\t<h2 class=\"elementor-heading-title elementor-size-default\">QREN<\/h2>\t\t\t\t<\/div>\n\t\t\t\t<\/div>\n\t\t\t\t\t<\/div>\n\t\t<\/div>\n\t\t\t\t\t<\/div>\n\t\t<\/section>\n\t\t\t\t<section class=\"elementor-section elementor-top-section elementor-element elementor-element-85c2fad elementor-section-boxed elementor-section-height-default elementor-section-height-default\" data-id=\"85c2fad\" data-element_type=\"section\" data-e-type=\"section\" data-settings=\"{&quot;tmea_shape_divider_top&quot;:&quot;none&quot;,&quot;tmea_shape_divider_bottom&quot;:&quot;none&quot;}\">\n\t\t\t\t\t\t<div class=\"elementor-container elementor-column-gap-extended\">\n\t\t\t\t\t<div class=\"elementor-column elementor-col-33 elementor-top-column elementor-element elementor-element-50de01b\" data-id=\"50de01b\" data-element_type=\"column\" data-e-type=\"column\" data-settings=\"{&quot;background_background&quot;:&quot;slideshow&quot;,&quot;background_slideshow_gallery&quot;:[],&quot;background_slideshow_loop&quot;:&quot;yes&quot;,&quot;background_slideshow_slide_duration&quot;:5000,&quot;background_slideshow_slide_transition&quot;:&quot;fade&quot;,&quot;background_slideshow_transition_duration&quot;:500}\">\n\t\t\t<div class=\"elementor-widget-wrap elementor-element-populated\">\n\t\t\t\t\t\t<div class=\"elementor-element elementor-element-87ca35a elementor-widget elementor-widget-image\" data-id=\"87ca35a\" data-element_type=\"widget\" data-e-type=\"widget\" data-widget_type=\"image.default\">\n\t\t\t\t<div class=\"elementor-widget-container\">\n\t\t\t\t\t\t\t\t\t\t\t\t\t\t\t<img fetchpriority=\"high\" decoding=\"async\" width=\"612\" height=\"407\" src=\"https:\/\/www.cm-benavente.pt\/wp-content\/uploads\/2021\/08\/centro-escolar-bnv.jpg\" class=\"attachment-full size-full wp-image-19872\" alt=\"\" srcset=\"https:\/\/www.cm-benavente.pt\/wp-content\/uploads\/2021\/08\/centro-escolar-bnv.jpg 612w, https:\/\/www.cm-benavente.pt\/wp-content\/uploads\/2021\/08\/centro-escolar-bnv-300x200.jpg 300w, https:\/\/www.cm-benavente.pt\/wp-content\/uploads\/2021\/08\/centro-escolar-bnv-391x260.jpg 391w\" sizes=\"(max-width: 612px) 100vw, 612px\" \/>\t\t\t\t\t\t\t\t\t\t\t\t\t\t\t<\/div>\n\t\t\t\t<\/div>\n\t\t\t\t\t<\/div>\n\t\t<\/div>\n\t\t\t\t<div class=\"elementor-column elementor-col-66 elementor-top-column elementor-element elementor-element-985db93\" data-id=\"985db93\" data-element_type=\"column\" data-e-type=\"column\">\n\t\t\t<div class=\"elementor-widget-wrap elementor-element-populated\">\n\t\t\t\t\t\t<div class=\"elementor-element elementor-element-fe5bf67 elementor-widget elementor-widget-heading\" data-id=\"fe5bf67\" data-element_type=\"widget\" data-e-type=\"widget\" data-widget_type=\"heading.default\">\n\t\t\t\t<div class=\"elementor-widget-container\">\n\t\t\t\t\t<h3 class=\"elementor-heading-title elementor-size-default\">Constru\u00e7\u00e3o do Centro Escolar de Benavente<\/h3>\t\t\t\t<\/div>\n\t\t\t\t<\/div>\n\t\t\n\t\t<div class=\"elementor-element elementor-element-c566d54 elementor-widget elementor-widget-text-editor\" data-id=\"c566d54\" data-element_type=\"widget\" data-e-type=\"widget\" data-widget_type=\"text-editor.default\">\n\t\t\t\t<div class=\"elementor-widget-container\">\n\t\t\t\t\t\t\t\t\t<p><b>Valor total do investimento:<\/b><br \/>1.583.694,59\u20ac<br \/><b>Comparticipa\u00e7\u00e3o FEDER:<\/b><br \/>1.264.420,93\u20ac<br \/><b>Munic\u00edpio de Benavente<\/b><br \/>319.273,66\u20ac<\/p><p><b>Eixo 9 \u2013 Coes\u00e3o Local e Urbana<\/b><\/p><p><b>Regulamento Espec\u00edfico \u2013 Requalifica\u00e7\u00e3o da Rede Escolar de 1.\u00ba Ciclo do Ensino B\u00e1sico e da Educa\u00e7\u00e3o Pr\u00e9-Escolar<\/b><\/p>\t\t\t\t\t\t\t\t<\/div>\n\t\t\t\t<\/div>\n\t\t\t\t\t<\/div>\n\t\t<\/div>\n\t\t\t\t\t<\/div>\n\t\t<\/section>\n\t\t\t\t<section class=\"elementor-section elementor-top-section elementor-element elementor-element-8895aca elementor-section-boxed elementor-section-height-default elementor-section-height-default\" data-id=\"8895aca\" data-element_type=\"section\" data-e-type=\"section\" data-settings=\"{&quot;background_background&quot;:&quot;classic&quot;,&quot;tmea_shape_divider_top&quot;:&quot;none&quot;,&quot;tmea_shape_divider_bottom&quot;:&quot;none&quot;}\">\n\t\t\t\t\t\t<div class=\"elementor-container elementor-column-gap-extended\">\n\t\t\t\t\t<div class=\"elementor-column elementor-col-33 elementor-top-column elementor-element elementor-element-00cd860\" data-id=\"00cd860\" data-element_type=\"column\" data-e-type=\"column\" data-settings=\"{&quot;background_background&quot;:&quot;slideshow&quot;,&quot;background_slideshow_gallery&quot;:[],&quot;background_slideshow_loop&quot;:&quot;yes&quot;,&quot;background_slideshow_slide_duration&quot;:5000,&quot;background_slideshow_slide_transition&quot;:&quot;fade&quot;,&quot;background_slideshow_transition_duration&quot;:500}\">\n\t\t\t<div class=\"elementor-widget-wrap elementor-element-populated\">\n\t\t\t\t\t\t<div class=\"elementor-element elementor-element-2bf7bc8 elementor-widget elementor-widget-image\" data-id=\"2bf7bc8\" data-element_type=\"widget\" data-e-type=\"widget\" data-widget_type=\"image.default\">\n\t\t\t\t<div class=\"elementor-widget-container\">\n\t\t\t\t\t\t\t\t\t\t\t\t\t\t\t<img decoding=\"async\" width=\"612\" height=\"407\" src=\"https:\/\/www.cm-benavente.pt\/wp-content\/uploads\/2021\/08\/centro-escolar-samora.jpg\" class=\"attachment-full size-full wp-image-19873\" alt=\"\" srcset=\"https:\/\/www.cm-benavente.pt\/wp-content\/uploads\/2021\/08\/centro-escolar-samora.jpg 612w, https:\/\/www.cm-benavente.pt\/wp-content\/uploads\/2021\/08\/centro-escolar-samora-300x200.jpg 300w, https:\/\/www.cm-benavente.pt\/wp-content\/uploads\/2021\/08\/centro-escolar-samora-391x260.jpg 391w\" sizes=\"(max-width: 612px) 100vw, 612px\" \/>\t\t\t\t\t\t\t\t\t\t\t\t\t\t\t<\/div>\n\t\t\t\t<\/div>\n\t\t\t\t\t<\/div>\n\t\t<\/div>\n\t\t\t\t<div class=\"elementor-column elementor-col-66 elementor-top-column elementor-element elementor-element-d426f0b\" data-id=\"d426f0b\" data-element_type=\"column\" data-e-type=\"column\">\n\t\t\t<div class=\"elementor-widget-wrap elementor-element-populated\">\n\t\t\t\t\t\t<div class=\"elementor-element elementor-element-1453358 elementor-widget elementor-widget-heading\" data-id=\"1453358\" data-element_type=\"widget\" data-e-type=\"widget\" data-widget_type=\"heading.default\">\n\t\t\t\t<div class=\"elementor-widget-container\">\n\t\t\t\t\t<h3 class=\"elementor-heading-title elementor-size-default\">Constru\u00e7\u00e3o do Centro Escolar de Samora Correia<\/h3>\t\t\t\t<\/div>\n\t\t\t\t<\/div>\n\t\t\t\t<div class=\"elementor-element elementor-element-70e3356 elementor-widget elementor-widget-text-editor\" data-id=\"70e3356\" data-element_type=\"widget\" data-e-type=\"widget\" data-widget_type=\"text-editor.default\">\n\t\t\t\t<div class=\"elementor-widget-container\">\n\t\t\t\t\t\t\t\t\t<p><b>Valor total do investimento:<\/b><br \/>1.734.986,93\u20ac<br \/><b>Comparticipa\u00e7\u00e3o FEDER:<\/b><br \/>1.393.665,53\u20ac<br \/><b>Munic\u00edpio de Benavente<\/b><br \/>341.321,41\u20ac<\/p><p><b>Eixo 9 \u2013 Coes\u00e3o Local e Urbana<\/b><\/p><p><b>Regulamento Espec\u00edfico \u2013 Requalifica\u00e7\u00e3o da Rede Escolar de 1.\u00ba Ciclo do Ensino B\u00e1sico e da Educa\u00e7\u00e3o Pr\u00e9-Escolar<\/b><\/p>\t\t\t\t\t\t\t\t<\/div>\n\t\t\t\t<\/div>\n\t\t\t\t\t<\/div>\n\t\t<\/div>\n\t\t\t\t\t<\/div>\n\t\t<\/section>\n\t\t\t\t<section class=\"elementor-section elementor-top-section elementor-element elementor-element-b1d761d elementor-section-boxed elementor-section-height-default elementor-section-height-default\" data-id=\"b1d761d\" data-element_type=\"section\" data-e-type=\"section\" data-settings=\"{&quot;tmea_shape_divider_top&quot;:&quot;none&quot;,&quot;tmea_shape_divider_bottom&quot;:&quot;none&quot;}\">\n\t\t\t\t\t\t<div class=\"elementor-container elementor-column-gap-extended\">\n\t\t\t\t\t<div class=\"elementor-column elementor-col-33 elementor-top-column elementor-element elementor-element-63be55d\" data-id=\"63be55d\" data-element_type=\"column\" data-e-type=\"column\" data-settings=\"{&quot;background_background&quot;:&quot;slideshow&quot;,&quot;background_slideshow_gallery&quot;:[],&quot;background_slideshow_loop&quot;:&quot;yes&quot;,&quot;background_slideshow_slide_duration&quot;:5000,&quot;background_slideshow_slide_transition&quot;:&quot;fade&quot;,&quot;background_slideshow_transition_duration&quot;:500}\">\n\t\t\t<div class=\"elementor-widget-wrap elementor-element-populated\">\n\t\t\t\t\t\t<div class=\"elementor-element elementor-element-5fbeb0d elementor-widget elementor-widget-image\" data-id=\"5fbeb0d\" data-element_type=\"widget\" data-e-type=\"widget\" data-widget_type=\"image.default\">\n\t\t\t\t<div class=\"elementor-widget-container\">\n\t\t\t\t\t\t\t\t\t\t\t\t\t\t\t<img decoding=\"async\" width=\"350\" height=\"239\" src=\"https:\/\/www.cm-benavente.pt\/wp-content\/uploads\/2021\/08\/centro-portoalto.jpg\" class=\"attachment-full size-full wp-image-19874\" alt=\"\" srcset=\"https:\/\/www.cm-benavente.pt\/wp-content\/uploads\/2021\/08\/centro-portoalto.jpg 350w, https:\/\/www.cm-benavente.pt\/wp-content\/uploads\/2021\/08\/centro-portoalto-300x205.jpg 300w\" sizes=\"(max-width: 350px) 100vw, 350px\" \/>\t\t\t\t\t\t\t\t\t\t\t\t\t\t\t<\/div>\n\t\t\t\t<\/div>\n\t\t\t\t\t<\/div>\n\t\t<\/div>\n\t\t\t\t<div class=\"elementor-column elementor-col-66 elementor-top-column elementor-element elementor-element-ed3b7a7\" data-id=\"ed3b7a7\" data-element_type=\"column\" data-e-type=\"column\">\n\t\t\t<div class=\"elementor-widget-wrap elementor-element-populated\">\n\t\t\t\t\t\t<div class=\"elementor-element elementor-element-8ddba60 elementor-widget elementor-widget-heading\" data-id=\"8ddba60\" data-element_type=\"widget\" data-e-type=\"widget\" data-widget_type=\"heading.default\">\n\t\t\t\t<div class=\"elementor-widget-container\">\n\t\t\t\t\t<h3 class=\"elementor-heading-title elementor-size-default\">Constru\u00e7\u00e3o do Centro Escolar do Porto Alto<\/h3>\t\t\t\t<\/div>\n\t\t\t\t<\/div>\n\t\t\t\t<div class=\"elementor-element elementor-element-b3a47ba elementor-widget elementor-widget-text-editor\" data-id=\"b3a47ba\" data-element_type=\"widget\" data-e-type=\"widget\" data-widget_type=\"text-editor.default\">\n\t\t\t\t<div class=\"elementor-widget-container\">\n\t\t\t\t\t\t\t\t\t<p><b>Valor total do investimento:<\/b><br \/>1.161.154,27\u20ac<br \/><b>Comparticipa\u00e7\u00e3o FEDER:<\/b><br \/>951.857,47\u20ac<br \/><b>Munic\u00edpio de Benavente<\/b><br \/>209.296,80\u20ac<\/p><p><b>Eixo 9 \u2013 Coes\u00e3o Local e Urbana<\/b><\/p><p><b>Regulamento Espec\u00edfico \u2013 Requalifica\u00e7\u00e3o da Rede Escolar de 1.\u00ba Ciclo do Ensino B\u00e1sico e da Educa\u00e7\u00e3o Pr\u00e9-Escolar<\/b><\/p>\t\t\t\t\t\t\t\t<\/div>\n\t\t\t\t<\/div>\n\t\t\t\t\t<\/div>\n\t\t<\/div>\n\t\t\t\t\t<\/div>\n\t\t<\/section>\n\t\t\t\t<section class=\"elementor-section elementor-top-section elementor-element elementor-element-8267a00 elementor-section-boxed elementor-section-height-default elementor-section-height-default\" data-id=\"8267a00\" data-element_type=\"section\" data-e-type=\"section\" data-settings=\"{&quot;background_background&quot;:&quot;classic&quot;,&quot;tmea_shape_divider_top&quot;:&quot;none&quot;,&quot;tmea_shape_divider_bottom&quot;:&quot;none&quot;}\">\n\t\t\t\t\t\t<div class=\"elementor-container elementor-column-gap-extended\">\n\t\t\t\t\t<div class=\"elementor-column elementor-col-33 elementor-top-column elementor-element elementor-element-c021114\" data-id=\"c021114\" data-element_type=\"column\" data-e-type=\"column\" data-settings=\"{&quot;background_background&quot;:&quot;slideshow&quot;,&quot;background_slideshow_gallery&quot;:[],&quot;background_slideshow_loop&quot;:&quot;yes&quot;,&quot;background_slideshow_slide_duration&quot;:5000,&quot;background_slideshow_slide_transition&quot;:&quot;fade&quot;,&quot;background_slideshow_transition_duration&quot;:500}\">\n\t\t\t<div class=\"elementor-widget-wrap elementor-element-populated\">\n\t\t\t\t\t\t<div class=\"elementor-element elementor-element-35e1ebd elementor-widget elementor-widget-image\" data-id=\"35e1ebd\" data-element_type=\"widget\" data-e-type=\"widget\" data-widget_type=\"image.default\">\n\t\t\t\t<div class=\"elementor-widget-container\">\n\t\t\t\t\t\t\t\t\t\t\t\t\t\t\t<img loading=\"lazy\" decoding=\"async\" width=\"267\" height=\"178\" src=\"https:\/\/www.cm-benavente.pt\/wp-content\/uploads\/2021\/08\/qren_quadros_interativos.jpg\" class=\"attachment-full size-full wp-image-19881\" alt=\"\" \/>\t\t\t\t\t\t\t\t\t\t\t\t\t\t\t<\/div>\n\t\t\t\t<\/div>\n\t\t\t\t\t<\/div>\n\t\t<\/div>\n\t\t\t\t<div class=\"elementor-column elementor-col-66 elementor-top-column elementor-element elementor-element-d193152\" data-id=\"d193152\" data-element_type=\"column\" data-e-type=\"column\">\n\t\t\t<div class=\"elementor-widget-wrap elementor-element-populated\">\n\t\t\t\t\t\t<div class=\"elementor-element elementor-element-6e5dcaf elementor-widget elementor-widget-heading\" data-id=\"6e5dcaf\" data-element_type=\"widget\" data-e-type=\"widget\" data-widget_type=\"heading.default\">\n\t\t\t\t<div class=\"elementor-widget-container\">\n\t\t\t\t\t<h3 class=\"elementor-heading-title elementor-size-default\">Quadros Interativos<\/h3>\t\t\t\t<\/div>\n\t\t\t\t<\/div>\n\t\t\t\t<div class=\"elementor-element elementor-element-10f9b35 elementor-widget elementor-widget-text-editor\" data-id=\"10f9b35\" data-element_type=\"widget\" data-e-type=\"widget\" data-widget_type=\"text-editor.default\">\n\t\t\t\t<div class=\"elementor-widget-container\">\n\t\t\t\t\t\t\t\t\t<p><b>Valor total do investimento:<\/b><br \/>90.877,05\u20ac<br \/><b>Comparticipa\u00e7\u00e3o FEDER:<\/b><br \/>77.039,79\u20ac<br \/><b>Munic\u00edpio de Benavente<\/b><br \/>13.837,26\u20ac<\/p><p><b>Eixo 7 \u2013 Competitividade, Inova\u00e7\u00e3o e Conhecimento<\/b><\/p><p><b>Regulamento Espec\u00edfico \u2013 Economia Digital e Sociedade do Conhecimento<\/b><\/p>\t\t\t\t\t\t\t\t<\/div>\n\t\t\t\t<\/div>\n\t\t\t\t\t<\/div>\n\t\t<\/div>\n\t\t\t\t\t<\/div>\n\t\t<\/section>\n\t\t\t\t<section class=\"elementor-section elementor-top-section elementor-element elementor-element-7680aa0 elementor-section-boxed elementor-section-height-default elementor-section-height-default\" data-id=\"7680aa0\" data-element_type=\"section\" data-e-type=\"section\" data-settings=\"{&quot;tmea_shape_divider_top&quot;:&quot;none&quot;,&quot;tmea_shape_divider_bottom&quot;:&quot;none&quot;}\">\n\t\t\t\t\t\t<div class=\"elementor-container elementor-column-gap-extended\">\n\t\t\t\t\t<div class=\"elementor-column elementor-col-33 elementor-top-column elementor-element elementor-element-61e29c4\" data-id=\"61e29c4\" data-element_type=\"column\" data-e-type=\"column\" data-settings=\"{&quot;background_background&quot;:&quot;slideshow&quot;,&quot;background_slideshow_gallery&quot;:[],&quot;background_slideshow_loop&quot;:&quot;yes&quot;,&quot;background_slideshow_slide_duration&quot;:5000,&quot;background_slideshow_slide_transition&quot;:&quot;fade&quot;,&quot;background_slideshow_transition_duration&quot;:500}\">\n\t\t\t<div class=\"elementor-widget-wrap elementor-element-populated\">\n\t\t\t\t\t\t<div class=\"elementor-element elementor-element-898ca86 elementor-widget elementor-widget-image\" data-id=\"898ca86\" data-element_type=\"widget\" data-e-type=\"widget\" data-widget_type=\"image.default\">\n\t\t\t\t<div class=\"elementor-widget-container\">\n\t\t\t\t\t\t\t\t\t\t\t\t\t\t\t<img loading=\"lazy\" decoding=\"async\" width=\"612\" height=\"407\" src=\"https:\/\/www.cm-benavente.pt\/wp-content\/uploads\/2021\/08\/estrada-515.jpg\" class=\"attachment-full size-full wp-image-19875\" alt=\"\" srcset=\"https:\/\/www.cm-benavente.pt\/wp-content\/uploads\/2021\/08\/estrada-515.jpg 612w, https:\/\/www.cm-benavente.pt\/wp-content\/uploads\/2021\/08\/estrada-515-300x200.jpg 300w, https:\/\/www.cm-benavente.pt\/wp-content\/uploads\/2021\/08\/estrada-515-391x260.jpg 391w\" sizes=\"(max-width: 612px) 100vw, 612px\" \/>\t\t\t\t\t\t\t\t\t\t\t\t\t\t\t<\/div>\n\t\t\t\t<\/div>\n\t\t\t\t\t<\/div>\n\t\t<\/div>\n\t\t\t\t<div class=\"elementor-column elementor-col-66 elementor-top-column elementor-element elementor-element-d733c78\" data-id=\"d733c78\" data-element_type=\"column\" data-e-type=\"column\">\n\t\t\t<div class=\"elementor-widget-wrap elementor-element-populated\">\n\t\t\t\t\t\t<div class=\"elementor-element elementor-element-b6711c0 elementor-widget elementor-widget-heading\" data-id=\"b6711c0\" data-element_type=\"widget\" data-e-type=\"widget\" data-widget_type=\"heading.default\">\n\t\t\t\t<div class=\"elementor-widget-container\">\n\t\t\t\t\t<h3 class=\"elementor-heading-title elementor-size-default\">Estrada de liga\u00e7\u00e3o da EM 515 \u00e0 EN 118-1<\/h3>\t\t\t\t<\/div>\n\t\t\t\t<\/div>\n\t\t\t\t<div class=\"elementor-element elementor-element-f99fed3 elementor-widget elementor-widget-text-editor\" data-id=\"f99fed3\" data-element_type=\"widget\" data-e-type=\"widget\" data-widget_type=\"text-editor.default\">\n\t\t\t\t<div class=\"elementor-widget-container\">\n\t\t\t\t\t\t\t\t\t<p><b>Valor total do investimento:<\/b><br \/>217.041,31\u20ac<br \/><b>Comparticipa\u00e7\u00e3o FEDER:<\/b><br \/>183.014,61\u20ac<br \/><b>Munic\u00edpio de Benavente<\/b><br \/>34.026,70\u20ac<\/p><p><b>Eixo 9 \u2013 Coes\u00e3o Local e Urbana<\/b><br \/><br \/><b>Regulamento Espec\u00edfico \u2013 Mobilidade Territorial<\/b><\/p>\t\t\t\t\t\t\t\t<\/div>\n\t\t\t\t<\/div>\n\t\t\t\t\t<\/div>\n\t\t<\/div>\n\t\t\t\t\t<\/div>\n\t\t<\/section>\n\t\t\t\t<section class=\"elementor-section elementor-top-section elementor-element elementor-element-a675899 elementor-section-boxed elementor-section-height-default elementor-section-height-default\" data-id=\"a675899\" data-element_type=\"section\" data-e-type=\"section\" data-settings=\"{&quot;background_background&quot;:&quot;classic&quot;,&quot;tmea_shape_divider_top&quot;:&quot;none&quot;,&quot;tmea_shape_divider_bottom&quot;:&quot;none&quot;}\">\n\t\t\t\t\t\t<div class=\"elementor-container elementor-column-gap-extended\">\n\t\t\t\t\t<div class=\"elementor-column elementor-col-33 elementor-top-column elementor-element elementor-element-5842699\" data-id=\"5842699\" data-element_type=\"column\" data-e-type=\"column\" data-settings=\"{&quot;background_background&quot;:&quot;slideshow&quot;,&quot;background_slideshow_gallery&quot;:[],&quot;background_slideshow_loop&quot;:&quot;yes&quot;,&quot;background_slideshow_slide_duration&quot;:5000,&quot;background_slideshow_slide_transition&quot;:&quot;fade&quot;,&quot;background_slideshow_transition_duration&quot;:500}\">\n\t\t\t<div class=\"elementor-widget-wrap elementor-element-populated\">\n\t\t\t\t\t\t<div class=\"elementor-element elementor-element-c148d24 elementor-widget elementor-widget-image\" data-id=\"c148d24\" data-element_type=\"widget\" data-e-type=\"widget\" data-widget_type=\"image.default\">\n\t\t\t\t<div class=\"elementor-widget-container\">\n\t\t\t\t\t\t\t\t\t\t\t\t\t\t\t<img loading=\"lazy\" decoding=\"async\" width=\"612\" height=\"407\" src=\"https:\/\/www.cm-benavente.pt\/wp-content\/uploads\/2021\/08\/estrada-monte-saude.jpg\" class=\"attachment-full size-full wp-image-19876\" alt=\"\" srcset=\"https:\/\/www.cm-benavente.pt\/wp-content\/uploads\/2021\/08\/estrada-monte-saude.jpg 612w, https:\/\/www.cm-benavente.pt\/wp-content\/uploads\/2021\/08\/estrada-monte-saude-300x200.jpg 300w, https:\/\/www.cm-benavente.pt\/wp-content\/uploads\/2021\/08\/estrada-monte-saude-391x260.jpg 391w\" sizes=\"(max-width: 612px) 100vw, 612px\" \/>\t\t\t\t\t\t\t\t\t\t\t\t\t\t\t<\/div>\n\t\t\t\t<\/div>\n\t\t\t\t\t<\/div>\n\t\t<\/div>\n\t\t\t\t<div class=\"elementor-column elementor-col-66 elementor-top-column elementor-element elementor-element-0f0ce5e\" data-id=\"0f0ce5e\" data-element_type=\"column\" data-e-type=\"column\">\n\t\t\t<div class=\"elementor-widget-wrap elementor-element-populated\">\n\t\t\t\t\t\t<div class=\"elementor-element elementor-element-3ba680d elementor-widget elementor-widget-heading\" data-id=\"3ba680d\" data-element_type=\"widget\" data-e-type=\"widget\" data-widget_type=\"heading.default\">\n\t\t\t\t<div class=\"elementor-widget-container\">\n\t\t\t\t\t<h3 class=\"elementor-heading-title elementor-size-default\">Liga\u00e7\u00e3o da Estrada do Monte da Sa\u00fade \u00e0 EN 118 (Promec)<\/h3>\t\t\t\t<\/div>\n\t\t\t\t<\/div>\n\t\t\t\t<div class=\"elementor-element elementor-element-726a6a8 elementor-widget elementor-widget-text-editor\" data-id=\"726a6a8\" data-element_type=\"widget\" data-e-type=\"widget\" data-widget_type=\"text-editor.default\">\n\t\t\t\t<div class=\"elementor-widget-container\">\n\t\t\t\t\t\t\t\t\t<p><b>Valor total do investimento:<\/b><br \/>321.251,88\u20ac<br \/><b>Comparticipa\u00e7\u00e3o FEDER:<\/b><br \/>271.593,60\u20ac<br \/><b>Munic\u00edpio de Benavente<\/b><br \/>49.658,28\u20ac<\/p><p><b>Eixo 9 \u2013 Coes\u00e3o Local e Urbana<\/b><br \/><br \/><b>Regulamento Espec\u00edfico \u2013 Mobilidade Territorial<\/b><\/p>\t\t\t\t\t\t\t\t<\/div>\n\t\t\t\t<\/div>\n\t\t\t\t\t<\/div>\n\t\t<\/div>\n\t\t\t\t\t<\/div>\n\t\t<\/section>\n\t\t\t\t<section class=\"elementor-section elementor-top-section elementor-element elementor-element-733d2cc elementor-section-boxed elementor-section-height-default elementor-section-height-default\" data-id=\"733d2cc\" data-element_type=\"section\" data-e-type=\"section\" data-settings=\"{&quot;tmea_shape_divider_top&quot;:&quot;none&quot;,&quot;tmea_shape_divider_bottom&quot;:&quot;none&quot;}\">\n\t\t\t\t\t\t<div class=\"elementor-container elementor-column-gap-extended\">\n\t\t\t\t\t<div class=\"elementor-column elementor-col-33 elementor-top-column elementor-element elementor-element-4aefb02\" data-id=\"4aefb02\" data-element_type=\"column\" data-e-type=\"column\" data-settings=\"{&quot;background_background&quot;:&quot;slideshow&quot;,&quot;background_slideshow_gallery&quot;:[],&quot;background_slideshow_loop&quot;:&quot;yes&quot;,&quot;background_slideshow_slide_duration&quot;:5000,&quot;background_slideshow_slide_transition&quot;:&quot;fade&quot;,&quot;background_slideshow_transition_duration&quot;:500}\">\n\t\t\t<div class=\"elementor-widget-wrap elementor-element-populated\">\n\t\t\t\t\t\t<div class=\"elementor-element elementor-element-6d48787 elementor-widget elementor-widget-image\" data-id=\"6d48787\" data-element_type=\"widget\" data-e-type=\"widget\" data-widget_type=\"image.default\">\n\t\t\t\t<div class=\"elementor-widget-container\">\n\t\t\t\t\t\t\t\t\t\t\t\t\t\t\t<img loading=\"lazy\" decoding=\"async\" width=\"267\" height=\"178\" src=\"https:\/\/www.cm-benavente.pt\/wp-content\/uploads\/2021\/08\/qren_circular_urbana_sc.jpg\" class=\"attachment-full size-full wp-image-19878\" alt=\"\" \/>\t\t\t\t\t\t\t\t\t\t\t\t\t\t\t<\/div>\n\t\t\t\t<\/div>\n\t\t\t\t\t<\/div>\n\t\t<\/div>\n\t\t\t\t<div class=\"elementor-column elementor-col-66 elementor-top-column elementor-element elementor-element-175aa25\" data-id=\"175aa25\" data-element_type=\"column\" data-e-type=\"column\">\n\t\t\t<div class=\"elementor-widget-wrap elementor-element-populated\">\n\t\t\t\t\t\t<div class=\"elementor-element elementor-element-9b20498 elementor-widget elementor-widget-heading\" data-id=\"9b20498\" data-element_type=\"widget\" data-e-type=\"widget\" data-widget_type=\"heading.default\">\n\t\t\t\t<div class=\"elementor-widget-container\">\n\t\t\t\t\t<h3 class=\"elementor-heading-title elementor-size-default\">Circular Urbana a Samora Correia<\/h3>\t\t\t\t<\/div>\n\t\t\t\t<\/div>\n\t\t\t\t<div class=\"elementor-element elementor-element-30dc817 elementor-widget elementor-widget-text-editor\" data-id=\"30dc817\" data-element_type=\"widget\" data-e-type=\"widget\" data-widget_type=\"text-editor.default\">\n\t\t\t\t<div class=\"elementor-widget-container\">\n\t\t\t\t\t\t\t\t\t<p><b>Valor total do investimento:<\/b><br \/>687.386,09\u20ac<br \/><b>Comparticipa\u00e7\u00e3o FEDER:<\/b><br \/>581.583,68\u20ac<br \/><b>Munic\u00edpio de Benavente<\/b><br \/>105.802,41\u20ac<\/p><p><b>Eixo 9 \u2013 Coes\u00e3o Local e Urbana<\/b><br \/><br \/><b>Regulamento Espec\u00edfico \u2013 Mobilidade Territorial<\/b><\/p>\t\t\t\t\t\t\t\t<\/div>\n\t\t\t\t<\/div>\n\t\t\t\t\t<\/div>\n\t\t<\/div>\n\t\t\t\t\t<\/div>\n\t\t<\/section>\n\t\t\t\t<section class=\"elementor-section elementor-top-section elementor-element elementor-element-3f88d5c elementor-section-boxed elementor-section-height-default elementor-section-height-default\" data-id=\"3f88d5c\" data-element_type=\"section\" data-e-type=\"section\" data-settings=\"{&quot;background_background&quot;:&quot;classic&quot;,&quot;tmea_shape_divider_top&quot;:&quot;none&quot;,&quot;tmea_shape_divider_bottom&quot;:&quot;none&quot;}\">\n\t\t\t\t\t\t<div class=\"elementor-container elementor-column-gap-extended\">\n\t\t\t\t\t<div class=\"elementor-column elementor-col-33 elementor-top-column elementor-element elementor-element-648c031\" data-id=\"648c031\" data-element_type=\"column\" data-e-type=\"column\" data-settings=\"{&quot;background_background&quot;:&quot;slideshow&quot;,&quot;background_slideshow_gallery&quot;:[],&quot;background_slideshow_loop&quot;:&quot;yes&quot;,&quot;background_slideshow_slide_duration&quot;:5000,&quot;background_slideshow_slide_transition&quot;:&quot;fade&quot;,&quot;background_slideshow_transition_duration&quot;:500}\">\n\t\t\t<div class=\"elementor-widget-wrap elementor-element-populated\">\n\t\t\t\t\t\t<div class=\"elementor-element elementor-element-878154e elementor-widget elementor-widget-image\" data-id=\"878154e\" data-element_type=\"widget\" data-e-type=\"widget\" data-widget_type=\"image.default\">\n\t\t\t\t<div class=\"elementor-widget-container\">\n\t\t\t\t\t\t\t\t\t\t\t\t\t\t\t<img loading=\"lazy\" decoding=\"async\" width=\"400\" height=\"266\" src=\"https:\/\/www.cm-benavente.pt\/wp-content\/uploads\/2021\/08\/fateixa1.jpg\" class=\"attachment-full size-full wp-image-19877\" alt=\"\" srcset=\"https:\/\/www.cm-benavente.pt\/wp-content\/uploads\/2021\/08\/fateixa1.jpg 400w, https:\/\/www.cm-benavente.pt\/wp-content\/uploads\/2021\/08\/fateixa1-300x200.jpg 300w, https:\/\/www.cm-benavente.pt\/wp-content\/uploads\/2021\/08\/fateixa1-391x260.jpg 391w\" sizes=\"(max-width: 400px) 100vw, 400px\" \/>\t\t\t\t\t\t\t\t\t\t\t\t\t\t\t<\/div>\n\t\t\t\t<\/div>\n\t\t\t\t\t<\/div>\n\t\t<\/div>\n\t\t\t\t<div class=\"elementor-column elementor-col-66 elementor-top-column elementor-element elementor-element-9dac858\" data-id=\"9dac858\" data-element_type=\"column\" data-e-type=\"column\">\n\t\t\t<div class=\"elementor-widget-wrap elementor-element-populated\">\n\t\t\t\t\t\t<div class=\"elementor-element elementor-element-9f3142c elementor-widget elementor-widget-heading\" data-id=\"9f3142c\" data-element_type=\"widget\" data-e-type=\"widget\" data-widget_type=\"heading.default\">\n\t\t\t\t<div class=\"elementor-widget-container\">\n\t\t\t\t\t<h3 class=\"elementor-heading-title elementor-size-default\">Requalifica\u00e7\u00e3o da Zona da Fateixa - Benavente<\/h3>\t\t\t\t<\/div>\n\t\t\t\t<\/div>\n\t\t\t\t<div class=\"elementor-element elementor-element-261ba24 elementor-widget elementor-widget-text-editor\" data-id=\"261ba24\" data-element_type=\"widget\" data-e-type=\"widget\" data-widget_type=\"text-editor.default\">\n\t\t\t\t<div class=\"elementor-widget-container\">\n\t\t\t\t\t\t\t\t\t<p><b>Valor total do investimento:<\/b><br \/>186.079,25\u20ac<br \/><b>Comparticipa\u00e7\u00e3o FEDER:<\/b><br \/>158.167,36\u20ac<br \/><b>Munic\u00edpio de Benavente<\/b><br \/>27.911,89\u20ac<\/p><p><b>Eixo 8 \u2013 Valoriza\u00e7\u00e3o do Espa\u00e7o Regional<\/b><br \/><br \/><b>Regulamento Espec\u00edfico \u2013 A\u00e7\u00f5es de Valoriza\u00e7\u00e3o e Qualifica\u00e7\u00e3o Ambiental<\/b><\/p>\t\t\t\t\t\t\t\t<\/div>\n\t\t\t\t<\/div>\n\t\t\t\t\t<\/div>\n\t\t<\/div>\n\t\t\t\t\t<\/div>\n\t\t<\/section>\n\t\t\t\t<section class=\"elementor-section elementor-top-section elementor-element elementor-element-2134812 elementor-section-boxed elementor-section-height-default elementor-section-height-default\" data-id=\"2134812\" data-element_type=\"section\" data-e-type=\"section\" data-settings=\"{&quot;tmea_shape_divider_top&quot;:&quot;none&quot;,&quot;tmea_shape_divider_bottom&quot;:&quot;none&quot;}\">\n\t\t\t\t\t\t<div class=\"elementor-container elementor-column-gap-extended\">\n\t\t\t\t\t<div class=\"elementor-column elementor-col-33 elementor-top-column elementor-element elementor-element-d4e71f4\" data-id=\"d4e71f4\" data-element_type=\"column\" data-e-type=\"column\" data-settings=\"{&quot;background_background&quot;:&quot;slideshow&quot;,&quot;background_slideshow_gallery&quot;:[],&quot;background_slideshow_loop&quot;:&quot;yes&quot;,&quot;background_slideshow_slide_duration&quot;:5000,&quot;background_slideshow_slide_transition&quot;:&quot;fade&quot;,&quot;background_slideshow_transition_duration&quot;:500}\">\n\t\t\t<div class=\"elementor-widget-wrap elementor-element-populated\">\n\t\t\t\t\t\t<div class=\"elementor-element elementor-element-3d81c43 elementor-widget elementor-widget-image\" data-id=\"3d81c43\" data-element_type=\"widget\" data-e-type=\"widget\" data-widget_type=\"image.default\">\n\t\t\t\t<div class=\"elementor-widget-container\">\n\t\t\t\t\t\t\t\t\t\t\t\t\t\t\t<img loading=\"lazy\" decoding=\"async\" width=\"267\" height=\"178\" src=\"https:\/\/www.cm-benavente.pt\/wp-content\/uploads\/2021\/08\/qren_urb_vale_bispo_br.jpg\" class=\"attachment-full size-full wp-image-19882\" alt=\"\" \/>\t\t\t\t\t\t\t\t\t\t\t\t\t\t\t<\/div>\n\t\t\t\t<\/div>\n\t\t\t\t\t<\/div>\n\t\t<\/div>\n\t\t\t\t<div class=\"elementor-column elementor-col-66 elementor-top-column elementor-element elementor-element-e891b63\" data-id=\"e891b63\" data-element_type=\"column\" data-e-type=\"column\">\n\t\t\t<div class=\"elementor-widget-wrap elementor-element-populated\">\n\t\t\t\t\t\t<div class=\"elementor-element elementor-element-bc74850 elementor-widget elementor-widget-heading\" data-id=\"bc74850\" data-element_type=\"widget\" data-e-type=\"widget\" data-widget_type=\"heading.default\">\n\t\t\t\t<div class=\"elementor-widget-container\">\n\t\t\t\t\t<h3 class=\"elementor-heading-title elementor-size-default\">Execu\u00e7\u00e3o de arranjos exteriores da Urbaniza\u00e7\u00e3o do Vale Bispo \u2013 1.\u00aa fase, na Barrosa<\/h3>\t\t\t\t<\/div>\n\t\t\t\t<\/div>\n\t\t\t\t<div class=\"elementor-element elementor-element-2ca7f0f elementor-widget elementor-widget-text-editor\" data-id=\"2ca7f0f\" data-element_type=\"widget\" data-e-type=\"widget\" data-widget_type=\"text-editor.default\">\n\t\t\t\t<div class=\"elementor-widget-container\">\n\t\t\t\t\t\t\t\t\t<p><b>Valor total do investimento:<\/b><br \/>274.973,03\u20ac<br \/><b>Comparticipa\u00e7\u00e3o FEDER:<\/b><br \/>233.727,07\u20ac<br \/><b>Munic\u00edpio de Benavente<\/b><br \/>41.245,96\u20ac<\/p><p><b>Eixo 8 \u2013 Valoriza\u00e7\u00e3o do Espa\u00e7o Regional<\/b><br \/><br \/><b>Regulamento Espec\u00edfico \u2013 A\u00e7\u00f5es de Valoriza\u00e7\u00e3o e Qualifica\u00e7\u00e3o Ambiental<\/b><\/p>\t\t\t\t\t\t\t\t<\/div>\n\t\t\t\t<\/div>\n\t\t\t\t\t<\/div>\n\t\t<\/div>\n\t\t\t\t\t<\/div>\n\t\t<\/section>\n\t\t\t\t<section class=\"elementor-section elementor-top-section elementor-element elementor-element-3dfe7d7 elementor-section-boxed elementor-section-height-default elementor-section-height-default\" data-id=\"3dfe7d7\" data-element_type=\"section\" data-e-type=\"section\" data-settings=\"{&quot;background_background&quot;:&quot;classic&quot;,&quot;tmea_shape_divider_top&quot;:&quot;none&quot;,&quot;tmea_shape_divider_bottom&quot;:&quot;none&quot;}\">\n\t\t\t\t\t\t<div class=\"elementor-container elementor-column-gap-extended\">\n\t\t\t\t\t<div class=\"elementor-column elementor-col-33 elementor-top-column elementor-element elementor-element-472edbd\" data-id=\"472edbd\" data-element_type=\"column\" data-e-type=\"column\" data-settings=\"{&quot;background_background&quot;:&quot;slideshow&quot;,&quot;background_slideshow_gallery&quot;:[],&quot;background_slideshow_loop&quot;:&quot;yes&quot;,&quot;background_slideshow_slide_duration&quot;:5000,&quot;background_slideshow_slide_transition&quot;:&quot;fade&quot;,&quot;background_slideshow_transition_duration&quot;:500}\">\n\t\t\t<div class=\"elementor-widget-wrap elementor-element-populated\">\n\t\t\t\t\t\t<div class=\"elementor-element elementor-element-48c67b2 elementor-widget elementor-widget-image\" data-id=\"48c67b2\" data-element_type=\"widget\" data-e-type=\"widget\" data-widget_type=\"image.default\">\n\t\t\t\t<div class=\"elementor-widget-container\">\n\t\t\t\t\t\t\t\t\t\t\t\t\t\t\t<img loading=\"lazy\" decoding=\"async\" width=\"267\" height=\"178\" src=\"https:\/\/www.cm-benavente.pt\/wp-content\/uploads\/2021\/08\/qren_eb1_se.jpg\" class=\"attachment-full size-full wp-image-19880\" alt=\"\" \/>\t\t\t\t\t\t\t\t\t\t\t\t\t\t\t<\/div>\n\t\t\t\t<\/div>\n\t\t\t\t\t<\/div>\n\t\t<\/div>\n\t\t\t\t<div class=\"elementor-column elementor-col-66 elementor-top-column elementor-element elementor-element-d192575\" data-id=\"d192575\" data-element_type=\"column\" data-e-type=\"column\">\n\t\t\t<div class=\"elementor-widget-wrap elementor-element-populated\">\n\t\t\t\t\t\t<div class=\"elementor-element elementor-element-ef3b56f elementor-widget elementor-widget-heading\" data-id=\"ef3b56f\" data-element_type=\"widget\" data-e-type=\"widget\" data-widget_type=\"heading.default\">\n\t\t\t\t<div class=\"elementor-widget-container\">\n\t\t\t\t\t<h3 class=\"elementor-heading-title elementor-size-default\">Amplia\u00e7\u00e3o e requalifica\u00e7\u00e3o da EB1 n.\u00ba1 de Benavente<\/h3>\t\t\t\t<\/div>\n\t\t\t\t<\/div>\n\t\t\t\t<div class=\"elementor-element elementor-element-a5279b3 elementor-widget elementor-widget-text-editor\" data-id=\"a5279b3\" data-element_type=\"widget\" data-e-type=\"widget\" data-widget_type=\"text-editor.default\">\n\t\t\t\t<div class=\"elementor-widget-container\">\n\t\t\t\t\t\t\t\t\t<p><b>Valor total do investimento:<\/b><br \/>1.456.030,35\u20ac<br \/><b>Comparticipa\u00e7\u00e3o FEDER:<\/b><br \/>1.182.495,86\u20ac<br \/><b>Munic\u00edpio de Benavente<\/b><br \/>273.534,49\u20ac<\/p><p><b>Eixo 9 \u2013 Coes\u00e3o Local e Urbana<\/b><\/p><p><b>Regulamento Espec\u00edfico \u2013 Requalifica\u00e7\u00e3o da Rede Escolar de 1.\u00ba Ciclo do Ensino B\u00e1sico e da Educa\u00e7\u00e3o Pr\u00e9-Escolar<\/b><\/p>\t\t\t\t\t\t\t\t<\/div>\n\t\t\t\t<\/div>\n\t\t\t\t\t<\/div>\n\t\t<\/div>\n\t\t\t\t\t<\/div>\n\t\t<\/section>\n\t\t\t\t<section class=\"elementor-section elementor-top-section elementor-element elementor-element-72fce2b elementor-section-boxed elementor-section-height-default elementor-section-height-default\" data-id=\"72fce2b\" data-element_type=\"section\" data-e-type=\"section\" data-settings=\"{&quot;tmea_shape_divider_top&quot;:&quot;none&quot;,&quot;tmea_shape_divider_bottom&quot;:&quot;none&quot;}\">\n\t\t\t\t\t\t<div class=\"elementor-container elementor-column-gap-extended\">\n\t\t\t\t\t<div class=\"elementor-column elementor-col-33 elementor-top-column elementor-element elementor-element-ab80ba0\" data-id=\"ab80ba0\" data-element_type=\"column\" data-e-type=\"column\" data-settings=\"{&quot;background_background&quot;:&quot;slideshow&quot;,&quot;background_slideshow_gallery&quot;:[],&quot;background_slideshow_loop&quot;:&quot;yes&quot;,&quot;background_slideshow_slide_duration&quot;:5000,&quot;background_slideshow_slide_transition&quot;:&quot;fade&quot;,&quot;background_slideshow_transition_duration&quot;:500}\">\n\t\t\t<div class=\"elementor-widget-wrap elementor-element-populated\">\n\t\t\t\t\t\t<div class=\"elementor-element elementor-element-ac075ff elementor-widget elementor-widget-image\" data-id=\"ac075ff\" data-element_type=\"widget\" data-e-type=\"widget\" data-widget_type=\"image.default\">\n\t\t\t\t<div class=\"elementor-widget-container\">\n\t\t\t\t\t\t\t\t\t\t\t\t\t\t\t<img loading=\"lazy\" decoding=\"async\" width=\"267\" height=\"178\" src=\"https:\/\/www.cm-benavente.pt\/wp-content\/uploads\/2021\/08\/qren_eb1_fonte_escudeiros_sc.jpg\" class=\"attachment-full size-full wp-image-19879\" alt=\"\" \/>\t\t\t\t\t\t\t\t\t\t\t\t\t\t\t<\/div>\n\t\t\t\t<\/div>\n\t\t\t\t\t<\/div>\n\t\t<\/div>\n\t\t\t\t<div class=\"elementor-column elementor-col-66 elementor-top-column elementor-element elementor-element-44ffbf3\" data-id=\"44ffbf3\" data-element_type=\"column\" data-e-type=\"column\">\n\t\t\t<div class=\"elementor-widget-wrap elementor-element-populated\">\n\t\t\t\t\t\t<div class=\"elementor-element elementor-element-a284d69 elementor-widget elementor-widget-heading\" data-id=\"a284d69\" data-element_type=\"widget\" data-e-type=\"widget\" data-widget_type=\"heading.default\">\n\t\t\t\t<div class=\"elementor-widget-container\">\n\t\t\t\t\t<h3 class=\"elementor-heading-title elementor-size-default\">Amplia\u00e7\u00e3o e requalifica\u00e7\u00e3o da EB1 Fonte dos Escudeiros, em Samora Correia<\/h3>\t\t\t\t<\/div>\n\t\t\t\t<\/div>\n\t\t\t\t<div class=\"elementor-element elementor-element-e749420 elementor-widget elementor-widget-text-editor\" data-id=\"e749420\" data-element_type=\"widget\" data-e-type=\"widget\" data-widget_type=\"text-editor.default\">\n\t\t\t\t<div class=\"elementor-widget-container\">\n\t\t\t\t\t\t\t\t\t<p><b>Valor total do investimento:<\/b><br \/>887.930,69\u20ac<br \/><b>Comparticipa\u00e7\u00e3o FEDER:<\/b><br \/>754.741,09\u20ac<br \/><b>Munic\u00edpio de Benavente<\/b><br \/>133.189,60\u20ac<\/p><p><b>Eixo 9 \u2013 Coes\u00e3o Local e Urbana<\/b><\/p><p><b>Regulamento Espec\u00edfico \u2013 Requalifica\u00e7\u00e3o da Rede Escolar de 1.\u00ba Ciclo do Ensino B\u00e1sico e da Educa\u00e7\u00e3o Pr\u00e9-Escolar<\/b><\/p>\t\t\t\t\t\t\t\t<\/div>\n\t\t\t\t<\/div>\n\t\t\t\t\t<\/div>\n\t\t<\/div>\n\t\t\t\t\t<\/div>\n\t\t<\/section>\n\t\t\t\t<section class=\"elementor-section elementor-top-section elementor-element elementor-element-7313a9f elementor-section-boxed elementor-section-height-default elementor-section-height-default\" data-id=\"7313a9f\" data-element_type=\"section\" data-e-type=\"section\" data-settings=\"{&quot;background_background&quot;:&quot;classic&quot;,&quot;tmea_shape_divider_top&quot;:&quot;none&quot;,&quot;tmea_shape_divider_bottom&quot;:&quot;none&quot;}\">\n\t\t\t\t\t\t<div class=\"elementor-container elementor-column-gap-extended\">\n\t\t\t\t\t<div class=\"elementor-column elementor-col-33 elementor-top-column elementor-element elementor-element-aa2b0ea\" data-id=\"aa2b0ea\" data-element_type=\"column\" data-e-type=\"column\" data-settings=\"{&quot;background_background&quot;:&quot;slideshow&quot;,&quot;background_slideshow_gallery&quot;:[],&quot;background_slideshow_loop&quot;:&quot;yes&quot;,&quot;background_slideshow_slide_duration&quot;:5000,&quot;background_slideshow_slide_transition&quot;:&quot;fade&quot;,&quot;background_slideshow_transition_duration&quot;:500}\">\n\t\t\t<div class=\"elementor-widget-wrap elementor-element-populated\">\n\t\t\t\t\t\t<div class=\"elementor-element elementor-element-74fd435 elementor-widget elementor-widget-image\" data-id=\"74fd435\" data-element_type=\"widget\" data-e-type=\"widget\" data-widget_type=\"image.default\">\n\t\t\t\t<div class=\"elementor-widget-container\">\n\t\t\t\t\t\t\t\t\t\t\t\t\t\t\t<img loading=\"lazy\" decoding=\"async\" width=\"800\" height=\"360\" src=\"https:\/\/www.cm-benavente.pt\/wp-content\/uploads\/2023\/04\/pedu-1024x461.png\" class=\"attachment-large size-large wp-image-45640\" alt=\"\" srcset=\"https:\/\/www.cm-benavente.pt\/wp-content\/uploads\/2023\/04\/pedu-1024x461.png 1024w, https:\/\/www.cm-benavente.pt\/wp-content\/uploads\/2023\/04\/pedu-300x135.png 300w, https:\/\/www.cm-benavente.pt\/wp-content\/uploads\/2023\/04\/pedu-768x346.png 768w, https:\/\/www.cm-benavente.pt\/wp-content\/uploads\/2023\/04\/pedu-500x225.png 500w, https:\/\/www.cm-benavente.pt\/wp-content\/uploads\/2023\/04\/pedu-800x360.png 800w, https:\/\/www.cm-benavente.pt\/wp-content\/uploads\/2023\/04\/pedu.png 1086w\" sizes=\"(max-width: 800px) 100vw, 800px\" \/>\t\t\t\t\t\t\t\t\t\t\t\t\t\t\t<\/div>\n\t\t\t\t<\/div>\n\t\t\t\t\t<\/div>\n\t\t<\/div>\n\t\t\t\t<div class=\"elementor-column elementor-col-66 elementor-top-column elementor-element elementor-element-829afeb\" data-id=\"829afeb\" data-element_type=\"column\" data-e-type=\"column\">\n\t\t\t<div class=\"elementor-widget-wrap elementor-element-populated\">\n\t\t\t\t\t\t<div class=\"elementor-element elementor-element-2896b1b elementor-widget elementor-widget-heading\" data-id=\"2896b1b\" data-element_type=\"widget\" data-e-type=\"widget\" data-widget_type=\"heading.default\">\n\t\t\t\t<div class=\"elementor-widget-container\">\n\t\t\t\t\t<h3 class=\"elementor-heading-title elementor-size-default\">Plano Estrat\u00e9gico de Desenvolvimento Urbano (PEDU) de Benavente<\/h3>\t\t\t\t<\/div>\n\t\t\t\t<\/div>\n\t\t\t\t<div class=\"elementor-element elementor-element-2107a51 elementor-widget elementor-widget-image\" data-id=\"2107a51\" data-element_type=\"widget\" data-e-type=\"widget\" data-widget_type=\"image.default\">\n\t\t\t\t<div class=\"elementor-widget-container\">\n\t\t\t\t\t\t\t\t\t\t\t\t\t\t\t<img loading=\"lazy\" decoding=\"async\" width=\"300\" height=\"44\" src=\"https:\/\/www.cm-benavente.pt\/wp-content\/uploads\/2023\/04\/pedu-logos-300x44.png\" class=\"attachment-medium size-medium wp-image-45641\" alt=\"\" srcset=\"https:\/\/www.cm-benavente.pt\/wp-content\/uploads\/2023\/04\/pedu-logos-300x44.png 300w, https:\/\/www.cm-benavente.pt\/wp-content\/uploads\/2023\/04\/pedu-logos-768x112.png 768w, https:\/\/www.cm-benavente.pt\/wp-content\/uploads\/2023\/04\/pedu-logos-500x73.png 500w, https:\/\/www.cm-benavente.pt\/wp-content\/uploads\/2023\/04\/pedu-logos-800x116.png 800w, https:\/\/www.cm-benavente.pt\/wp-content\/uploads\/2023\/04\/pedu-logos.png 854w\" sizes=\"(max-width: 300px) 100vw, 300px\" \/>\t\t\t\t\t\t\t\t\t\t\t\t\t\t\t<\/div>\n\t\t\t\t<\/div>\n\t\t\t\t<div class=\"elementor-element elementor-element-239f765 elementor-widget elementor-widget-button\" data-id=\"239f765\" data-element_type=\"widget\" data-e-type=\"widget\" data-widget_type=\"button.default\">\n\t\t\t\t<div class=\"elementor-widget-container\">\n\t\t\t\t\t\t\t\t\t<div class=\"elementor-button-wrapper\">\n\t\t\t\t\t<a class=\"elementor-button elementor-button-link elementor-size-sm elementor-animation-grow\" href=\"https:\/\/www.cm-benavente.pt\/wp-content\/uploads\/2021\/08\/PEDU-Plano-Estrategico-de-Desenvolvimento-Urbano-de-Benavente.pdf\" target=\"_blank\">\n\t\t\t\t\t\t<span class=\"elementor-button-content-wrapper\">\n\t\t\t\t\t\t<span class=\"elementor-button-icon\">\n\t\t\t\t<i aria-hidden=\"true\" class=\"far fa-file-pdf\"><\/i>\t\t\t<\/span>\n\t\t\t\t\t\t\t\t\t<span class=\"elementor-button-text\">Ficha de Projeto<\/span>\n\t\t\t\t\t<\/span>\n\t\t\t\t\t<\/a>\n\t\t\t\t<\/div>\n\t\t\t\t\t\t\t\t<\/div>\n\t\t\t\t<\/div>\n\t\t\t\t\t<\/div>\n\t\t<\/div>\n\t\t\t\t\t<\/div>\n\t\t<\/section>\n\t\t\t\t<\/div>\n\t\t","protected":false},"excerpt":{"rendered":"<p>PROJETOS COFINANCIADOS QREN Constru\u00e7\u00e3o do Centro Escolar de Benavente Valor total do investimento:1.583.694,59\u20acComparticipa\u00e7\u00e3o FEDER:1.264.420,93\u20acMunic\u00edpio de Benavente319.273,66\u20ac Eixo 9 \u2013 Coes\u00e3o Local e Urbana Regulamento Espec\u00edfico \u2013 Requalifica\u00e7\u00e3o da Rede Escolar de 1.\u00ba Ciclo do Ensino B\u00e1sico e da Educa\u00e7\u00e3o Pr\u00e9-Escolar Constru\u00e7\u00e3o do Centro Escolar de Samora Correia Valor total do investimento:1.734.986,93\u20acComparticipa\u00e7\u00e3o FEDER:1.393.665,53\u20acMunic\u00edpio de Benavente341.321,41\u20ac Eixo [&hellip;]<\/p>\n","protected":false},"author":3,"featured_media":0,"parent":45354,"menu_order":0,"comment_status":"closed","ping_status":"closed","template":"","meta":{"_vp_format_video_url":"","_vp_image_focal_point":[],"footnotes":""},"class_list":["post-45625","page","type-page","status-publish","hentry"],"_links":{"self":[{"href":"https:\/\/www.cm-benavente.pt\/index.php\/wp-json\/wp\/v2\/pages\/45625","targetHints":{"allow":["GET"]}}],"collection":[{"href":"https:\/\/www.cm-benavente.pt\/index.php\/wp-json\/wp\/v2\/pages"}],"about":[{"href":"https:\/\/www.cm-benavente.pt\/index.php\/wp-json\/wp\/v2\/types\/page"}],"author":[{"embeddable":true,"href":"https:\/\/www.cm-benavente.pt\/index.php\/wp-json\/wp\/v2\/users\/3"}],"replies":[{"embeddable":true,"href":"https:\/\/www.cm-benavente.pt\/index.php\/wp-json\/wp\/v2\/comments?post=45625"}],"version-history":[{"count":10,"href":"https:\/\/www.cm-benavente.pt\/index.php\/wp-json\/wp\/v2\/pages\/45625\/revisions"}],"predecessor-version":[{"id":45930,"href":"https:\/\/www.cm-benavente.pt\/index.php\/wp-json\/wp\/v2\/pages\/45625\/revisions\/45930"}],"up":[{"embeddable":true,"href":"https:\/\/www.cm-benavente.pt\/index.php\/wp-json\/wp\/v2\/pages\/45354"}],"wp:attachment":[{"href":"https:\/\/www.cm-benavente.pt\/index.php\/wp-json\/wp\/v2\/media?parent=45625"}],"curies":[{"name":"wp","href":"https:\/\/api.w.org\/{rel}","templated":true}]}}