{"id":3787,"date":"2021-06-20T14:38:59","date_gmt":"2021-06-20T14:38:59","guid":{"rendered":"https:\/\/terradasideias.net\/cmb\/?page_id=1815"},"modified":"2024-01-16T15:47:27","modified_gmt":"2024-01-16T15:47:27","slug":"contratacao-publica","status":"publish","type":"page","link":"https:\/\/www.cm-benavente.pt\/index.php\/municipio\/transparencia-municipal\/contratacao-publica\/","title":{"rendered":"Contrata\u00e7\u00e3o P\u00fablica"},"content":{"rendered":"\t\t<div data-elementor-type=\"wp-page\" data-elementor-id=\"3787\" class=\"elementor elementor-3787\" data-elementor-post-type=\"page\">\n\t\t\t\t\t\t<section class=\"elementor-section elementor-top-section elementor-element elementor-element-703a66c elementor-section-boxed elementor-section-height-default elementor-section-height-default\" data-id=\"703a66c\" data-element_type=\"section\" data-e-type=\"section\" data-settings=\"{&quot;tmea_shape_divider_top&quot;:&quot;none&quot;,&quot;tmea_shape_divider_bottom&quot;:&quot;none&quot;}\">\n\t\t\t\t\t\t<div class=\"elementor-container elementor-column-gap-default\">\n\t\t\t\t\t<div class=\"elementor-column elementor-col-100 elementor-top-column elementor-element elementor-element-d7870ea\" data-id=\"d7870ea\" data-element_type=\"column\" data-e-type=\"column\">\n\t\t\t<div class=\"elementor-widget-wrap\">\n\t\t\t\t\t\t\t<\/div>\n\t\t<\/div>\n\t\t\t\t\t<\/div>\n\t\t<\/section>\n\t\t\t\t<section class=\"elementor-section elementor-top-section elementor-element elementor-element-81a3796 elementor-section-boxed elementor-section-height-default elementor-section-height-default\" data-id=\"81a3796\" data-element_type=\"section\" data-e-type=\"section\" data-settings=\"{&quot;background_background&quot;:&quot;classic&quot;,&quot;tmea_shape_divider_top&quot;:&quot;none&quot;,&quot;tmea_shape_divider_bottom&quot;:&quot;none&quot;}\">\n\t\t\t\t\t\t<div class=\"elementor-container elementor-column-gap-default\">\n\t\t\t\t\t<div class=\"elementor-column elementor-col-33 elementor-top-column elementor-element elementor-element-0dbd481\" data-id=\"0dbd481\" data-element_type=\"column\" data-e-type=\"column\">\n\t\t\t<div class=\"elementor-widget-wrap elementor-element-populated\">\n\t\t\t\t\n\t\t<div class=\"elementor-element elementor-element-ed5b632 elementor-widget elementor-widget-text-editor\" data-id=\"ed5b632\" data-element_type=\"widget\" data-e-type=\"widget\" data-widget_type=\"text-editor.default\">\n\t\t\t\t<div class=\"elementor-widget-container\">\n\t\t\t\t\t\t\t\t\t<p>Contrata\u00e7\u00e3o P\u00fablica\u00a0<\/p>\t\t\t\t\t\t\t\t<\/div>\n\t\t\t\t<\/div>\n\t\t\t\t<div class=\"elementor-element elementor-element-901ccca elementor-widget elementor-widget-text-editor\" data-id=\"901ccca\" data-element_type=\"widget\" data-e-type=\"widget\" data-widget_type=\"text-editor.default\">\n\t\t\t\t<div class=\"elementor-widget-container\">\n\t\t\t\t\t\t\t\t\t<p>Condi\u00e7\u00f5es de acesso\u00a0<\/p>\t\t\t\t\t\t\t\t<\/div>\n\t\t\t\t<\/div>\n\t\t\t\t\t<\/div>\n\t\t<\/div>\n\t\t\t\t<div class=\"elementor-column elementor-col-66 elementor-top-column elementor-element elementor-element-e166c21\" data-id=\"e166c21\" data-element_type=\"column\" data-e-type=\"column\">\n\t\t\t<div class=\"elementor-widget-wrap elementor-element-populated\">\n\t\t\t\t\t\t<div class=\"elementor-element elementor-element-5b1f82d elementor-widget elementor-widget-text-editor\" data-id=\"5b1f82d\" data-element_type=\"widget\" data-e-type=\"widget\" data-widget_type=\"text-editor.default\">\n\t\t\t\t<div class=\"elementor-widget-container\">\n\t\t\t\t\t\t\t\t\t<p>Para participar dos procedimentos a lan\u00e7ar pelo Munic\u00edpio os interessados dever\u00e3o contatar a Subunidade Org\u00e2nica de Compras e Aprovisionamento atrav\u00e9s de um dos seguintes contatos:<\/p><p><a href=\"tel:263519646\">263 519 646<\/a><\/p><p><a href=\"mailto:compras@cm-benavente.pt\">Email<\/a><\/p><p>O antes referido contato n\u00e3o dispensa o registo na plataforma eletr\u00f3nica em uso no Munic\u00edpio, \u00e0 qual poder\u00e3o aceder clicando em:<\/p><p><a href=\"https:\/\/www.saphety.com\" target=\"_blank\" rel=\"noopener\">&#8220;Acesso \u00e0 Plataforma Eletr\u00f3nica&#8221;<\/a><\/p>\t\t\t\t\t\t\t\t<\/div>\n\t\t\t\t<\/div>\n\t\t\t\t\t<\/div>\n\t\t<\/div>\n\t\t\t\t\t<\/div>\n\t\t<\/section>\n\t\t\t\t<section class=\"elementor-section elementor-top-section elementor-element elementor-element-0b570ea elementor-section-boxed elementor-section-height-default elementor-section-height-default\" data-id=\"0b570ea\" data-element_type=\"section\" data-e-type=\"section\" data-settings=\"{&quot;background_background&quot;:&quot;classic&quot;,&quot;tmea_shape_divider_top&quot;:&quot;none&quot;,&quot;tmea_shape_divider_bottom&quot;:&quot;none&quot;}\">\n\t\t\t\t\t\t<div class=\"elementor-container elementor-column-gap-default\">\n\t\t\t\t\t<div class=\"elementor-column elementor-col-50 elementor-top-column elementor-element elementor-element-b238197\" data-id=\"b238197\" data-element_type=\"column\" data-e-type=\"column\">\n\t\t\t<div class=\"elementor-widget-wrap elementor-element-populated\">\n\t\t\t\t\t\t<div class=\"elementor-element elementor-element-4cb183f elementor-widget elementor-widget-text-editor\" data-id=\"4cb183f\" data-element_type=\"widget\" data-e-type=\"widget\" data-widget_type=\"text-editor.default\">\n\t\t\t\t<div class=\"elementor-widget-container\">\n\t\t\t\t\t\t\t\t\t<p>Informa\u00e7\u00f5es sobre<br \/>os concursos\u00a0<\/p>\t\t\t\t\t\t\t\t<\/div>\n\t\t\t\t<\/div>\n\t\t\t\t\t<\/div>\n\t\t<\/div>\n\t\t\t\t<div class=\"elementor-column elementor-col-50 elementor-top-column elementor-element elementor-element-e9bbf9d\" data-id=\"e9bbf9d\" data-element_type=\"column\" data-e-type=\"column\" data-settings=\"{&quot;background_background&quot;:&quot;classic&quot;}\">\n\t\t\t<div class=\"elementor-widget-wrap elementor-element-populated\">\n\t\t\t\t\t\t<div class=\"elementor-element elementor-element-397ba33 elementor-widget elementor-widget-tme-accordion\" data-id=\"397ba33\" data-element_type=\"widget\" data-e-type=\"widget\" data-widget_type=\"tme-accordion.default\">\n\t\t\t\t<div class=\"elementor-widget-container\">\n\t\t\t\t\t            <div class=\"tme-accordions\" data-selfclose=\"false\" data-opensingle=\"true\" data-openspeed=\"200\" data-closespeed=\"200\" data-autoscroll=\"false\" data-scrollspeed=\"400\" data-scrolloffset=\"0\">\n               \n                <div id=\"tme-fadd849-428384770\"  class=\"tmeaccordion is-default\" data-tmeaccordion-options='{\"selfBlock\": false}'>\n                    <h5 class=\"tmeaccordion__head\">\t\t\t\t\t\t<i aria-hidden=\"true\" class=\"im im-archive\"><\/i>\t\t\t\t\t\t\t\t\t\t\t\tContrata\u00e7\u00e3o P\u00fablica                    <\/h5>                    <div class=\"tmeaccordion__body\">\n                        <ul><li><a href=\"https:\/\/www.cm-benavente.pt\/wp-content\/uploads\/2021\/08\/Contrato_18_2019_CIMLT.pdf\">Contrato no \u00e2mbito do setor p\u00fablico CIMLT (Comunidade Intermunicipal da Lez\u00edria do Tejo)<\/a><\/li><\/ul>                    <\/div>\n                <\/div>\n               \n                <div id=\"tme-0831dd7-428384770\"  class=\"tmeaccordion is-default\" data-tmeaccordion-options='{\"selfBlock\": false}'>\n                    <h5 class=\"tmeaccordion__head\">\t\t\t\t\t\t<i aria-hidden=\"true\" class=\"im im-archive\"><\/i>\t\t\t\t\t\t\t\t\t\t\t\tConcursos p\u00fablicos                    <\/h5>                    <div class=\"tmeaccordion__body\">\n                        <ul><li><a href=\"https:\/\/www.cm-benavente.pt\/wp-content\/uploads\/2021\/08\/Contrato_18_2019_CIMLT-1.pdf\">Concurso p\u00fablico \u2013 Requalifica\u00e7\u00e3o do Cruzeiro do Calv\u00e1rio \/ Benavente<\/a><\/li><li><a href=\"https:\/\/www.cm-benavente.pt\/wp-content\/uploads\/2021\/08\/Publicacao-anuncio_D.R.bnv_.pdf\">Concurso P\u00fablico \u2013 Requalifica\u00e7\u00e3o Urbana do Centro Hist\u00f3rico de Benavente \/ Arquivo Hist\u00f3rico<\/a><\/li><li><a href=\"https:\/\/www.cm-benavente.pt\/wp-content\/uploads\/2021\/08\/Publicacao_Anuncio_D.R.pdf\">Concurso P\u00fablico \u2013 Reabilita\u00e7\u00e3o das Piscinas Municipais de Benavente \/ Efici\u00eancia energ\u00e9tica<\/a><\/li><li><a href=\"https:\/\/www.cm-benavente.pt\/wp-content\/uploads\/2021\/08\/Publicacao-D.R..pdf\">Concurso P\u00fablico \u2013 Empreitada de Requalifica\u00e7\u00e3o do Museu Municipal de Benavente<\/a><\/li><li><a href=\"https:\/\/www.cm-benavente.pt\/wp-content\/uploads\/2021\/07\/Concurso-Pu\u0301blico-Execuc\u0327a\u0303o-de-empreitada-de-ampliac\u0327a\u0303o-de-passagem-hidra\u0301ulica-do-Caminho-DEl-Rei-em-Benavente.pdf\">Concurso P\u00fablico \u2013 Execu\u00e7\u00e3o de empreitada de amplia\u00e7\u00e3o de passagem hidr\u00e1ulica do Caminho D\u2019El Rei, em Benavente<\/a><\/li><li><a href=\"https:\/\/www.cm-benavente.pt\/wp-content\/uploads\/2021\/08\/Anuncio-DRE.pdf\">Concurso Empreitada de Mobilidade Urbana Sustent\u00e1vel para Benavente e Samora Correia \u2013 Rede Cicl\u00e1vel e Pedonal de Samora Correia<\/a><\/li><li><a href=\"https:\/\/www.cm-benavente.pt\/wp-content\/uploads\/2021\/07\/Concurso-de-requalificac%CC%A7a%CC%83o-do-Parque.pdf\">Concurso de requalifica\u00e7\u00e3o do Parque Ruy Lu\u00eds Gomes (\u00c1lamos) \u2013 Samora Correia<\/a><\/li><li><a href=\"https:\/\/www.cm-benavente.pt\/wp-content\/uploads\/2021\/07\/Anu\u0301ncio-de-procedimento-n.o-95162018.pdf\">An\u00fancio de procedimento n \u00ba 9516\/2018 \u2013 An\u00fancio do Concurso P\u00fablico para execu\u00e7\u00e3o da empreitada \u201cConstru\u00e7\u00e3o de balne\u00e1rios de apoio ao Campo de Futebol da Murteira \u2013 Samora Correia\u201d<\/a><\/li><li><a href=\"https:\/\/www.cm-benavente.pt\/wp-content\/uploads\/2021\/08\/Concurso-publico-Arranjo-urbanistico-no-Bairro-1o-Maio-em-Santo-Estevao.pdf\">Concurso p\u00fablico \u2013 Arranjo urban\u00edstico no Bairro 1\u00ba Maio, em Santo Est\u00eav\u00e3o<\/a><\/li><li>Concurso Publico com vista \u00e0 Aquisi\u00e7\u00e3o de servi\u00e7os tendo em vista o fornecimento de refei\u00e7\u00f5es, nos refeit\u00f3rios escolares a cargo do Munic\u00edpio de Benavente, pelo per\u00edodo de 3 anos\u00a0\u00a0<a href=\"https:\/\/www.cm-benavente.pt\/wp-content\/uploads\/2021\/08\/410588989_-Anuncio-INCM.pdf\">410588989 An\u00fancio INCM<\/a><\/li><li>Concurso P\u00fablico com vista \u00e0 Aquisi\u00e7\u00e3o de Ap\u00f3lices de Seguros:: Consulte aqui: Concurso p\u00fablico\u00a0 AQ N.\u00ba 02\/2017\/CCE \u2013\u00a0<a href=\"https:\/\/www.cm-benavente.pt\/wp-content\/uploads\/2021\/08\/Anuncio-DR-telecomunic.pdf\">An\u00fancio DRE\u00a0<\/a><\/li><li>Concurso P\u00fablico com vista \u00e0 Aquisi\u00e7\u00e3o de Comunica\u00e7\u00f5es de Voz e Dados, Fixas e M\u00f3veis:: Consulte aqui: Concurso p\u00fablico\u00a0 AQ N.\u00ba 01\/2017\/CCE \u2013\u00a0<a href=\"https:\/\/www.cm-benavente.pt\/wp-content\/uploads\/2021\/08\/Anuncio-DR-telecomunic.pdf\">An\u00fancio DRE\u00a0<\/a><\/li><li>Concurso P\u00fablico com vista \u00e0 aquisi\u00e7\u00e3o e instala\u00e7\u00e3o de equipamentos de ilumina\u00e7\u00e3o publica:: Consulte aqui: Concurso p\u00fablico\u00a0 AQ N.\u00ba 07\/2016\/CCE \u2013\u00a0\u00a0<a href=\"https:\/\/www.cm-benavente.pt\/wp-content\/uploads\/2021\/08\/anuncio-DRE.pdf\">An\u00fancio DRE<\/a><\/li><li>Concurso P\u00fablico com vista \u00e0 aquisi\u00e7\u00e3o de diverso licenciamento de produtos (Software) Microsoft \u2013 Enterprise Agreement :: Consulte aqui: Concurso p\u00fablico N.\u00ba 1643\/2016 \u2013\u00a0<a href=\"https:\/\/www.cm-benavente.pt\/wp-content\/uploads\/2021\/08\/409898464.pdf\">409898464<\/a><\/li><\/ul>                    <\/div>\n                <\/div>\n               \n                <div id=\"tme-8339b2f-428384770\"  class=\"tmeaccordion is-default\" data-tmeaccordion-options='{\"selfBlock\": false}'>\n                    <h5 class=\"tmeaccordion__head\">\t\t\t\t\t\t<i aria-hidden=\"true\" class=\"im im-archive\"><\/i>\t\t\t\t\t\t\t\t\t\t\t\tOutros Concursos                    <\/h5>                    <div class=\"tmeaccordion__body\">\n                        <ul><li>Concurso de Ajuste Direto \u2013 Aquisi\u00e7\u00e3o de servi\u00e7os tendo em vista o fornecimento de refei\u00e7\u00f5es nos refeit\u00f3rios escolares a cargo do Munic\u00edpio<\/li><li>Concurso de Ajuste Direto \u2013 Fornecimento de aparelhos de climatiza\u00e7\u00e3o com respetiva instala\u00e7\u00e3o, a colocar na Escola Pr\u00e9 Prim\u00e1ria da Vila das Areias<\/li><li>Concurso de Ajuste Direto \u2013 Aquisi\u00e7\u00e3o de mobili\u00e1rio escolar para a EB1 N.\u00ba 2 de Porto Alto \u2013 Centro Escolar<\/li><li>Concurso de Ajuste Direto \u2013 Aquisi\u00e7\u00e3o de mobili\u00e1rio escolar para a EB1 N.\u00ba 2 de Benavente \u2013 Vila das Areias<\/li><li>Concurso de Ajuste Direto \u2013 Aquisi\u00e7\u00e3o de 100 toneladas de massa betuminosa a frio<\/li><li>Concurso de Ajuste Direto \u2013 Presta\u00e7\u00e3o de servi\u00e7os tendo em vista a produ\u00e7\u00e3o e transmiss\u00e3o de spots institucionais<\/li><li>Concurso de Ajuste Direto \u2013 Presta\u00e7\u00e3o de servi\u00e7os de limpeza de bermas e valetas numa extens\u00e3o de 135 km, nas estradas e caminhos do Concelho<\/li><li>Concurso de Ajuste Direto \u2013 Presta\u00e7\u00e3o de Servi\u00e7os de Elabora\u00e7\u00e3o do Projeto de Execu\u00e7\u00e3o para a Amplia\u00e7\u00e3o da Unidade Sa\u00fade Familiar (USF) Samora Correia.<\/li><li>Concurso de Ajuste Direto \u2013 aluguer\/loca\u00e7\u00e3o de tendas para a organiza\u00e7\u00e3o\/realiza\u00e7\u00e3o de diversos eventos a realizar durante o ano de 2017.<\/li><li>Concurso de Ajuste Direto \u2013 Presta\u00e7\u00e3o de servi\u00e7os de elabora\u00e7\u00e3o de tr\u00eas projetos de espa\u00e7os exteriores destinados \u00e0 execu\u00e7\u00e3o de obras de beneficia\u00e7\u00e3o e requalifica\u00e7\u00e3o em Foros de Almada, Foros da Charneca e Barrosa.<\/li><li>Concurso de Ajuste Direto \u2013 Aquisi\u00e7\u00e3o de contentores e papeleiras de polietileno, para a recolha de res\u00edduos s\u00f3lidos urbanos.<\/li><li>Concurso de Ajuste Direto \u2013 Aquisi\u00e7\u00e3o de diverso material el\u00e9trico<\/li><li>Concurso de Ajuste Direto \u2013 Aquisi\u00e7\u00e3o de Inertes<\/li><li>Concurso de Ajuste Direto \u2013 Presta\u00e7\u00e3o de servi\u00e7os de Comunica\u00e7\u00f5es de Dados e Voz M\u00f3veis<\/li><li>Concurso de Ajuste Direto \u2013Aquisi\u00e7\u00e3o de servi\u00e7os de produ\u00e7\u00e3o art\u00edstica, sonoriza\u00e7\u00e3o e ilumina\u00e7\u00e3o dos espet\u00e1culos integrados no 1.\u00ba Festival do Arroz Carolino<\/li><li>Concurso de Ajuste Direto \u2013 Aquisi\u00e7\u00e3o de oss\u00e1rios a equipar o cemit\u00e9rio de Samora Correia<\/li><li>Concurso de Ajuste Direto\u00a0 \u2013 Aquisi\u00e7\u00e3o de diversas placas OSB\u201d<\/li><li>Concurso de Ajuste Direto\u00a0 \u2013 Elabora\u00e7\u00e3o de estudo t\u00e9cnico e financeiro da sustentabilidade da implementa\u00e7\u00e3o de medidas de melhoria da efici\u00eancia energ\u00e9tica na ilumina\u00e7\u00e3o p\u00fablica.<\/li><li>Concurso de Ajuste Direto\u00a0 \u2013 Aquisi\u00e7\u00e3o de extintores \u2013 concurso de ajuste direto na sequ\u00eancia de acordo quadro CP 03\/2016\/CCE, pela central de compras eletr\u00f3nicas da Comunidade Intermunicipal da Lez\u00edria do Tejo.<\/li><li>Concurso de Ajuste Direto \u00a0\u2013 Presta\u00e7\u00e3o de servi\u00e7os para certifica\u00e7\u00e3o energ\u00e9tica dos edif\u00edcios \u2013 concurso de ajuste direto na sequ\u00eancia de acordo quadro CP 04\/2016\/CCE, pela central de compras eletr\u00f3nicas da Comunidade Intermunicipal da Lez\u00edria do Tejo.<\/li><li>Concurso de Ajuste Direto \u2013 Aquisi\u00e7\u00e3o de Equipamento de Cinema Digital<\/li><li>Concurso de Ajuste Direto \u2013 Fornecimento de g\u00e1s natural para as instala\u00e7\u00f5es municipais pelo per\u00edodo de 9 meses<\/li><li>Concurso de Ajuste Direto \u2013 Presta\u00e7\u00e3o de servi\u00e7os tendo em vista a aquisi\u00e7\u00e3o de Servi\u00e7os de Comunica\u00e7\u00f5es Fixas de Voz e Dados para as Instala\u00e7\u00f5es Municipais, pelo per\u00edodo de oito meses<\/li><li>Concurso de Ajuste Direto \u2013 Fornecimento e instala\u00e7\u00e3o de sinal\u00e9tica no percurso pedestre, \u201cRota das Lez\u00edrias\u201d.<\/li><li>Concurso de Ajuste Direto \u2013 Presta\u00e7\u00e3o de servi\u00e7os de revisor oficial de contas para os exerc\u00edcios de 2016 e 2017<\/li><li>Concurso de Ajuste Direto \u2013 Presta\u00e7\u00e3o de servi\u00e7os de amplia\u00e7\u00e3o do Centro Sociocultural dos Foros de Almada<\/li><li>Concurso de Ajuste Direto \u2013 Presta\u00e7\u00e3o de servi\u00e7os tendo em vista o aluguer\/loca\u00e7\u00e3o de ilumina\u00e7\u00e3o de natal para o Concelho de Benavente<\/li><li>Concursos de Ajuste Direto \u2013 Aquisi\u00e7\u00e3o de sistema de bicicletas de uso partilhado<\/li><li>Concursos de Ajuste Direto \u2013\u00a0 Aquisi\u00e7\u00e3o de servi\u00e7os de manuten\u00e7\u00e3o de extintores e carret\u00e9is, ao abrigo do Acordo Quadro celebrado na sequ\u00eancia do procedimento de Concurso P\u00fablico N.\u00ba 03\/2016\/CCE<\/li><li>Concursos de Ajuste Direto \u2013\u00a0 Presta\u00e7\u00e3o de servi\u00e7os de elabora\u00e7\u00e3o de projeto de execu\u00e7\u00e3o de balne\u00e1rios de apoio ao Campo de Futebol da Murteira \u2013 Samora Correia<\/li><li>Concursos de Ajuste Direto \u2013\u00a0 Aquisi\u00e7\u00e3o de uma viatura ligeira de 5 portas<\/li><li>Concursos de Ajuste Direto \u2013 \u00a0Aquisi\u00e7\u00e3o de duas viatura 4\u00d72 de Cabine dupla<\/li><li>Concurso de Ajuste Direto \u2013 Presta\u00e7\u00e3o de servi\u00e7os de elabora\u00e7\u00e3o de projeto de requalifica\u00e7\u00e3o do Museu Municipal Dr. Ant\u00f3nio Gabriel Ferreira Louren\u00e7o<\/li><li>Concurso de Ajuste Direto \u2013 Aquisi\u00e7\u00e3o de viatura de 9.0 T. com b\u00e1scula, caixa, grua hidr\u00e1ulica e pin\u00e7a<\/li><\/ul>                    <\/div>\n                <\/div>\n               \n                <div id=\"tme-c11e22d-428384770\"  class=\"tmeaccordion is-default\" data-tmeaccordion-options='{\"selfBlock\": false}'>\n                    <h5 class=\"tmeaccordion__head\">\t\t\t\t\t\t<i aria-hidden=\"true\" class=\"im im-archive\"><\/i>\t\t\t\t\t\t\t\t\t\t\t\tContratos adjudicados                    <\/h5>                    <div class=\"tmeaccordion__body\">\n                        <ul><li><a href=\"http:\/\/www.base.gov.pt\/Base\/pt\/ResultadosPesquisa?type=contratos&amp;query=adjudicanteid%3D56\" target=\"_blank\" rel=\"noopener\">Consulte aqui<\/a><\/li><\/ul>                    <\/div>\n                <\/div>\n                \n            <\/div>\n            \t\t\t\t<\/div>\n\t\t\t\t<\/div>\n\t\t\t\t\t<\/div>\n\t\t<\/div>\n\t\t\t\t\t<\/div>\n\t\t<\/section>\n\t\t\t\t<\/div>\n\t\t","protected":false},"excerpt":{"rendered":"<p>Contrata\u00e7\u00e3o P\u00fablica\u00a0 Condi\u00e7\u00f5es de acesso\u00a0 Para participar dos procedimentos a lan\u00e7ar pelo Munic\u00edpio os interessados dever\u00e3o contatar a Subunidade Org\u00e2nica de Compras e Aprovisionamento atrav\u00e9s de um dos seguintes contatos: 263 519 646 Email O antes referido contato n\u00e3o dispensa o registo na plataforma eletr\u00f3nica em uso no Munic\u00edpio, \u00e0 qual poder\u00e3o aceder clicando em: [&hellip;]<\/p>\n","protected":false},"author":6,"featured_media":0,"parent":1240,"menu_order":0,"comment_status":"closed","ping_status":"closed","template":"","meta":{"_vp_format_video_url":"","_vp_image_focal_point":[],"footnotes":""},"class_list":["post-3787","page","type-page","status-publish","hentry"],"_links":{"self":[{"href":"https:\/\/www.cm-benavente.pt\/index.php\/wp-json\/wp\/v2\/pages\/3787","targetHints":{"allow":["GET"]}}],"collection":[{"href":"https:\/\/www.cm-benavente.pt\/index.php\/wp-json\/wp\/v2\/pages"}],"about":[{"href":"https:\/\/www.cm-benavente.pt\/index.php\/wp-json\/wp\/v2\/types\/page"}],"author":[{"embeddable":true,"href":"https:\/\/www.cm-benavente.pt\/index.php\/wp-json\/wp\/v2\/users\/6"}],"replies":[{"embeddable":true,"href":"https:\/\/www.cm-benavente.pt\/index.php\/wp-json\/wp\/v2\/comments?post=3787"}],"version-history":[{"count":2,"href":"https:\/\/www.cm-benavente.pt\/index.php\/wp-json\/wp\/v2\/pages\/3787\/revisions"}],"predecessor-version":[{"id":52306,"href":"https:\/\/www.cm-benavente.pt\/index.php\/wp-json\/wp\/v2\/pages\/3787\/revisions\/52306"}],"up":[{"embeddable":true,"href":"https:\/\/www.cm-benavente.pt\/index.php\/wp-json\/wp\/v2\/pages\/1240"}],"wp:attachment":[{"href":"https:\/\/www.cm-benavente.pt\/index.php\/wp-json\/wp\/v2\/media?parent=3787"}],"curies":[{"name":"wp","href":"https:\/\/api.w.org\/{rel}","templated":true}]}}