{"id":3774,"date":"2021-06-17T18:01:02","date_gmt":"2021-06-17T18:01:02","guid":{"rendered":"https:\/\/terradasideias.net\/cmb\/?page_id=1290"},"modified":"2023-06-14T11:01:42","modified_gmt":"2023-06-14T11:01:42","slug":"seguranca","status":"publish","type":"page","link":"https:\/\/www.cm-benavente.pt\/index.php\/viver\/seguranca\/","title":{"rendered":"Seguran\u00e7a"},"content":{"rendered":"\t\t<div data-elementor-type=\"wp-page\" data-elementor-id=\"3774\" class=\"elementor elementor-3774\" data-elementor-post-type=\"page\">\n\t\t\t\t\t\t<section class=\"elementor-section elementor-top-section elementor-element elementor-element-89b23d6 elementor-section-boxed elementor-section-height-default elementor-section-height-default\" data-id=\"89b23d6\" data-element_type=\"section\" data-e-type=\"section\" data-settings=\"{&quot;tmea_shape_divider_top&quot;:&quot;none&quot;,&quot;tmea_shape_divider_bottom&quot;:&quot;none&quot;}\">\n\t\t\t\t\t\t<div class=\"elementor-container elementor-column-gap-default\">\n\t\t\t\t\t<div class=\"elementor-column elementor-col-100 elementor-top-column elementor-element elementor-element-48ae45b\" data-id=\"48ae45b\" data-element_type=\"column\" data-e-type=\"column\">\n\t\t\t<div class=\"elementor-widget-wrap\">\n\t\t\t\t\t\t\t<\/div>\n\t\t<\/div>\n\t\t\t\t\t<\/div>\n\t\t<\/section>\n\t\t\t\t<section class=\"elementor-section elementor-top-section elementor-element elementor-element-df4689d elementor-section-height-min-height elementor-section-boxed elementor-section-height-default elementor-section-items-middle\" data-id=\"df4689d\" data-element_type=\"section\" data-e-type=\"section\" data-settings=\"{&quot;background_background&quot;:&quot;slideshow&quot;,&quot;background_slideshow_ken_burns&quot;:&quot;yes&quot;,&quot;background_slideshow_gallery&quot;:[{&quot;id&quot;:47149,&quot;url&quot;:&quot;https:\\\/\\\/www.cm-benavente.pt\\\/wp-content\\\/uploads\\\/2023\\\/06\\\/sinal-da-saida-de-emergencia_re.jpg&quot;}],&quot;tmea_shape_divider_top&quot;:&quot;none&quot;,&quot;tmea_shape_divider_bottom&quot;:&quot;none&quot;,&quot;background_slideshow_loop&quot;:&quot;yes&quot;,&quot;background_slideshow_slide_duration&quot;:5000,&quot;background_slideshow_slide_transition&quot;:&quot;fade&quot;,&quot;background_slideshow_transition_duration&quot;:500,&quot;background_slideshow_ken_burns_zoom_direction&quot;:&quot;in&quot;}\">\n\t\t\t\t\t\t\t<div class=\"elementor-background-overlay\"><\/div>\n\t\t\t\t\t\t\t<div class=\"elementor-container elementor-column-gap-default\">\n\t\t\t\t\t<div class=\"elementor-column elementor-col-100 elementor-top-column elementor-element elementor-element-c4091d2 elementor-invisible\" data-id=\"c4091d2\" data-element_type=\"column\" data-e-type=\"column\" data-settings=\"{&quot;animation&quot;:&quot;fadeIn&quot;}\">\n\t\t\t<div class=\"elementor-widget-wrap elementor-element-populated\">\n\t\t\t\t\t\t<div class=\"elementor-element elementor-element-1ca7340 elementor-widget elementor-widget-heading\" data-id=\"1ca7340\" data-element_type=\"widget\" data-e-type=\"widget\" data-widget_type=\"heading.default\">\n\t\t\t\t<div class=\"elementor-widget-container\">\n\t\t\t\t\t<h2 class=\"elementor-heading-title elementor-size-default\">VIVER<\/h2>\t\t\t\t<\/div>\n\t\t\t\t<\/div>\n\t\t\t\t<div class=\"elementor-element elementor-element-4c80552 elementor-widget elementor-widget-heading\" data-id=\"4c80552\" data-element_type=\"widget\" data-e-type=\"widget\" data-widget_type=\"heading.default\">\n\t\t\t\t<div class=\"elementor-widget-container\">\n\t\t\t\t\t<h2 class=\"elementor-heading-title elementor-size-default\">Seguran\u00e7a e Sa\u00fade no Trabalho<\/h2>\t\t\t\t<\/div>\n\t\t\t\t<\/div>\n\t\t\t\t\t<\/div>\n\t\t<\/div>\n\t\t\t\t\t<\/div>\n\t\t<\/section>\n\t\t\t\t<section class=\"elementor-section elementor-top-section elementor-element elementor-element-9a98f2b elementor-section-boxed elementor-section-height-default elementor-section-height-default\" data-id=\"9a98f2b\" data-element_type=\"section\" data-e-type=\"section\" data-settings=\"{&quot;tmea_shape_divider_top&quot;:&quot;none&quot;,&quot;tmea_shape_divider_bottom&quot;:&quot;none&quot;}\">\n\t\t\t\t\t\t<div class=\"elementor-container elementor-column-gap-default\">\n\t\t\t\t\t<div class=\"elementor-column elementor-col-100 elementor-top-column elementor-element elementor-element-d6dbdae\" data-id=\"d6dbdae\" data-element_type=\"column\" data-e-type=\"column\">\n\t\t\t<div class=\"elementor-widget-wrap elementor-element-populated\">\n\t\t\t\t\t\t<div class=\"elementor-element elementor-element-103e5f4 elementor-widget elementor-widget-heading\" data-id=\"103e5f4\" data-element_type=\"widget\" data-e-type=\"widget\" data-widget_type=\"heading.default\">\n\t\t\t\t<div class=\"elementor-widget-container\">\n\t\t\t\t\t<h2 class=\"elementor-heading-title elementor-size-default\">Planos de conting\u00eancia<\/h2>\t\t\t\t<\/div>\n\t\t\t\t<\/div>\n\t\t\t\t<section class=\"elementor-section elementor-inner-section elementor-element elementor-element-87b9b8c elementor-section-boxed elementor-section-height-default elementor-section-height-default\" data-id=\"87b9b8c\" data-element_type=\"section\" data-e-type=\"section\" data-settings=\"{&quot;tmea_shape_divider_top&quot;:&quot;none&quot;,&quot;tmea_shape_divider_bottom&quot;:&quot;none&quot;}\">\n\t\t\t\t\t\t<div class=\"elementor-container elementor-column-gap-default\">\n\t\t\t\t\t<div class=\"elementor-column elementor-col-50 elementor-inner-column elementor-element elementor-element-97e01c4\" data-id=\"97e01c4\" data-element_type=\"column\" data-e-type=\"column\">\n\t\t\t<div class=\"elementor-widget-wrap elementor-element-populated\">\n\t\t\t\t\n\t\t<div class=\"elementor-element elementor-element-a32f1ae elementor-widget elementor-widget-text-editor\" data-id=\"a32f1ae\" data-element_type=\"widget\" data-e-type=\"widget\" data-widget_type=\"text-editor.default\">\n\t\t\t\t<div class=\"elementor-widget-container\">\n\t\t\t\t\t\t\t\t\t<h3>Benavente<\/h3>\t\t\t\t\t\t\t\t<\/div>\n\t\t\t\t<\/div>\n\t\t\t\t\t<\/div>\n\t\t<\/div>\n\t\t\t\t<div class=\"elementor-column elementor-col-50 elementor-inner-column elementor-element elementor-element-34994d9\" data-id=\"34994d9\" data-element_type=\"column\" data-e-type=\"column\">\n\t\t\t<div class=\"elementor-widget-wrap elementor-element-populated\">\n\t\t\t\t\t\t<div class=\"elementor-element elementor-element-6a4af26 elementor-widget elementor-widget-tme-accordion\" data-id=\"6a4af26\" data-element_type=\"widget\" data-e-type=\"widget\" data-widget_type=\"tme-accordion.default\">\n\t\t\t\t<div class=\"elementor-widget-container\">\n\t\t\t\t\t            <div class=\"tme-accordions\" data-selfclose=\"false\" data-opensingle=\"true\" data-openspeed=\"200\" data-closespeed=\"200\" data-autoscroll=\"false\" data-scrollspeed=\"400\" data-scrolloffset=\"0\">\n               \n                <div id=\"tme-26c2c8d-62421494\"  class=\"tmeaccordion is-default\" data-tmeaccordion-options='{\"selfBlock\": false}'>\n                    <h5 class=\"tmeaccordion__head\">\t\t\t\t\t\t\t\t\t\t\t\t\t\t\t\t\t\tPiscinas Municipais de Benavente                    <\/h5>                    <div class=\"tmeaccordion__body\">\n                        <ul><li><a href=\"https:\/\/www.cm-benavente.pt\/wp-content\/uploads\/2023\/03\/Piscinas-Municipais-de-Bte.pdf\" target=\"_blank\" rel=\"noopener\">Plano de Conting\u00eancia - COVID-19<\/a><\/li><\/ul>                    <\/div>\n                <\/div>\n               \n                <div id=\"tme-fadd849-62421494\"  class=\"tmeaccordion is-default\" data-tmeaccordion-options='{\"selfBlock\": false}'>\n                    <h5 class=\"tmeaccordion__head\">\t\t\t\t\t\t\t\t\t\t\t\t\t\t\t\t\t\tPavilh\u00e3o Gimnodesportivo da Casa do Povo de Benavente                    <\/h5>                    <div class=\"tmeaccordion__body\">\n                        <ul><li><a href=\"https:\/\/www.cm-benavente.pt\/wp-content\/uploads\/2023\/03\/1a-atualizacao-Pav.-Gimnodesportivo-de-Benavente.pdf\" target=\"_blank\" rel=\"noopener\">Plano de Conting\u00eancia - COVID-19<\/a><\/li><\/ul>                    <\/div>\n                <\/div>\n               \n                <div id=\"tme-64ec9c4-62421494\"  class=\"tmeaccordion is-default\" data-tmeaccordion-options='{\"selfBlock\": false}'>\n                    <h5 class=\"tmeaccordion__head\">\t\t\t\t\t\t\t\t\t\t\t\t\t\t\t\t\t\tComplexo Desportivo dos Camarinhais                    <\/h5>                    <div class=\"tmeaccordion__body\">\n                        <ul><li><a href=\"https:\/\/www.cm-benavente.pt\/wp-content\/uploads\/2023\/03\/Complexo-Desportivo-dos-Camarinhais.pdf\" target=\"_blank\" rel=\"noopener\">Plano de Conting\u00eancia - COVID-19<\/a><\/li><\/ul>                    <\/div>\n                <\/div>\n               \n                <div id=\"tme-0831dd7-62421494\"  class=\"tmeaccordion is-default\" data-tmeaccordion-options='{\"selfBlock\": false}'>\n                    <h5 class=\"tmeaccordion__head\">\t\t\t\t\t\t\t\t\t\t\t\t\t\t\t\t\t\tPavilh\u00e3o Gimnodesportivo da Escola Secund\u00e1ria de Benavente                    <\/h5>                    <div class=\"tmeaccordion__body\">\n                        <ul><li><a href=\"https:\/\/www.cm-benavente.pt\/wp-content\/uploads\/2023\/03\/Pavilhao-Gimnodesportivo-da-Escola-Secundaria-de-Benavente.pdf\" target=\"_blank\" rel=\"noopener\">Plano de Conting\u00eancia - COVID-19<\/a><\/li><\/ul>                    <\/div>\n                <\/div>\n                \n            <\/div>\n            \t\t\t\t<\/div>\n\t\t\t\t<\/div>\n\t\t\t\t\t<\/div>\n\t\t<\/div>\n\t\t\t\t\t<\/div>\n\t\t<\/section>\n\t\t\t\t\t<\/div>\n\t\t<\/div>\n\t\t\t\t\t<\/div>\n\t\t<\/section>\n\t\t\t\t<section class=\"elementor-section elementor-top-section elementor-element elementor-element-837abe5 elementor-section-boxed elementor-section-height-default elementor-section-height-default\" data-id=\"837abe5\" data-element_type=\"section\" data-e-type=\"section\" data-settings=\"{&quot;background_background&quot;:&quot;classic&quot;,&quot;tmea_shape_divider_top&quot;:&quot;none&quot;,&quot;tmea_shape_divider_bottom&quot;:&quot;none&quot;}\">\n\t\t\t\t\t\t<div class=\"elementor-container elementor-column-gap-default\">\n\t\t\t\t\t<div class=\"elementor-column elementor-col-50 elementor-top-column elementor-element elementor-element-e9889c9\" data-id=\"e9889c9\" data-element_type=\"column\" data-e-type=\"column\">\n\t\t\t<div class=\"elementor-widget-wrap elementor-element-populated\">\n\t\t\t\t\t\t<div class=\"elementor-element elementor-element-79b29e2 elementor-widget elementor-widget-text-editor\" data-id=\"79b29e2\" data-element_type=\"widget\" data-e-type=\"widget\" data-widget_type=\"text-editor.default\">\n\t\t\t\t<div class=\"elementor-widget-container\">\n\t\t\t\t\t\t\t\t\t<h3>Samora Correia<\/h3>\t\t\t\t\t\t\t\t<\/div>\n\t\t\t\t<\/div>\n\t\t\t\t\t<\/div>\n\t\t<\/div>\n\t\t\t\t<div class=\"elementor-column elementor-col-50 elementor-top-column elementor-element elementor-element-43d1a38\" data-id=\"43d1a38\" data-element_type=\"column\" data-e-type=\"column\">\n\t\t\t<div class=\"elementor-widget-wrap elementor-element-populated\">\n\t\t\t\t\t\t<div class=\"elementor-element elementor-element-e23266f elementor-widget elementor-widget-tme-accordion\" data-id=\"e23266f\" data-element_type=\"widget\" data-e-type=\"widget\" data-widget_type=\"tme-accordion.default\">\n\t\t\t\t<div class=\"elementor-widget-container\">\n\t\t\t\t\t            <div class=\"tme-accordions\" data-selfclose=\"false\" data-opensingle=\"true\" data-openspeed=\"200\" data-closespeed=\"200\" data-autoscroll=\"false\" data-scrollspeed=\"400\" data-scrolloffset=\"0\">\n               \n                <div id=\"tme-26c2c8d-991085239\"  class=\"tmeaccordion is-default\" data-tmeaccordion-options='{\"selfBlock\": false}'>\n                    <h5 class=\"tmeaccordion__head\">\t\t\t\t\t\t\t\t\t\t\t\t\t\t\t\t\t\tPiscinas Municipais de Samora Correia                    <\/h5>                    <div class=\"tmeaccordion__body\">\n                        <ul><li><a href=\"https:\/\/www.cm-benavente.pt\/wp-content\/uploads\/2023\/03\/Piscinas-Municipais-de-Samora.pdf\" target=\"_blank\" rel=\"noopener\">Plano de Conting\u00eancia - COVID-19<\/a><\/li><\/ul>                    <\/div>\n                <\/div>\n               \n                <div id=\"tme-fadd849-991085239\"  class=\"tmeaccordion is-default\" data-tmeaccordion-options='{\"selfBlock\": false}'>\n                    <h5 class=\"tmeaccordion__head\">\t\t\t\t\t\t\t\t\t\t\t\t\t\t\t\t\t\tPavilh\u00e3o Gimnodesportivo de Samora Correia                    <\/h5>                    <div class=\"tmeaccordion__body\">\n                        <ul><li><a href=\"https:\/\/www.cm-benavente.pt\/wp-content\/uploads\/2023\/03\/Pavilhao-Gimnodesportivo-de-Samora-Correia.pdf\" target=\"_blank\" rel=\"noopener\">Plano de Conting\u00eancia - COVID-19<\/a><\/li><\/ul>                    <\/div>\n                <\/div>\n               \n                <div id=\"tme-64ec9c4-991085239\"  class=\"tmeaccordion is-default\" data-tmeaccordion-options='{\"selfBlock\": false}'>\n                    <h5 class=\"tmeaccordion__head\">\t\t\t\t\t\t\t\t\t\t\t\t\t\t\t\t\t\tGin\u00e1sio Jo\u00e3o Fernandes Pratas                    <\/h5>                    <div class=\"tmeaccordion__body\">\n                        <ul><li><a href=\"https:\/\/www.cm-benavente.pt\/wp-content\/uploads\/2023\/03\/Ginasio-Joao-Fernandes-Pratas.pdf\" target=\"_blank\" rel=\"noopener\">Plano de Conting\u00eancia - COVID-19<\/a><\/li><\/ul>                    <\/div>\n                <\/div>\n                \n            <\/div>\n            \t\t\t\t<\/div>\n\t\t\t\t<\/div>\n\t\t\t\t\t<\/div>\n\t\t<\/div>\n\t\t\t\t\t<\/div>\n\t\t<\/section>\n\t\t\t\t<section class=\"elementor-section elementor-top-section elementor-element elementor-element-25adf5f elementor-section-boxed elementor-section-height-default elementor-section-height-default\" data-id=\"25adf5f\" data-element_type=\"section\" data-e-type=\"section\" data-settings=\"{&quot;tmea_shape_divider_top&quot;:&quot;none&quot;,&quot;tmea_shape_divider_bottom&quot;:&quot;none&quot;}\">\n\t\t\t\t\t\t<div class=\"elementor-container elementor-column-gap-default\">\n\t\t\t\t\t<div class=\"elementor-column elementor-col-50 elementor-top-column elementor-element elementor-element-0de64c5\" data-id=\"0de64c5\" data-element_type=\"column\" data-e-type=\"column\">\n\t\t\t<div class=\"elementor-widget-wrap elementor-element-populated\">\n\t\t\t\t\t\t<div class=\"elementor-element elementor-element-3c3e1a2 elementor-widget elementor-widget-text-editor\" data-id=\"3c3e1a2\" data-element_type=\"widget\" data-e-type=\"widget\" data-widget_type=\"text-editor.default\">\n\t\t\t\t<div class=\"elementor-widget-container\">\n\t\t\t\t\t\t\t\t\t<h3>Porto Alto<\/h3>\t\t\t\t\t\t\t\t<\/div>\n\t\t\t\t<\/div>\n\t\t\t\t\t<\/div>\n\t\t<\/div>\n\t\t\t\t<div class=\"elementor-column elementor-col-50 elementor-top-column elementor-element elementor-element-f55e938\" data-id=\"f55e938\" data-element_type=\"column\" data-e-type=\"column\">\n\t\t\t<div class=\"elementor-widget-wrap elementor-element-populated\">\n\t\t\t\t\t\t<div class=\"elementor-element elementor-element-a2c31ed elementor-widget elementor-widget-tme-accordion\" data-id=\"a2c31ed\" data-element_type=\"widget\" data-e-type=\"widget\" data-widget_type=\"tme-accordion.default\">\n\t\t\t\t<div class=\"elementor-widget-container\">\n\t\t\t\t\t            <div class=\"tme-accordions\" data-selfclose=\"false\" data-opensingle=\"true\" data-openspeed=\"200\" data-closespeed=\"200\" data-autoscroll=\"false\" data-scrollspeed=\"400\" data-scrolloffset=\"0\">\n               \n                <div id=\"tme-26c2c8d-1015797473\"  class=\"tmeaccordion is-default\" data-tmeaccordion-options='{\"selfBlock\": false}'>\n                    <h5 class=\"tmeaccordion__head\">\t\t\t\t\t\t\t\t\t\t\t\t\t\t\t\t\t\tPavilh\u00e3o Gimnodesportivo do Porto Alto                    <\/h5>                    <div class=\"tmeaccordion__body\">\n                        <ul><li><a href=\"https:\/\/www.cm-benavente.pt\/wp-content\/uploads\/2023\/03\/Pavilhao-Gimnodesportivo-de-Porto-Alto.pdf\" target=\"_blank\" rel=\"noopener\">Plano de Conting\u00eancia - COVID-19<\/a><\/li><\/ul>                    <\/div>\n                <\/div>\n                \n            <\/div>\n            \t\t\t\t<\/div>\n\t\t\t\t<\/div>\n\t\t\t\t\t<\/div>\n\t\t<\/div>\n\t\t\t\t\t<\/div>\n\t\t<\/section>\n\t\t\t\t<section class=\"elementor-section elementor-top-section elementor-element elementor-element-97f7c89 elementor-section-boxed elementor-section-height-default elementor-section-height-default\" data-id=\"97f7c89\" data-element_type=\"section\" data-e-type=\"section\" data-settings=\"{&quot;background_background&quot;:&quot;classic&quot;,&quot;tmea_shape_divider_top&quot;:&quot;none&quot;,&quot;tmea_shape_divider_bottom&quot;:&quot;none&quot;}\">\n\t\t\t\t\t\t<div class=\"elementor-container elementor-column-gap-default\">\n\t\t\t\t\t<div class=\"elementor-column elementor-col-50 elementor-top-column elementor-element elementor-element-828f5f7\" data-id=\"828f5f7\" data-element_type=\"column\" data-e-type=\"column\">\n\t\t\t<div class=\"elementor-widget-wrap elementor-element-populated\">\n\t\t\t\t\t\t<div class=\"elementor-element elementor-element-441d68a elementor-widget elementor-widget-text-editor\" data-id=\"441d68a\" data-element_type=\"widget\" data-e-type=\"widget\" data-widget_type=\"text-editor.default\">\n\t\t\t\t<div class=\"elementor-widget-container\">\n\t\t\t\t\t\t\t\t\t<h3>Santo Est\u00eav\u00e3o<\/h3>\t\t\t\t\t\t\t\t<\/div>\n\t\t\t\t<\/div>\n\t\t\t\t\t<\/div>\n\t\t<\/div>\n\t\t\t\t<div class=\"elementor-column elementor-col-50 elementor-top-column elementor-element elementor-element-37f51de\" data-id=\"37f51de\" data-element_type=\"column\" data-e-type=\"column\">\n\t\t\t<div class=\"elementor-widget-wrap elementor-element-populated\">\n\t\t\t\t\t\t<div class=\"elementor-element elementor-element-96783dc elementor-widget elementor-widget-tme-accordion\" data-id=\"96783dc\" data-element_type=\"widget\" data-e-type=\"widget\" data-widget_type=\"tme-accordion.default\">\n\t\t\t\t<div class=\"elementor-widget-container\">\n\t\t\t\t\t            <div class=\"tme-accordions\" data-selfclose=\"false\" data-opensingle=\"true\" data-openspeed=\"200\" data-closespeed=\"200\" data-autoscroll=\"false\" data-scrollspeed=\"400\" data-scrolloffset=\"0\">\n               \n                <div id=\"tme-26c2c8d-1761310785\"  class=\"tmeaccordion is-default\" data-tmeaccordion-options='{\"selfBlock\": false}'>\n                    <h5 class=\"tmeaccordion__head\">\t\t\t\t\t\t\t\t\t\t\t\t\t\t\t\t\t\tPavilh\u00e3o Gimnodesportivo de Santo Est\u00eav\u00e3o                    <\/h5>                    <div class=\"tmeaccordion__body\">\n                        <ul><li><a href=\"https:\/\/www.cm-benavente.pt\/wp-content\/uploads\/2023\/03\/Pavilhao-Gimnodesportivo-de-Santo-Estevao.pdf\" target=\"_blank\" rel=\"noopener\">Plano de Conting\u00eancia - COVID-19<\/a><\/li><\/ul>                    <\/div>\n                <\/div>\n                \n            <\/div>\n            \t\t\t\t<\/div>\n\t\t\t\t<\/div>\n\t\t\t\t\t<\/div>\n\t\t<\/div>\n\t\t\t\t\t<\/div>\n\t\t<\/section>\n\t\t\t\t<\/div>\n\t\t","protected":false},"excerpt":{"rendered":"<p>VIVER Seguran\u00e7a e Sa\u00fade no Trabalho Planos de conting\u00eancia Benavente Piscinas Municipais de Benavente Plano de Conting\u00eancia &#8211; COVID-19 Pavilh\u00e3o Gimnodesportivo da Casa do Povo de Benavente Plano de Conting\u00eancia &#8211; COVID-19 Complexo Desportivo dos Camarinhais Plano de Conting\u00eancia &#8211; COVID-19 Pavilh\u00e3o Gimnodesportivo da Escola Secund\u00e1ria de Benavente Plano de Conting\u00eancia &#8211; COVID-19 Samora Correia [&hellip;]<\/p>\n","protected":false},"author":6,"featured_media":0,"parent":3744,"menu_order":0,"comment_status":"closed","ping_status":"closed","template":"","meta":{"_vp_format_video_url":"","_vp_image_focal_point":[],"footnotes":""},"class_list":["post-3774","page","type-page","status-publish","hentry"],"_links":{"self":[{"href":"https:\/\/www.cm-benavente.pt\/index.php\/wp-json\/wp\/v2\/pages\/3774","targetHints":{"allow":["GET"]}}],"collection":[{"href":"https:\/\/www.cm-benavente.pt\/index.php\/wp-json\/wp\/v2\/pages"}],"about":[{"href":"https:\/\/www.cm-benavente.pt\/index.php\/wp-json\/wp\/v2\/types\/page"}],"author":[{"embeddable":true,"href":"https:\/\/www.cm-benavente.pt\/index.php\/wp-json\/wp\/v2\/users\/6"}],"replies":[{"embeddable":true,"href":"https:\/\/www.cm-benavente.pt\/index.php\/wp-json\/wp\/v2\/comments?post=3774"}],"version-history":[{"count":6,"href":"https:\/\/www.cm-benavente.pt\/index.php\/wp-json\/wp\/v2\/pages\/3774\/revisions"}],"predecessor-version":[{"id":47156,"href":"https:\/\/www.cm-benavente.pt\/index.php\/wp-json\/wp\/v2\/pages\/3774\/revisions\/47156"}],"up":[{"embeddable":true,"href":"https:\/\/www.cm-benavente.pt\/index.php\/wp-json\/wp\/v2\/pages\/3744"}],"wp:attachment":[{"href":"https:\/\/www.cm-benavente.pt\/index.php\/wp-json\/wp\/v2\/media?parent=3774"}],"curies":[{"name":"wp","href":"https:\/\/api.w.org\/{rel}","templated":true}]}}