{"id":3751,"date":"2021-06-05T14:51:49","date_gmt":"2021-06-05T14:51:49","guid":{"rendered":"https:\/\/terradasideias.net\/cmb\/?page_id=558"},"modified":"2026-04-02T09:23:52","modified_gmt":"2026-04-02T09:23:52","slug":"composicao","status":"publish","type":"page","link":"https:\/\/www.cm-benavente.pt\/index.php\/municipio\/composicao\/","title":{"rendered":"Composi\u00e7\u00e3o"},"content":{"rendered":"\t\t<div data-elementor-type=\"wp-page\" data-elementor-id=\"3751\" class=\"elementor elementor-3751\" data-elementor-post-type=\"page\">\n\t\t\t\t\t\t<section class=\"elementor-section elementor-top-section elementor-element elementor-element-cc53f10 elementor-section-boxed elementor-section-height-default elementor-section-height-default\" data-id=\"cc53f10\" data-element_type=\"section\" data-e-type=\"section\" data-settings=\"{&quot;tmea_shape_divider_top&quot;:&quot;none&quot;,&quot;tmea_shape_divider_bottom&quot;:&quot;none&quot;}\">\n\t\t\t\t\t\t<div class=\"elementor-container elementor-column-gap-default\">\n\t\t\t\t\t<div class=\"elementor-column elementor-col-100 elementor-top-column elementor-element elementor-element-f6d7f35\" data-id=\"f6d7f35\" data-element_type=\"column\" data-e-type=\"column\">\n\t\t\t<div class=\"elementor-widget-wrap\">\n\t\t\t\t\t\t\t<\/div>\n\t\t<\/div>\n\t\t\t\t\t<\/div>\n\t\t<\/section>\n\t\t\t\t<section class=\"elementor-section elementor-top-section elementor-element elementor-element-5f946e6 elementor-section-boxed elementor-section-height-default elementor-section-height-default\" data-id=\"5f946e6\" data-element_type=\"section\" data-e-type=\"section\" data-settings=\"{&quot;animation&quot;:&quot;none&quot;,&quot;background_background&quot;:&quot;classic&quot;,&quot;tmea_shape_divider_top&quot;:&quot;none&quot;,&quot;tmea_shape_divider_bottom&quot;:&quot;none&quot;}\">\n\t\t\t\t\t\t<div class=\"elementor-container elementor-column-gap-default\">\n\t\t\t\t\t<div class=\"elementor-column elementor-col-100 elementor-top-column elementor-element elementor-element-37825f6\" data-id=\"37825f6\" data-element_type=\"column\" data-e-type=\"column\" data-settings=\"{&quot;animation&quot;:&quot;none&quot;}\">\n\t\t\t<div class=\"elementor-widget-wrap elementor-element-populated\">\n\t\t\t\t\t\t<div class=\"elementor-element elementor-element-57f7d23 elementor-widget elementor-widget-heading\" data-id=\"57f7d23\" data-element_type=\"widget\" data-e-type=\"widget\" data-widget_type=\"heading.default\">\n\t\t\t\t<div class=\"elementor-widget-container\">\n\t\t\t\t\t<h1 class=\"elementor-heading-title elementor-size-default\">O Executivo Municipal\u00a0<\/h1>\t\t\t\t<\/div>\n\t\t\t\t<\/div>\n\t\t\t\t\t<\/div>\n\t\t<\/div>\n\t\t\t\t\t<\/div>\n\t\t<\/section>\n\t\t<div class=\"elementor-element elementor-element-f06089f e-grid e-con-boxed e-con e-parent\" data-id=\"f06089f\" data-element_type=\"container\" data-e-type=\"container\" data-settings=\"{&quot;tmea_shape_divider_top&quot;:&quot;none&quot;,&quot;tmea_shape_divider_bottom&quot;:&quot;none&quot;}\">\n\t\t\t\t\t<div class=\"e-con-inner\">\n\t\t<div class=\"elementor-element elementor-element-2a745a7 e-con-full e-flex e-con e-child\" data-id=\"2a745a7\" data-element_type=\"container\" data-e-type=\"container\" data-settings=\"{&quot;tmea_shape_divider_top&quot;:&quot;none&quot;,&quot;tmea_shape_divider_bottom&quot;:&quot;none&quot;}\">\n\t\t\t\t<div class=\"elementor-element elementor-element-9771a54 elementor-widget elementor-widget-image\" data-id=\"9771a54\" data-element_type=\"widget\" data-e-type=\"widget\" data-widget_type=\"image.default\">\n\t\t\t\t<div class=\"elementor-widget-container\">\n\t\t\t\t\t\t\t\t\t\t\t\t\t\t\t<img fetchpriority=\"high\" decoding=\"async\" width=\"800\" height=\"800\" src=\"https:\/\/www.cm-benavente.pt\/wp-content\/uploads\/2025\/11\/Sonia-Ferreira-Presidente-1024x1024.jpg\" class=\"attachment-large size-large wp-image-80716\" alt=\"\" srcset=\"https:\/\/www.cm-benavente.pt\/wp-content\/uploads\/2025\/11\/Sonia-Ferreira-Presidente-1024x1024.jpg 1024w, https:\/\/www.cm-benavente.pt\/wp-content\/uploads\/2025\/11\/Sonia-Ferreira-Presidente-300x300.jpg 300w, https:\/\/www.cm-benavente.pt\/wp-content\/uploads\/2025\/11\/Sonia-Ferreira-Presidente-150x150.jpg 150w, https:\/\/www.cm-benavente.pt\/wp-content\/uploads\/2025\/11\/Sonia-Ferreira-Presidente-768x768.jpg 768w, https:\/\/www.cm-benavente.pt\/wp-content\/uploads\/2025\/11\/Sonia-Ferreira-Presidente-500x500.jpg 500w, https:\/\/www.cm-benavente.pt\/wp-content\/uploads\/2025\/11\/Sonia-Ferreira-Presidente-800x800.jpg 800w, https:\/\/www.cm-benavente.pt\/wp-content\/uploads\/2025\/11\/Sonia-Ferreira-Presidente.jpg 1080w\" sizes=\"(max-width: 800px) 100vw, 800px\" \/>\t\t\t\t\t\t\t\t\t\t\t\t\t\t\t<\/div>\n\t\t\t\t<\/div>\n\t\t\t\t<div class=\"elementor-element elementor-element-9d5449c elementor-widget elementor-widget-heading\" data-id=\"9d5449c\" data-element_type=\"widget\" data-e-type=\"widget\" data-widget_type=\"heading.default\">\n\t\t\t\t<div class=\"elementor-widget-container\">\n\t\t\t\t\t<h3 class=\"elementor-heading-title elementor-size-default\">S\u00f3nia Ferreira<\/h3>\t\t\t\t<\/div>\n\t\t\t\t<\/div>\n\t\t\t\t<div class=\"elementor-element elementor-element-3ad1834 elementor-widget elementor-widget-heading\" data-id=\"3ad1834\" data-element_type=\"widget\" data-e-type=\"widget\" data-widget_type=\"heading.default\">\n\t\t\t\t<div class=\"elementor-widget-container\">\n\t\t\t\t\t<h4 class=\"elementor-heading-title elementor-size-default\">Presidente da C\u00e2mara Municipal de Benavente<\/h4>\t\t\t\t<\/div>\n\t\t\t\t<\/div>\n\t\t\t\t<div class=\"elementor-element elementor-element-2acfc67 elementor-widget elementor-widget-heading\" data-id=\"2acfc67\" data-element_type=\"widget\" data-e-type=\"widget\" data-widget_type=\"heading.default\">\n\t\t\t\t<div class=\"elementor-widget-container\">\n\t\t\t\t\t<h4 class=\"elementor-heading-title elementor-size-default\">PPD\/PSD<\/h4>\t\t\t\t<\/div>\n\t\t\t\t<\/div>\n\t\t\n\t\t<div class=\"elementor-element elementor-element-7f5da90 elementor-widget elementor-widget-text-editor\" data-id=\"7f5da90\" data-element_type=\"widget\" data-e-type=\"widget\" data-widget_type=\"text-editor.default\">\n\t\t\t\t<div class=\"elementor-widget-container\">\n\t\t\t\t\t\t\t\t\t<p><strong>Pelouros:<\/strong><\/p><p>&#8211; Gest\u00e3o Administrativa e Financeira e Moderniza\u00e7\u00e3o Administrativa<br \/>&#8211; Desenvolvimento Econ\u00f3mico e Fundos Comunit\u00e1rios<br \/>&#8211; Coordena\u00e7\u00e3o dos Instrumentos de Gest\u00e3o Territorial Aplic\u00e1veis ao Munic\u00edpio<br \/>&#8211; Obras Municipais<br \/>&#8211; Prote\u00e7\u00e3o Civil e Seguran\u00e7a P\u00fablica<br \/>&#8211; Patrim\u00f3nio Municipal<br \/>&#8211; Educa\u00e7\u00e3o<br \/>&#8211; A\u00e7\u00e3o Social e Habita\u00e7\u00e3o Social<br \/>&#8211; Cultura<br \/>&#8211; Promo\u00e7\u00e3o Tur\u00edstica<br \/>&#8211; Sa\u00fade<br \/>&#8211; Comunica\u00e7\u00e3o e Rela\u00e7\u00f5es-P\u00fablicas<br \/>&#8211; Espa\u00e7os Verdes<br \/>&#8211; Canil municipal<br \/>&#8211; Rela\u00e7\u00f5es Internacionais<br \/>&#8211; Rela\u00e7\u00e3o com as Juntas de Freguesia<br \/>&#8211; Rela\u00e7\u00e3o com as IPSS&#8217;s<br \/>&#8211; Rela\u00e7\u00e3o com as ligas de melhoramentos, as comiss\u00f5es de moradores, as associa\u00e7\u00f5es de propriet\u00e1rios e as comiss\u00f5es de festas.<\/p>\t\t\t\t\t\t\t\t<\/div>\n\t\t\t\t<\/div>\n\t\t\t\t<div class=\"elementor-element elementor-element-e9f199f elementor-view-default elementor-widget elementor-widget-icon\" data-id=\"e9f199f\" data-element_type=\"widget\" data-e-type=\"widget\" data-widget_type=\"icon.default\">\n\t\t\t\t<div class=\"elementor-widget-container\">\n\t\t\t\t\t\t\t<div class=\"elementor-icon-wrapper\">\n\t\t\t<a class=\"elementor-icon\" href=\"mailto:sonia.ferreira@cm-benavente.pt\">\n\t\t\t<i aria-hidden=\"true\" class=\"fi fi-email\"><\/i>\t\t\t<\/a>\n\t\t<\/div>\n\t\t\t\t\t\t<\/div>\n\t\t\t\t<\/div>\n\t\t\t\t<\/div>\n\t\t<div class=\"elementor-element elementor-element-a51d4c3 e-con-full e-flex e-con e-child\" data-id=\"a51d4c3\" data-element_type=\"container\" data-e-type=\"container\" data-settings=\"{&quot;tmea_shape_divider_top&quot;:&quot;none&quot;,&quot;tmea_shape_divider_bottom&quot;:&quot;none&quot;}\">\n\t\t\t\t<div class=\"elementor-element elementor-element-cfc7c7d elementor-widget elementor-widget-image\" data-id=\"cfc7c7d\" data-element_type=\"widget\" data-e-type=\"widget\" data-widget_type=\"image.default\">\n\t\t\t\t<div class=\"elementor-widget-container\">\n\t\t\t\t\t\t\t\t\t\t\t\t\t\t\t<img decoding=\"async\" width=\"800\" height=\"800\" src=\"https:\/\/www.cm-benavente.pt\/wp-content\/uploads\/2025\/11\/Sergio-Abreu-Vice-Presidente-1024x1024.jpg\" class=\"attachment-large size-large wp-image-80717\" alt=\"\" srcset=\"https:\/\/www.cm-benavente.pt\/wp-content\/uploads\/2025\/11\/Sergio-Abreu-Vice-Presidente-1024x1024.jpg 1024w, https:\/\/www.cm-benavente.pt\/wp-content\/uploads\/2025\/11\/Sergio-Abreu-Vice-Presidente-300x300.jpg 300w, https:\/\/www.cm-benavente.pt\/wp-content\/uploads\/2025\/11\/Sergio-Abreu-Vice-Presidente-150x150.jpg 150w, https:\/\/www.cm-benavente.pt\/wp-content\/uploads\/2025\/11\/Sergio-Abreu-Vice-Presidente-768x768.jpg 768w, https:\/\/www.cm-benavente.pt\/wp-content\/uploads\/2025\/11\/Sergio-Abreu-Vice-Presidente-500x500.jpg 500w, https:\/\/www.cm-benavente.pt\/wp-content\/uploads\/2025\/11\/Sergio-Abreu-Vice-Presidente-800x800.jpg 800w, https:\/\/www.cm-benavente.pt\/wp-content\/uploads\/2025\/11\/Sergio-Abreu-Vice-Presidente.jpg 1080w\" sizes=\"(max-width: 800px) 100vw, 800px\" \/>\t\t\t\t\t\t\t\t\t\t\t\t\t\t\t<\/div>\n\t\t\t\t<\/div>\n\t\t\t\t<div class=\"elementor-element elementor-element-94242af elementor-widget elementor-widget-heading\" data-id=\"94242af\" data-element_type=\"widget\" data-e-type=\"widget\" data-widget_type=\"heading.default\">\n\t\t\t\t<div class=\"elementor-widget-container\">\n\t\t\t\t\t<h3 class=\"elementor-heading-title elementor-size-default\">Paulo S\u00e9rgio Abreu<\/h3>\t\t\t\t<\/div>\n\t\t\t\t<\/div>\n\t\t\t\t<div class=\"elementor-element elementor-element-d781bb7 elementor-widget elementor-widget-heading\" data-id=\"d781bb7\" data-element_type=\"widget\" data-e-type=\"widget\" data-widget_type=\"heading.default\">\n\t\t\t\t<div class=\"elementor-widget-container\">\n\t\t\t\t\t<h4 class=\"elementor-heading-title elementor-size-default\">Vice-Presidente da C\u00e2mara Municipal de Benavente<\/h4>\t\t\t\t<\/div>\n\t\t\t\t<\/div>\n\t\t\t\t<div class=\"elementor-element elementor-element-5e9e875 elementor-widget elementor-widget-heading\" data-id=\"5e9e875\" data-element_type=\"widget\" data-e-type=\"widget\" data-widget_type=\"heading.default\">\n\t\t\t\t<div class=\"elementor-widget-container\">\n\t\t\t\t\t<h4 class=\"elementor-heading-title elementor-size-default\">PPD\/PSD<\/h4>\t\t\t\t<\/div>\n\t\t\t\t<\/div>\n\t\t\t\t<div class=\"elementor-element elementor-element-8e60e76 elementor-widget elementor-widget-text-editor\" data-id=\"8e60e76\" data-element_type=\"widget\" data-e-type=\"widget\" data-widget_type=\"text-editor.default\">\n\t\t\t\t<div class=\"elementor-widget-container\">\n\t\t\t\t\t\t\t\t\t<p><strong>Pelouros:<\/strong><\/p><p>&#8211; Obras Particulares (Urbaniza\u00e7\u00e3o e Edifica\u00e7\u00e3o)<br \/>&#8211; Planeamento Urban\u00edstico e Desenvolvimento<br \/>&#8211; Ambiente<br \/>&#8211; Fiscaliza\u00e7\u00e3o<br \/>&#8211; Tr\u00e2nsito e Topon\u00edmia<br \/>&#8211; Desporto e Equipamentos Desportivos<br \/>&#8211; Infraestruturas Municipais<br \/>&#8211; Higiene e Salubridade P\u00fablicas<br \/>&#8211; Estaleiros Municipais<br \/>&#8211; Oficinas e Frota Municipais<br \/>&#8211; Ilumina\u00e7\u00e3o P\u00fablica<br \/>&#8211; Juventude e Tempos Livres<br \/>&#8211; Mobilidade<\/p>\t\t\t\t\t\t\t\t<\/div>\n\t\t\t\t<\/div>\n\t\t\t\t<div class=\"elementor-element elementor-element-a8364ca elementor-view-default elementor-widget elementor-widget-icon\" data-id=\"a8364ca\" data-element_type=\"widget\" data-e-type=\"widget\" data-widget_type=\"icon.default\">\n\t\t\t\t<div class=\"elementor-widget-container\">\n\t\t\t\t\t\t\t<div class=\"elementor-icon-wrapper\">\n\t\t\t<a class=\"elementor-icon\" href=\"mailto:paulo.abreu@cm-benavente.pt\">\n\t\t\t<i aria-hidden=\"true\" class=\"fi fi-email\"><\/i>\t\t\t<\/a>\n\t\t<\/div>\n\t\t\t\t\t\t<\/div>\n\t\t\t\t<\/div>\n\t\t\t\t<\/div>\n\t\t\t\t\t<\/div>\n\t\t\t\t<\/div>\n\t\t<div class=\"elementor-element elementor-element-7dfd3a0 e-grid e-con-boxed e-con e-parent\" data-id=\"7dfd3a0\" data-element_type=\"container\" data-e-type=\"container\" data-settings=\"{&quot;tmea_shape_divider_top&quot;:&quot;none&quot;,&quot;tmea_shape_divider_bottom&quot;:&quot;none&quot;}\">\n\t\t\t\t\t<div class=\"e-con-inner\">\n\t\t<div class=\"elementor-element elementor-element-4a88413 e-con-full e-flex e-con e-child\" data-id=\"4a88413\" data-element_type=\"container\" data-e-type=\"container\" data-settings=\"{&quot;tmea_shape_divider_top&quot;:&quot;none&quot;,&quot;tmea_shape_divider_bottom&quot;:&quot;none&quot;}\">\n\t\t\t\t<div class=\"elementor-element elementor-element-0d99b47 elementor-widget elementor-widget-image\" data-id=\"0d99b47\" data-element_type=\"widget\" data-e-type=\"widget\" data-widget_type=\"image.default\">\n\t\t\t\t<div class=\"elementor-widget-container\">\n\t\t\t\t\t\t\t\t\t\t\t\t\t\t\t<img decoding=\"async\" width=\"800\" height=\"800\" src=\"https:\/\/www.cm-benavente.pt\/wp-content\/uploads\/2025\/12\/Frederico-Antunes-Vereador-1024x1024.jpg\" class=\"attachment-large size-large wp-image-81654\" alt=\"\" srcset=\"https:\/\/www.cm-benavente.pt\/wp-content\/uploads\/2025\/12\/Frederico-Antunes-Vereador-1024x1024.jpg 1024w, https:\/\/www.cm-benavente.pt\/wp-content\/uploads\/2025\/12\/Frederico-Antunes-Vereador-300x300.jpg 300w, https:\/\/www.cm-benavente.pt\/wp-content\/uploads\/2025\/12\/Frederico-Antunes-Vereador-150x150.jpg 150w, https:\/\/www.cm-benavente.pt\/wp-content\/uploads\/2025\/12\/Frederico-Antunes-Vereador-768x768.jpg 768w, https:\/\/www.cm-benavente.pt\/wp-content\/uploads\/2025\/12\/Frederico-Antunes-Vereador-500x500.jpg 500w, https:\/\/www.cm-benavente.pt\/wp-content\/uploads\/2025\/12\/Frederico-Antunes-Vereador-800x800.jpg 800w, https:\/\/www.cm-benavente.pt\/wp-content\/uploads\/2025\/12\/Frederico-Antunes-Vereador.jpg 1080w\" sizes=\"(max-width: 800px) 100vw, 800px\" \/>\t\t\t\t\t\t\t\t\t\t\t\t\t\t\t<\/div>\n\t\t\t\t<\/div>\n\t\t\t\t<div class=\"elementor-element elementor-element-29a418d elementor-widget elementor-widget-heading\" data-id=\"29a418d\" data-element_type=\"widget\" data-e-type=\"widget\" data-widget_type=\"heading.default\">\n\t\t\t\t<div class=\"elementor-widget-container\">\n\t\t\t\t\t<h3 class=\"elementor-heading-title elementor-size-default\">Frederico Cola\u00e7o Antunes<\/h3>\t\t\t\t<\/div>\n\t\t\t\t<\/div>\n\t\t\t\t<div class=\"elementor-element elementor-element-391d523 elementor-widget elementor-widget-heading\" data-id=\"391d523\" data-element_type=\"widget\" data-e-type=\"widget\" data-widget_type=\"heading.default\">\n\t\t\t\t<div class=\"elementor-widget-container\">\n\t\t\t\t\t<h4 class=\"elementor-heading-title elementor-size-default\">Vereador da C\u00e2mara Municipal de Benavente<\/h4>\t\t\t\t<\/div>\n\t\t\t\t<\/div>\n\t\t\t\t<div class=\"elementor-element elementor-element-960c37a elementor-widget elementor-widget-heading\" data-id=\"960c37a\" data-element_type=\"widget\" data-e-type=\"widget\" data-widget_type=\"heading.default\">\n\t\t\t\t<div class=\"elementor-widget-container\">\n\t\t\t\t\t<h4 class=\"elementor-heading-title elementor-size-default\">CHEGA<\/h4>\t\t\t\t<\/div>\n\t\t\t\t<\/div>\n\t\t\t\t<div class=\"elementor-element elementor-element-9ff1fa5 elementor-widget elementor-widget-text-editor\" data-id=\"9ff1fa5\" data-element_type=\"widget\" data-e-type=\"widget\" data-widget_type=\"text-editor.default\">\n\t\t\t\t<div class=\"elementor-widget-container\">\n\t\t\t\t\t\t\t\t\t<p><strong>Pelouros:<\/strong><\/p><p>&#8211; Desenvolvimento Econ\u00f3mico, Investimento e Empreendedorismo<br \/>&#8211; Transi\u00e7\u00e3o Digital, Inova\u00e7\u00e3o, Ci\u00eancia e Tecnologia<br \/>&#8211; Habita\u00e7\u00e3o P\u00fablica<br \/>-Mobilidade e Transportes<br \/>&#8211; Bem-Estar Animal<\/p>\t\t\t\t\t\t\t\t<\/div>\n\t\t\t\t<\/div>\n\t\t\t\t<div class=\"elementor-element elementor-element-e0759e0 elementor-view-default elementor-widget elementor-widget-icon\" data-id=\"e0759e0\" data-element_type=\"widget\" data-e-type=\"widget\" data-widget_type=\"icon.default\">\n\t\t\t\t<div class=\"elementor-widget-container\">\n\t\t\t\t\t\t\t<div class=\"elementor-icon-wrapper\">\n\t\t\t<a class=\"elementor-icon\" href=\"mailto:frederico.antunes@cm-benavente.pt\">\n\t\t\t<i aria-hidden=\"true\" class=\"fi fi-email\"><\/i>\t\t\t<\/a>\n\t\t<\/div>\n\t\t\t\t\t\t<\/div>\n\t\t\t\t<\/div>\n\t\t\t\t<\/div>\n\t\t<div class=\"elementor-element elementor-element-1fc1c07 e-con-full e-flex e-con e-child\" data-id=\"1fc1c07\" data-element_type=\"container\" data-e-type=\"container\" data-settings=\"{&quot;tmea_shape_divider_top&quot;:&quot;none&quot;,&quot;tmea_shape_divider_bottom&quot;:&quot;none&quot;}\">\n\t\t\t\t<div class=\"elementor-element elementor-element-a729596 elementor-widget elementor-widget-image\" data-id=\"a729596\" data-element_type=\"widget\" data-e-type=\"widget\" data-widget_type=\"image.default\">\n\t\t\t\t<div class=\"elementor-widget-container\">\n\t\t\t\t\t\t\t\t\t\t\t\t\t\t\t<img loading=\"lazy\" decoding=\"async\" width=\"800\" height=\"800\" src=\"https:\/\/www.cm-benavente.pt\/wp-content\/uploads\/2025\/12\/Paulo-Cardoso-Vereador-1024x1024.jpg\" class=\"attachment-large size-large wp-image-81655\" alt=\"\" srcset=\"https:\/\/www.cm-benavente.pt\/wp-content\/uploads\/2025\/12\/Paulo-Cardoso-Vereador-1024x1024.jpg 1024w, https:\/\/www.cm-benavente.pt\/wp-content\/uploads\/2025\/12\/Paulo-Cardoso-Vereador-300x300.jpg 300w, https:\/\/www.cm-benavente.pt\/wp-content\/uploads\/2025\/12\/Paulo-Cardoso-Vereador-150x150.jpg 150w, https:\/\/www.cm-benavente.pt\/wp-content\/uploads\/2025\/12\/Paulo-Cardoso-Vereador-768x768.jpg 768w, https:\/\/www.cm-benavente.pt\/wp-content\/uploads\/2025\/12\/Paulo-Cardoso-Vereador-500x500.jpg 500w, https:\/\/www.cm-benavente.pt\/wp-content\/uploads\/2025\/12\/Paulo-Cardoso-Vereador-800x800.jpg 800w, https:\/\/www.cm-benavente.pt\/wp-content\/uploads\/2025\/12\/Paulo-Cardoso-Vereador.jpg 1080w\" sizes=\"(max-width: 800px) 100vw, 800px\" \/>\t\t\t\t\t\t\t\t\t\t\t\t\t\t\t<\/div>\n\t\t\t\t<\/div>\n\t\t\t\t<div class=\"elementor-element elementor-element-dc1564c elementor-widget elementor-widget-heading\" data-id=\"dc1564c\" data-element_type=\"widget\" data-e-type=\"widget\" data-widget_type=\"heading.default\">\n\t\t\t\t<div class=\"elementor-widget-container\">\n\t\t\t\t\t<h3 class=\"elementor-heading-title elementor-size-default\">Paulo Cardoso<\/h3>\t\t\t\t<\/div>\n\t\t\t\t<\/div>\n\t\t\t\t<div class=\"elementor-element elementor-element-0de1976 elementor-widget elementor-widget-heading\" data-id=\"0de1976\" data-element_type=\"widget\" data-e-type=\"widget\" data-widget_type=\"heading.default\">\n\t\t\t\t<div class=\"elementor-widget-container\">\n\t\t\t\t\t<h4 class=\"elementor-heading-title elementor-size-default\">Vereador da C\u00e2mara Municipal de Benavente<\/h4>\t\t\t\t<\/div>\n\t\t\t\t<\/div>\n\t\t\t\t<div class=\"elementor-element elementor-element-aab2fe9 elementor-widget elementor-widget-heading\" data-id=\"aab2fe9\" data-element_type=\"widget\" data-e-type=\"widget\" data-widget_type=\"heading.default\">\n\t\t\t\t<div class=\"elementor-widget-container\">\n\t\t\t\t\t<h4 class=\"elementor-heading-title elementor-size-default\">CHEGA<\/h4>\t\t\t\t<\/div>\n\t\t\t\t<\/div>\n\t\t\t\t<div class=\"elementor-element elementor-element-4ecfcfa elementor-view-default elementor-widget elementor-widget-icon\" data-id=\"4ecfcfa\" data-element_type=\"widget\" data-e-type=\"widget\" data-widget_type=\"icon.default\">\n\t\t\t\t<div class=\"elementor-widget-container\">\n\t\t\t\t\t\t\t<div class=\"elementor-icon-wrapper\">\n\t\t\t<a class=\"elementor-icon\" href=\"mailto:paulo.cardoso@cm-benavente.pt\">\n\t\t\t<i aria-hidden=\"true\" class=\"fi fi-email\"><\/i>\t\t\t<\/a>\n\t\t<\/div>\n\t\t\t\t\t\t<\/div>\n\t\t\t\t<\/div>\n\t\t\t\t<\/div>\n\t\t\t\t\t<\/div>\n\t\t\t\t<\/div>\n\t\t<div class=\"elementor-element elementor-element-3c9d372 e-grid e-con-boxed e-con e-parent\" data-id=\"3c9d372\" data-element_type=\"container\" data-e-type=\"container\" data-settings=\"{&quot;tmea_shape_divider_top&quot;:&quot;none&quot;,&quot;tmea_shape_divider_bottom&quot;:&quot;none&quot;}\">\n\t\t\t\t\t<div class=\"e-con-inner\">\n\t\t<div class=\"elementor-element elementor-element-403219f e-con-full e-flex e-con e-child\" data-id=\"403219f\" data-element_type=\"container\" data-e-type=\"container\" data-settings=\"{&quot;tmea_shape_divider_top&quot;:&quot;none&quot;,&quot;tmea_shape_divider_bottom&quot;:&quot;none&quot;}\">\n\t\t\t\t<div class=\"elementor-element elementor-element-f687d91 elementor-widget elementor-widget-image\" data-id=\"f687d91\" data-element_type=\"widget\" data-e-type=\"widget\" data-widget_type=\"image.default\">\n\t\t\t\t<div class=\"elementor-widget-container\">\n\t\t\t\t\t\t\t\t\t\t\t\t\t\t\t<img loading=\"lazy\" decoding=\"async\" width=\"800\" height=\"800\" src=\"https:\/\/www.cm-benavente.pt\/wp-content\/uploads\/2025\/12\/Helio-Justino-Vereador-1024x1024.jpg\" class=\"attachment-large size-large wp-image-81603\" alt=\"\" srcset=\"https:\/\/www.cm-benavente.pt\/wp-content\/uploads\/2025\/12\/Helio-Justino-Vereador-1024x1024.jpg 1024w, https:\/\/www.cm-benavente.pt\/wp-content\/uploads\/2025\/12\/Helio-Justino-Vereador-300x300.jpg 300w, https:\/\/www.cm-benavente.pt\/wp-content\/uploads\/2025\/12\/Helio-Justino-Vereador-150x150.jpg 150w, https:\/\/www.cm-benavente.pt\/wp-content\/uploads\/2025\/12\/Helio-Justino-Vereador-768x768.jpg 768w, https:\/\/www.cm-benavente.pt\/wp-content\/uploads\/2025\/12\/Helio-Justino-Vereador-500x500.jpg 500w, https:\/\/www.cm-benavente.pt\/wp-content\/uploads\/2025\/12\/Helio-Justino-Vereador-800x800.jpg 800w, https:\/\/www.cm-benavente.pt\/wp-content\/uploads\/2025\/12\/Helio-Justino-Vereador.jpg 1080w\" sizes=\"(max-width: 800px) 100vw, 800px\" \/>\t\t\t\t\t\t\t\t\t\t\t\t\t\t\t<\/div>\n\t\t\t\t<\/div>\n\t\t\t\t<div class=\"elementor-element elementor-element-fc85b89 elementor-widget elementor-widget-heading\" data-id=\"fc85b89\" data-element_type=\"widget\" data-e-type=\"widget\" data-widget_type=\"heading.default\">\n\t\t\t\t<div class=\"elementor-widget-container\">\n\t\t\t\t\t<h3 class=\"elementor-heading-title elementor-size-default\">H\u00e9lio Justino<\/h3>\t\t\t\t<\/div>\n\t\t\t\t<\/div>\n\t\t\t\t<div class=\"elementor-element elementor-element-3b47ea9 elementor-widget elementor-widget-heading\" data-id=\"3b47ea9\" data-element_type=\"widget\" data-e-type=\"widget\" data-widget_type=\"heading.default\">\n\t\t\t\t<div class=\"elementor-widget-container\">\n\t\t\t\t\t<h4 class=\"elementor-heading-title elementor-size-default\">Vereador da C\u00e2mara Municipal de Benavente<\/h4>\t\t\t\t<\/div>\n\t\t\t\t<\/div>\n\t\t\t\t<div class=\"elementor-element elementor-element-9d8b067 elementor-widget elementor-widget-heading\" data-id=\"9d8b067\" data-element_type=\"widget\" data-e-type=\"widget\" data-widget_type=\"heading.default\">\n\t\t\t\t<div class=\"elementor-widget-container\">\n\t\t\t\t\t<h4 class=\"elementor-heading-title elementor-size-default\">CDU\/IND.<\/h4>\t\t\t\t<\/div>\n\t\t\t\t<\/div>\n\t\t\t\t<div class=\"elementor-element elementor-element-62f70de elementor-view-default elementor-widget elementor-widget-icon\" data-id=\"62f70de\" data-element_type=\"widget\" data-e-type=\"widget\" data-widget_type=\"icon.default\">\n\t\t\t\t<div class=\"elementor-widget-container\">\n\t\t\t\t\t\t\t<div class=\"elementor-icon-wrapper\">\n\t\t\t<a class=\"elementor-icon\" href=\"mailto:helio.justino@cm-benavente.pt\">\n\t\t\t<i aria-hidden=\"true\" class=\"fi fi-email\"><\/i>\t\t\t<\/a>\n\t\t<\/div>\n\t\t\t\t\t\t<\/div>\n\t\t\t\t<\/div>\n\t\t\t\t<\/div>\n\t\t<div class=\"elementor-element elementor-element-c8de80c e-con-full e-flex e-con e-child\" data-id=\"c8de80c\" data-element_type=\"container\" data-e-type=\"container\" data-settings=\"{&quot;tmea_shape_divider_top&quot;:&quot;none&quot;,&quot;tmea_shape_divider_bottom&quot;:&quot;none&quot;}\">\n\t\t\t\t<div class=\"elementor-element elementor-element-9ba08e0 elementor-widget elementor-widget-image\" data-id=\"9ba08e0\" data-element_type=\"widget\" data-e-type=\"widget\" data-widget_type=\"image.default\">\n\t\t\t\t<div class=\"elementor-widget-container\">\n\t\t\t\t\t\t\t\t\t\t\t\t\t\t\t<img loading=\"lazy\" decoding=\"async\" width=\"800\" height=\"800\" src=\"https:\/\/www.cm-benavente.pt\/wp-content\/uploads\/2025\/11\/Catarina-Vale-Vereadora-1024x1024.jpg\" class=\"attachment-large size-large wp-image-80718\" alt=\"\" srcset=\"https:\/\/www.cm-benavente.pt\/wp-content\/uploads\/2025\/11\/Catarina-Vale-Vereadora-1024x1024.jpg 1024w, https:\/\/www.cm-benavente.pt\/wp-content\/uploads\/2025\/11\/Catarina-Vale-Vereadora-300x300.jpg 300w, https:\/\/www.cm-benavente.pt\/wp-content\/uploads\/2025\/11\/Catarina-Vale-Vereadora-150x150.jpg 150w, https:\/\/www.cm-benavente.pt\/wp-content\/uploads\/2025\/11\/Catarina-Vale-Vereadora-768x768.jpg 768w, https:\/\/www.cm-benavente.pt\/wp-content\/uploads\/2025\/11\/Catarina-Vale-Vereadora-500x500.jpg 500w, https:\/\/www.cm-benavente.pt\/wp-content\/uploads\/2025\/11\/Catarina-Vale-Vereadora-800x800.jpg 800w, https:\/\/www.cm-benavente.pt\/wp-content\/uploads\/2025\/11\/Catarina-Vale-Vereadora.jpg 1080w\" sizes=\"(max-width: 800px) 100vw, 800px\" \/>\t\t\t\t\t\t\t\t\t\t\t\t\t\t\t<\/div>\n\t\t\t\t<\/div>\n\t\t\t\t<div class=\"elementor-element elementor-element-a0598fe elementor-widget elementor-widget-heading\" data-id=\"a0598fe\" data-element_type=\"widget\" data-e-type=\"widget\" data-widget_type=\"heading.default\">\n\t\t\t\t<div class=\"elementor-widget-container\">\n\t\t\t\t\t<h3 class=\"elementor-heading-title elementor-size-default\">Catarina Vale<\/h3>\t\t\t\t<\/div>\n\t\t\t\t<\/div>\n\t\t\t\t<div class=\"elementor-element elementor-element-c157958 elementor-widget elementor-widget-heading\" data-id=\"c157958\" data-element_type=\"widget\" data-e-type=\"widget\" data-widget_type=\"heading.default\">\n\t\t\t\t<div class=\"elementor-widget-container\">\n\t\t\t\t\t<h4 class=\"elementor-heading-title elementor-size-default\">Vereadora da C\u00e2mara Municipal de Benavente<\/h4>\t\t\t\t<\/div>\n\t\t\t\t<\/div>\n\t\t\t\t<div class=\"elementor-element elementor-element-f5398da elementor-widget elementor-widget-heading\" data-id=\"f5398da\" data-element_type=\"widget\" data-e-type=\"widget\" data-widget_type=\"heading.default\">\n\t\t\t\t<div class=\"elementor-widget-container\">\n\t\t\t\t\t<h4 class=\"elementor-heading-title elementor-size-default\">CDU\/IND.<\/h4>\t\t\t\t<\/div>\n\t\t\t\t<\/div>\n\t\t\t\t<div class=\"elementor-element elementor-element-6ce5106 elementor-view-default elementor-widget elementor-widget-icon\" data-id=\"6ce5106\" data-element_type=\"widget\" data-e-type=\"widget\" data-widget_type=\"icon.default\">\n\t\t\t\t<div class=\"elementor-widget-container\">\n\t\t\t\t\t\t\t<div class=\"elementor-icon-wrapper\">\n\t\t\t<a class=\"elementor-icon\" href=\"mailto:catarina.vale@cm-benavente.pt\">\n\t\t\t<i aria-hidden=\"true\" class=\"fi fi-email\"><\/i>\t\t\t<\/a>\n\t\t<\/div>\n\t\t\t\t\t\t<\/div>\n\t\t\t\t<\/div>\n\t\t\t\t<\/div>\n\t\t\t\t\t<\/div>\n\t\t\t\t<\/div>\n\t\t<div class=\"elementor-element elementor-element-b64536b e-grid e-con-boxed e-con e-parent\" data-id=\"b64536b\" data-element_type=\"container\" data-e-type=\"container\" data-settings=\"{&quot;tmea_shape_divider_top&quot;:&quot;none&quot;,&quot;tmea_shape_divider_bottom&quot;:&quot;none&quot;}\">\n\t\t\t\t\t<div class=\"e-con-inner\">\n\t\t<div class=\"elementor-element elementor-element-2c4c595 e-con-full e-flex e-con e-child\" data-id=\"2c4c595\" data-element_type=\"container\" data-e-type=\"container\" data-settings=\"{&quot;tmea_shape_divider_top&quot;:&quot;none&quot;,&quot;tmea_shape_divider_bottom&quot;:&quot;none&quot;}\">\n\t\t\t\t<div class=\"elementor-element elementor-element-3e7c194 elementor-widget elementor-widget-image\" data-id=\"3e7c194\" data-element_type=\"widget\" data-e-type=\"widget\" data-widget_type=\"image.default\">\n\t\t\t\t<div class=\"elementor-widget-container\">\n\t\t\t\t\t\t\t\t\t\t\t\t\t\t\t<img loading=\"lazy\" decoding=\"async\" width=\"800\" height=\"800\" src=\"https:\/\/www.cm-benavente.pt\/wp-content\/uploads\/2025\/12\/Pedro-Gameiro-Vereador-1024x1024.jpg\" class=\"attachment-large size-large wp-image-81604\" alt=\"\" srcset=\"https:\/\/www.cm-benavente.pt\/wp-content\/uploads\/2025\/12\/Pedro-Gameiro-Vereador-1024x1024.jpg 1024w, https:\/\/www.cm-benavente.pt\/wp-content\/uploads\/2025\/12\/Pedro-Gameiro-Vereador-300x300.jpg 300w, https:\/\/www.cm-benavente.pt\/wp-content\/uploads\/2025\/12\/Pedro-Gameiro-Vereador-150x150.jpg 150w, https:\/\/www.cm-benavente.pt\/wp-content\/uploads\/2025\/12\/Pedro-Gameiro-Vereador-768x768.jpg 768w, https:\/\/www.cm-benavente.pt\/wp-content\/uploads\/2025\/12\/Pedro-Gameiro-Vereador-500x500.jpg 500w, https:\/\/www.cm-benavente.pt\/wp-content\/uploads\/2025\/12\/Pedro-Gameiro-Vereador-800x800.jpg 800w, https:\/\/www.cm-benavente.pt\/wp-content\/uploads\/2025\/12\/Pedro-Gameiro-Vereador.jpg 1080w\" sizes=\"(max-width: 800px) 100vw, 800px\" \/>\t\t\t\t\t\t\t\t\t\t\t\t\t\t\t<\/div>\n\t\t\t\t<\/div>\n\t\t\t\t<div class=\"elementor-element elementor-element-793ec4d elementor-widget elementor-widget-heading\" data-id=\"793ec4d\" data-element_type=\"widget\" data-e-type=\"widget\" data-widget_type=\"heading.default\">\n\t\t\t\t<div class=\"elementor-widget-container\">\n\t\t\t\t\t<h3 class=\"elementor-heading-title elementor-size-default\">Pedro Gameiro<\/h3>\t\t\t\t<\/div>\n\t\t\t\t<\/div>\n\t\t\t\t<div class=\"elementor-element elementor-element-013cb06 elementor-widget elementor-widget-heading\" data-id=\"013cb06\" data-element_type=\"widget\" data-e-type=\"widget\" data-widget_type=\"heading.default\">\n\t\t\t\t<div class=\"elementor-widget-container\">\n\t\t\t\t\t<h4 class=\"elementor-heading-title elementor-size-default\">Vereador da C\u00e2mara Municipal de Benavente<\/h4>\t\t\t\t<\/div>\n\t\t\t\t<\/div>\n\t\t\t\t<div class=\"elementor-element elementor-element-8b65e34 elementor-widget elementor-widget-heading\" data-id=\"8b65e34\" data-element_type=\"widget\" data-e-type=\"widget\" data-widget_type=\"heading.default\">\n\t\t\t\t<div class=\"elementor-widget-container\">\n\t\t\t\t\t<h4 class=\"elementor-heading-title elementor-size-default\">PS<\/h4>\t\t\t\t<\/div>\n\t\t\t\t<\/div>\n\t\t\t\t<div class=\"elementor-element elementor-element-38a8f83 elementor-view-default elementor-widget elementor-widget-icon\" data-id=\"38a8f83\" data-element_type=\"widget\" data-e-type=\"widget\" data-widget_type=\"icon.default\">\n\t\t\t\t<div class=\"elementor-widget-container\">\n\t\t\t\t\t\t\t<div class=\"elementor-icon-wrapper\">\n\t\t\t<a class=\"elementor-icon\" href=\"mailto:pedro.gameiro@cm-benavente.pt\">\n\t\t\t<i aria-hidden=\"true\" class=\"fi fi-email\"><\/i>\t\t\t<\/a>\n\t\t<\/div>\n\t\t\t\t\t\t<\/div>\n\t\t\t\t<\/div>\n\t\t\t\t<\/div>\n\t\t\t\t\t<\/div>\n\t\t\t\t<\/div>\n\t\t\t\t<\/div>\n\t\t","protected":false},"excerpt":{"rendered":"<p>O Executivo Municipal\u00a0 S\u00f3nia Ferreira Presidente da C\u00e2mara Municipal de Benavente PPD\/PSD Pelouros: &#8211; Gest\u00e3o Administrativa e Financeira e Moderniza\u00e7\u00e3o Administrativa&#8211; Desenvolvimento Econ\u00f3mico e Fundos Comunit\u00e1rios&#8211; Coordena\u00e7\u00e3o dos Instrumentos de Gest\u00e3o Territorial Aplic\u00e1veis ao Munic\u00edpio&#8211; Obras Municipais&#8211; Prote\u00e7\u00e3o Civil e Seguran\u00e7a P\u00fablica&#8211; Patrim\u00f3nio Municipal&#8211; Educa\u00e7\u00e3o&#8211; A\u00e7\u00e3o Social e Habita\u00e7\u00e3o Social&#8211; Cultura&#8211; Promo\u00e7\u00e3o Tur\u00edstica&#8211; Sa\u00fade&#8211; Comunica\u00e7\u00e3o [&hellip;]<\/p>\n","protected":false},"author":6,"featured_media":0,"parent":3746,"menu_order":0,"comment_status":"closed","ping_status":"closed","template":"","meta":{"_vp_format_video_url":"","_vp_image_focal_point":[],"footnotes":""},"class_list":["post-3751","page","type-page","status-publish","hentry"],"_links":{"self":[{"href":"https:\/\/www.cm-benavente.pt\/index.php\/wp-json\/wp\/v2\/pages\/3751","targetHints":{"allow":["GET"]}}],"collection":[{"href":"https:\/\/www.cm-benavente.pt\/index.php\/wp-json\/wp\/v2\/pages"}],"about":[{"href":"https:\/\/www.cm-benavente.pt\/index.php\/wp-json\/wp\/v2\/types\/page"}],"author":[{"embeddable":true,"href":"https:\/\/www.cm-benavente.pt\/index.php\/wp-json\/wp\/v2\/users\/6"}],"replies":[{"embeddable":true,"href":"https:\/\/www.cm-benavente.pt\/index.php\/wp-json\/wp\/v2\/comments?post=3751"}],"version-history":[{"count":45,"href":"https:\/\/www.cm-benavente.pt\/index.php\/wp-json\/wp\/v2\/pages\/3751\/revisions"}],"predecessor-version":[{"id":83780,"href":"https:\/\/www.cm-benavente.pt\/index.php\/wp-json\/wp\/v2\/pages\/3751\/revisions\/83780"}],"up":[{"embeddable":true,"href":"https:\/\/www.cm-benavente.pt\/index.php\/wp-json\/wp\/v2\/pages\/3746"}],"wp:attachment":[{"href":"https:\/\/www.cm-benavente.pt\/index.php\/wp-json\/wp\/v2\/media?parent=3751"}],"curies":[{"name":"wp","href":"https:\/\/api.w.org\/{rel}","templated":true}]}}