{"id":36745,"date":"2022-10-22T21:32:46","date_gmt":"2022-10-22T21:32:46","guid":{"rendered":"https:\/\/www.cm-benavente.pt\/?page_id=36745"},"modified":"2025-03-12T09:47:44","modified_gmt":"2025-03-12T09:47:44","slug":"acao-social","status":"publish","type":"page","link":"https:\/\/www.cm-benavente.pt\/index.php\/viver\/acao-social\/","title":{"rendered":"A\u00e7\u00e3o Social"},"content":{"rendered":"\t\t<div data-elementor-type=\"wp-page\" data-elementor-id=\"36745\" class=\"elementor elementor-36745\" data-elementor-post-type=\"page\">\n\t\t\t\t\t\t<section class=\"elementor-section elementor-top-section elementor-element elementor-element-063a965 elementor-section-boxed elementor-section-height-default elementor-section-height-default\" data-id=\"063a965\" data-element_type=\"section\" data-e-type=\"section\" data-settings=\"{&quot;tmea_shape_divider_top&quot;:&quot;none&quot;,&quot;tmea_shape_divider_bottom&quot;:&quot;none&quot;}\">\n\t\t\t\t\t\t<div class=\"elementor-container elementor-column-gap-default\">\n\t\t\t\t\t<div class=\"elementor-column elementor-col-100 elementor-top-column elementor-element elementor-element-10b8a34\" data-id=\"10b8a34\" data-element_type=\"column\" data-e-type=\"column\">\n\t\t\t<div class=\"elementor-widget-wrap\">\n\t\t\t\t\t\t\t<\/div>\n\t\t<\/div>\n\t\t\t\t\t<\/div>\n\t\t<\/section>\n\t\t\t\t<section class=\"elementor-section elementor-top-section elementor-element elementor-element-e39b6e9 elementor-section-height-min-height elementor-section-boxed elementor-section-height-default elementor-section-items-middle\" data-id=\"e39b6e9\" data-element_type=\"section\" data-e-type=\"section\" data-settings=\"{&quot;background_background&quot;:&quot;slideshow&quot;,&quot;background_slideshow_ken_burns&quot;:&quot;yes&quot;,&quot;background_slideshow_gallery&quot;:[{&quot;id&quot;:48574,&quot;url&quot;:&quot;https:\\\/\\\/www.cm-benavente.pt\\\/wp-content\\\/uploads\\\/2023\\\/08\\\/acao-social-jpg.webp&quot;}],&quot;tmea_shape_divider_top&quot;:&quot;none&quot;,&quot;tmea_shape_divider_bottom&quot;:&quot;none&quot;,&quot;background_slideshow_loop&quot;:&quot;yes&quot;,&quot;background_slideshow_slide_duration&quot;:5000,&quot;background_slideshow_slide_transition&quot;:&quot;fade&quot;,&quot;background_slideshow_transition_duration&quot;:500,&quot;background_slideshow_ken_burns_zoom_direction&quot;:&quot;in&quot;}\">\n\t\t\t\t\t\t\t<div class=\"elementor-background-overlay\"><\/div>\n\t\t\t\t\t\t\t<div class=\"elementor-container elementor-column-gap-default\">\n\t\t\t\t\t<div class=\"elementor-column elementor-col-100 elementor-top-column elementor-element elementor-element-d255a7d elementor-invisible\" data-id=\"d255a7d\" data-element_type=\"column\" data-e-type=\"column\" data-settings=\"{&quot;animation&quot;:&quot;fadeIn&quot;}\">\n\t\t\t<div class=\"elementor-widget-wrap elementor-element-populated\">\n\t\t\t\t\t\t<div class=\"elementor-element elementor-element-aad8713 elementor-widget elementor-widget-heading\" data-id=\"aad8713\" data-element_type=\"widget\" data-e-type=\"widget\" data-widget_type=\"heading.default\">\n\t\t\t\t<div class=\"elementor-widget-container\">\n\t\t\t\t\t<h2 class=\"elementor-heading-title elementor-size-default\">VIVER<\/h2>\t\t\t\t<\/div>\n\t\t\t\t<\/div>\n\t\t\t\t<div class=\"elementor-element elementor-element-f1ac131 elementor-widget elementor-widget-heading\" data-id=\"f1ac131\" data-element_type=\"widget\" data-e-type=\"widget\" data-widget_type=\"heading.default\">\n\t\t\t\t<div class=\"elementor-widget-container\">\n\t\t\t\t\t<h2 class=\"elementor-heading-title elementor-size-default\">A\u00e7\u00e3o Social<\/h2>\t\t\t\t<\/div>\n\t\t\t\t<\/div>\n\t\t\t\t\t<\/div>\n\t\t<\/div>\n\t\t\t\t\t<\/div>\n\t\t<\/section>\n\t\t\t\t<section class=\"elementor-section elementor-top-section elementor-element elementor-element-2a21036 elementor-section-boxed elementor-section-height-default elementor-section-height-default\" data-id=\"2a21036\" data-element_type=\"section\" data-e-type=\"section\" data-settings=\"{&quot;tmea_shape_divider_top&quot;:&quot;none&quot;,&quot;tmea_shape_divider_bottom&quot;:&quot;none&quot;}\">\n\t\t\t\t\t\t<div class=\"elementor-container elementor-column-gap-default\">\n\t\t\t\t\t<div class=\"elementor-column elementor-col-100 elementor-top-column elementor-element elementor-element-a69c7bd\" data-id=\"a69c7bd\" data-element_type=\"column\" data-e-type=\"column\">\n\t\t\t<div class=\"elementor-widget-wrap elementor-element-populated\">\n\t\t\t\t\t\t<div class=\"elementor-element elementor-element-999c8f6 elementor-widget elementor-widget-heading\" data-id=\"999c8f6\" data-element_type=\"widget\" data-e-type=\"widget\" data-widget_type=\"heading.default\">\n\t\t\t\t<div class=\"elementor-widget-container\">\n\t\t\t\t\t<h2 class=\"elementor-heading-title elementor-size-default\">Miss\u00e3o<\/h2>\t\t\t\t<\/div>\n\t\t\t\t<\/div>\n\t\t\n\t\t<div class=\"elementor-element elementor-element-5208e9d elementor-widget elementor-widget-text-editor\" data-id=\"5208e9d\" data-element_type=\"widget\" data-e-type=\"widget\" data-widget_type=\"text-editor.default\">\n\t\t\t\t<div class=\"elementor-widget-container\">\n\t\t\t\t\t\t\t\t\t<p>A A\u00e7\u00e3o Social do Munic\u00edpio de Benavente\u00a0 procura proporcionar o bem-estar e a inclus\u00e3o social daqueles que, pela sua condi\u00e7\u00e3o social e econ\u00f3mica, est\u00e3o mais vulner\u00e1veis aos fatores da pobreza e exclus\u00e3o social. Alinhada com os Objetivos da Agenda 2030 para o desenvolvimento sustent\u00e1vel, procura encontrar respostas e iniciativas que contribuam para a melhoria da qualidade de vida das pessoas, grupos e fam\u00edlias, dotando-os de recursos e compet\u00eancias que lhes permitam suprir as desvantagens sociais, em \u00e1reas com a habita\u00e7\u00e3o, a sa\u00fade e a educa\u00e7\u00e3o.<\/p>\t\t\t\t\t\t\t\t<\/div>\n\t\t\t\t<\/div>\n\t\t\t\t\t<\/div>\n\t\t<\/div>\n\t\t\t\t\t<\/div>\n\t\t<\/section>\n\t\t\t\t<section class=\"elementor-section elementor-top-section elementor-element elementor-element-7169030 elementor-section-boxed elementor-section-height-default elementor-section-height-default\" data-id=\"7169030\" data-element_type=\"section\" data-e-type=\"section\" data-settings=\"{&quot;background_background&quot;:&quot;classic&quot;,&quot;tmea_shape_divider_top&quot;:&quot;none&quot;,&quot;tmea_shape_divider_bottom&quot;:&quot;none&quot;}\">\n\t\t\t\t\t\t<div class=\"elementor-container elementor-column-gap-default\">\n\t\t\t\t\t<div class=\"elementor-column elementor-col-100 elementor-top-column elementor-element elementor-element-5e50750\" data-id=\"5e50750\" data-element_type=\"column\" data-e-type=\"column\">\n\t\t\t<div class=\"elementor-widget-wrap elementor-element-populated\">\n\t\t\t\t\t\t<div class=\"elementor-element elementor-element-a89f550 elementor-widget elementor-widget-heading\" data-id=\"a89f550\" data-element_type=\"widget\" data-e-type=\"widget\" data-widget_type=\"heading.default\">\n\t\t\t\t<div class=\"elementor-widget-container\">\n\t\t\t\t\t<h2 class=\"elementor-heading-title elementor-size-default\">Equipa<\/h2>\t\t\t\t<\/div>\n\t\t\t\t<\/div>\n\t\t\t\t<div class=\"elementor-element elementor-element-6c20470 elementor-widget elementor-widget-tme-team_carousel\" data-id=\"6c20470\" data-element_type=\"widget\" data-e-type=\"widget\" data-widget_type=\"tme-team_carousel.default\">\n\t\t\t\t<div class=\"elementor-widget-container\">\n\t\t\t\t\t        <div id=\"tme-team-carousel-6c20470\" class=\"tme-team-carousel \" data-prv=\"\" data-nxt=\"\" data-autoplay=\"true\" data-duration=\"2000\" data-infinite=\"true\" data-nav=\"false\" data-dots=\"false\" data-postcolumns=\"five\" data-rtl=\"false\">\n                                <div class=\"tme-carousel-item\">\n                <div class=\"tme-team-member-wrapper\">\n                    <div class=\"tme-team-member below-img\">\n                                                                        <a href=\"mailto:eva.teles@cm-benavente.pt\"  target=\"_blank\"  rel=\"nofollow\" data-elementor-open-lightbox=\"no\" class=\"\">\n                            \n                            <img decoding=\"async\" src=\"https:\/\/www.cm-benavente.pt\/wp-content\/uploads\/2023\/09\/DSCF4487_re-300x300.webp\" alt=\"Eva Teles\" \/>\n                                                        <div class=\"tme-team-overlay elementor-animation-  \">\n                                <div class=\"tme-team-texts\">\n                                                                        <div class=\"tme-team-title  \" data-animation=\"\" data-exit=\"\">\n                                        <span>Eva Teles<\/span>\n                                    <\/div>\n                                                                                                            <div class=\"tme-team-subtitle  \" data-animation=\"\" data-exit=\"\">\n                                        <span>Dirigente Interm\u00e9dio da Unidade Org\u00e2nica da Educa\u00e7\u00e3o e A\u00e7\u00e3o Social<\/span>\n                                    <\/div>\n                                                                    <\/div>\n                            <\/div>\n                             \n                            \n                        <\/a>\n                                            <\/div>\n                <\/div>\n            <\/div>\n                                <div class=\"tme-carousel-item\">\n                <div class=\"tme-team-member-wrapper\">\n                    <div class=\"tme-team-member below-img\">\n                                                                        <a href=\"mailto:maria.francisco@cm-benavente.pt\"  target=\"_blank\"  rel=\"nofollow\" data-elementor-open-lightbox=\"no\" class=\"\">\n                            \n                            <img decoding=\"async\" src=\"https:\/\/www.cm-benavente.pt\/wp-content\/uploads\/2023\/09\/DSCF4267_re-300x300.webp\" alt=\"Maria do Carmo Francisco\" \/>\n                                                        <div class=\"tme-team-overlay elementor-animation-  \">\n                                <div class=\"tme-team-texts\">\n                                                                        <div class=\"tme-team-title  \" data-animation=\"\" data-exit=\"\">\n                                        <span>Maria do Carmo Francisco<\/span>\n                                    <\/div>\n                                                                                                            <div class=\"tme-team-subtitle  \" data-animation=\"\" data-exit=\"\">\n                                        <span>Assistente Social<\/span>\n                                    <\/div>\n                                                                    <\/div>\n                            <\/div>\n                             \n                            \n                        <\/a>\n                                            <\/div>\n                <\/div>\n            <\/div>\n                                <div class=\"tme-carousel-item\">\n                <div class=\"tme-team-member-wrapper\">\n                    <div class=\"tme-team-member below-img\">\n                                                                        <a href=\"mailto:susy.graca@cm-benavente.pt\"  target=\"_blank\"  rel=\"nofollow\" data-elementor-open-lightbox=\"no\" class=\"\">\n                            \n                            <img decoding=\"async\" src=\"https:\/\/www.cm-benavente.pt\/wp-content\/uploads\/2023\/09\/DSCF4257_re-300x300.webp\" alt=\"Susy Cristina Santos Gra\u00e7a\" \/>\n                                                        <div class=\"tme-team-overlay elementor-animation-  \">\n                                <div class=\"tme-team-texts\">\n                                                                        <div class=\"tme-team-title  \" data-animation=\"\" data-exit=\"\">\n                                        <span>Susy Cristina Santos Gra\u00e7a<\/span>\n                                    <\/div>\n                                                                                                            <div class=\"tme-team-subtitle  \" data-animation=\"\" data-exit=\"\">\n                                        <span>Psic\u00f3loga<\/span>\n                                    <\/div>\n                                                                    <\/div>\n                            <\/div>\n                             \n                            \n                        <\/a>\n                                            <\/div>\n                <\/div>\n            <\/div>\n                                <div class=\"tme-carousel-item\">\n                <div class=\"tme-team-member-wrapper\">\n                    <div class=\"tme-team-member below-img\">\n                                                                        <a href=\"mailto:maria.lanca@cm-benavente.pt\"  target=\"_blank\"  rel=\"nofollow\" data-elementor-open-lightbox=\"no\" class=\"\">\n                            \n                            <img decoding=\"async\" src=\"https:\/\/www.cm-benavente.pt\/wp-content\/uploads\/2024\/11\/paula-lanca-300x300.png\" alt=\"Maria Paula Lan\u00e7a\" \/>\n                                                        <div class=\"tme-team-overlay elementor-animation-  \">\n                                <div class=\"tme-team-texts\">\n                                                                        <div class=\"tme-team-title  \" data-animation=\"\" data-exit=\"\">\n                                        <span>Maria Paula Lan\u00e7a<\/span>\n                                    <\/div>\n                                                                                                            <div class=\"tme-team-subtitle  \" data-animation=\"\" data-exit=\"\">\n                                        <span>Assistente Social<\/span>\n                                    <\/div>\n                                                                    <\/div>\n                            <\/div>\n                             \n                            \n                        <\/a>\n                                            <\/div>\n                <\/div>\n            <\/div>\n                                <div class=\"tme-carousel-item\">\n                <div class=\"tme-team-member-wrapper\">\n                    <div class=\"tme-team-member below-img\">\n                                                                        <a href=\"mailto:paula.fernandes@cm-benavente.pt\"  target=\"_blank\"  rel=\"nofollow\" data-elementor-open-lightbox=\"no\" class=\"\">\n                            \n                            <img decoding=\"async\" src=\"https:\/\/www.cm-benavente.pt\/wp-content\/uploads\/2023\/09\/DSCF4250_re-300x300.webp\" alt=\"Paula Fernandes\" \/>\n                                                        <div class=\"tme-team-overlay elementor-animation-  \">\n                                <div class=\"tme-team-texts\">\n                                                                        <div class=\"tme-team-title  \" data-animation=\"\" data-exit=\"\">\n                                        <span>Paula Fernandes<\/span>\n                                    <\/div>\n                                                                                                            <div class=\"tme-team-subtitle  \" data-animation=\"\" data-exit=\"\">\n                                        <span>Assistente Social<\/span>\n                                    <\/div>\n                                                                    <\/div>\n                            <\/div>\n                             \n                            \n                        <\/a>\n                                            <\/div>\n                <\/div>\n            <\/div>\n                                <div class=\"tme-carousel-item\">\n                <div class=\"tme-team-member-wrapper\">\n                    <div class=\"tme-team-member below-img\">\n                                                                        <a href=\"mailto:ana.birrento@cm-benavente.pt\"  target=\"_blank\"  rel=\"nofollow\" data-elementor-open-lightbox=\"no\" class=\"\">\n                            \n                            <img decoding=\"async\" src=\"https:\/\/www.cm-benavente.pt\/wp-content\/uploads\/2023\/09\/DSCF4237_re-300x300.webp\" alt=\"Ana Birrento\" \/>\n                                                        <div class=\"tme-team-overlay elementor-animation-  \">\n                                <div class=\"tme-team-texts\">\n                                                                        <div class=\"tme-team-title  \" data-animation=\"\" data-exit=\"\">\n                                        <span>Ana Birrento<\/span>\n                                    <\/div>\n                                                                                                            <div class=\"tme-team-subtitle  \" data-animation=\"\" data-exit=\"\">\n                                        <span>Assistente T\u00e9cnica<\/span>\n                                    <\/div>\n                                                                    <\/div>\n                            <\/div>\n                             \n                            \n                        <\/a>\n                                            <\/div>\n                <\/div>\n            <\/div>\n                                <div class=\"tme-carousel-item\">\n                <div class=\"tme-team-member-wrapper\">\n                    <div class=\"tme-team-member below-img\">\n                                                                        <a href=\"mailto:ana.pinheiro@cm-benavente.pt\"  target=\"_blank\"  rel=\"nofollow\" data-elementor-open-lightbox=\"no\" class=\"\">\n                            \n                            <img decoding=\"async\" src=\"https:\/\/www.cm-benavente.pt\/wp-content\/uploads\/2023\/09\/DSCF4211_re-300x300.webp\" alt=\"Ana Pinheiro\" \/>\n                                                        <div class=\"tme-team-overlay elementor-animation-  \">\n                                <div class=\"tme-team-texts\">\n                                                                        <div class=\"tme-team-title  \" data-animation=\"\" data-exit=\"\">\n                                        <span>Ana Pinheiro<\/span>\n                                    <\/div>\n                                                                                                            <div class=\"tme-team-subtitle  \" data-animation=\"\" data-exit=\"\">\n                                        <span>Assistente T\u00e9cnica<\/span>\n                                    <\/div>\n                                                                    <\/div>\n                            <\/div>\n                             \n                            \n                        <\/a>\n                                            <\/div>\n                <\/div>\n            <\/div>\n                <\/div>\n                                                                                                \t\t\t\t<\/div>\n\t\t\t\t<\/div>\n\t\t\t\t\t<\/div>\n\t\t<\/div>\n\t\t\t\t\t<\/div>\n\t\t<\/section>\n\t\t\t\t<section class=\"elementor-section elementor-top-section elementor-element elementor-element-71dcb41 elementor-section-boxed elementor-section-height-default elementor-section-height-default\" data-id=\"71dcb41\" data-element_type=\"section\" data-e-type=\"section\" data-settings=\"{&quot;tmea_shape_divider_top&quot;:&quot;none&quot;,&quot;tmea_shape_divider_bottom&quot;:&quot;none&quot;}\">\n\t\t\t\t\t\t<div class=\"elementor-container elementor-column-gap-default\">\n\t\t\t\t\t<div class=\"elementor-column elementor-col-100 elementor-top-column elementor-element elementor-element-06d6e68\" data-id=\"06d6e68\" data-element_type=\"column\" data-e-type=\"column\">\n\t\t\t<div class=\"elementor-widget-wrap elementor-element-populated\">\n\t\t\t\t\t\t<div class=\"elementor-element elementor-element-0a442ea elementor-widget elementor-widget-heading\" data-id=\"0a442ea\" data-element_type=\"widget\" data-e-type=\"widget\" data-widget_type=\"heading.default\">\n\t\t\t\t<div class=\"elementor-widget-container\">\n\t\t\t\t\t<h2 class=\"elementor-heading-title elementor-size-default\">Atendimento Social<\/h2>\t\t\t\t<\/div>\n\t\t\t\t<\/div>\n\t\t\t\t<div class=\"elementor-element elementor-element-6f6fb0d elementor-widget elementor-widget-text-editor\" data-id=\"6f6fb0d\" data-element_type=\"widget\" data-e-type=\"widget\" data-widget_type=\"text-editor.default\">\n\t\t\t\t<div class=\"elementor-widget-container\">\n\t\t\t\t\t\t\t\t\t<p>O munic\u00edpio de Benavente disp\u00f5e de atendimento t\u00e9cnico personalizado, proporcionando aos mun\u00edcipes, informa\u00e7\u00f5es sobre os apoios municipais dispon\u00edveis, bem como apoios dispon\u00edveis na comunidade, procedendo, sempre que a situa\u00e7\u00e3o justifique, ao respetivo encaminhamento para as diferentes estruturas com interven\u00e7\u00e3o de carater social existentes no munic\u00edpio.<\/p>\t\t\t\t\t\t\t\t<\/div>\n\t\t\t\t<\/div>\n\t\t\t\t<div class=\"elementor-element elementor-element-80f3235 elementor-widget elementor-widget-heading\" data-id=\"80f3235\" data-element_type=\"widget\" data-e-type=\"widget\" data-widget_type=\"heading.default\">\n\t\t\t\t<div class=\"elementor-widget-container\">\n\t\t\t\t\t<h3 class=\"elementor-heading-title elementor-size-default\">Locais e Horas de atendimento<\/h3>\t\t\t\t<\/div>\n\t\t\t\t<\/div>\n\t\t\t\t<section class=\"elementor-section elementor-inner-section elementor-element elementor-element-bcdaa91 elementor-section-boxed elementor-section-height-default elementor-section-height-default\" data-id=\"bcdaa91\" data-element_type=\"section\" data-e-type=\"section\" data-settings=\"{&quot;tmea_shape_divider_top&quot;:&quot;none&quot;,&quot;tmea_shape_divider_bottom&quot;:&quot;none&quot;}\">\n\t\t\t\t\t\t<div class=\"elementor-container elementor-column-gap-default\">\n\t\t\t\t\t<div class=\"elementor-column elementor-col-50 elementor-inner-column elementor-element elementor-element-cc27f73\" data-id=\"cc27f73\" data-element_type=\"column\" data-e-type=\"column\">\n\t\t\t<div class=\"elementor-widget-wrap elementor-element-populated\">\n\t\t\t\t\t\t<div class=\"elementor-element elementor-element-e993679 elementor-widget elementor-widget-heading\" data-id=\"e993679\" data-element_type=\"widget\" data-e-type=\"widget\" data-widget_type=\"heading.default\">\n\t\t\t\t<div class=\"elementor-widget-container\">\n\t\t\t\t\t<h4 class=\"elementor-heading-title elementor-size-default\">Benavente<\/h4>\t\t\t\t<\/div>\n\t\t\t\t<\/div>\n\t\t\t\t<div class=\"elementor-element elementor-element-a928e09 elementor-widget elementor-widget-text-editor\" data-id=\"a928e09\" data-element_type=\"widget\" data-e-type=\"widget\" data-widget_type=\"text-editor.default\">\n\t\t\t\t<div class=\"elementor-widget-container\">\n\t\t\t\t\t\t\t\t\t<p><strong>Edif\u00edcio de Educa\u00e7\u00e3o e A\u00e7\u00e3o Social (antigos CTT)<\/strong><\/p><p>Ter\u00e7as Feiras: das 9.30 \u00e0s 12.30 (mediante agendamento pr\u00e9vio)<\/p><p>Marca\u00e7\u00f5es atrav\u00e9s do n\u00famero <a href=\"tel:263519600\">263 519 600<\/a>\/<a href=\"tel:962018628\">962 018 628<\/a><\/p>\t\t\t\t\t\t\t\t<\/div>\n\t\t\t\t<\/div>\n\t\t\t\t\t<\/div>\n\t\t<\/div>\n\t\t\t\t<div class=\"elementor-column elementor-col-50 elementor-inner-column elementor-element elementor-element-c10eefa\" data-id=\"c10eefa\" data-element_type=\"column\" data-e-type=\"column\">\n\t\t\t<div class=\"elementor-widget-wrap elementor-element-populated\">\n\t\t\t\t\t\t<div class=\"elementor-element elementor-element-34728e3 elementor-widget elementor-widget-heading\" data-id=\"34728e3\" data-element_type=\"widget\" data-e-type=\"widget\" data-widget_type=\"heading.default\">\n\t\t\t\t<div class=\"elementor-widget-container\">\n\t\t\t\t\t<h4 class=\"elementor-heading-title elementor-size-default\">Samora Correia<\/h4>\t\t\t\t<\/div>\n\t\t\t\t<\/div>\n\t\t\t\t<div class=\"elementor-element elementor-element-006dfe9 elementor-widget elementor-widget-text-editor\" data-id=\"006dfe9\" data-element_type=\"widget\" data-e-type=\"widget\" data-widget_type=\"text-editor.default\">\n\t\t\t\t<div class=\"elementor-widget-container\">\n\t\t\t\t\t\t\t\t\t<p><strong>Extens\u00e3o de Servi\u00e7os da CMB<\/strong><\/p><p>Segundas Feiras: das 14.30 \u00e0s 17.30<\/p><p>Marca\u00e7\u00f5es atrav\u00e9s do n\u00famero <a href=\"tel:263519690\">263\u00a0519 690<\/a>\/<a href=\"tel:962018628\">962 018 628<\/a><\/p>\t\t\t\t\t\t\t\t<\/div>\n\t\t\t\t<\/div>\n\t\t\t\t\t<\/div>\n\t\t<\/div>\n\t\t\t\t\t<\/div>\n\t\t<\/section>\n\t\t\t\t\t<\/div>\n\t\t<\/div>\n\t\t\t\t\t<\/div>\n\t\t<\/section>\n\t\t\t\t<section class=\"elementor-section elementor-top-section elementor-element elementor-element-e5d122d elementor-section-boxed elementor-section-height-default elementor-section-height-default\" data-id=\"e5d122d\" data-element_type=\"section\" data-e-type=\"section\" data-settings=\"{&quot;background_background&quot;:&quot;classic&quot;,&quot;tmea_shape_divider_top&quot;:&quot;none&quot;,&quot;tmea_shape_divider_bottom&quot;:&quot;none&quot;}\">\n\t\t\t\t\t\t<div class=\"elementor-container elementor-column-gap-extended\">\n\t\t\t\t\t<div class=\"elementor-column elementor-col-25 elementor-top-column elementor-element elementor-element-eb57a01\" data-id=\"eb57a01\" data-element_type=\"column\" data-e-type=\"column\" data-settings=\"{&quot;background_background&quot;:&quot;classic&quot;}\">\n\t\t\t<div class=\"elementor-widget-wrap elementor-element-populated\">\n\t\t\t\t\t\t<div class=\"elementor-element elementor-element-6a7f6ec elementor-widget elementor-widget-heading\" data-id=\"6a7f6ec\" data-element_type=\"widget\" data-e-type=\"widget\" data-widget_type=\"heading.default\">\n\t\t\t\t<div class=\"elementor-widget-container\">\n\t\t\t\t\t<h2 class=\"elementor-heading-title elementor-size-default\"><a href=\"https:\/\/www.cm-benavente.pt\/index.php\/viver\/acao-social\/habitacao\/\">Habita\u00e7\u00e3o<\/a><\/h2>\t\t\t\t<\/div>\n\t\t\t\t<\/div>\n\t\t\t\t<div class=\"elementor-element elementor-element-4f482d9 elementor-widget elementor-widget-text-editor\" data-id=\"4f482d9\" data-element_type=\"widget\" data-e-type=\"widget\" data-widget_type=\"text-editor.default\">\n\t\t\t\t<div class=\"elementor-widget-container\">\n\t\t\t\t\t\t\t\t\t<p><a href=\"https:\/\/www.cm-benavente.pt\/index.php\/viver\/acao-social\/habitacao\/\">Veja mais<\/a><\/p>\t\t\t\t\t\t\t\t<\/div>\n\t\t\t\t<\/div>\n\t\t\t\t\t<\/div>\n\t\t<\/div>\n\t\t\t\t<div class=\"elementor-column elementor-col-25 elementor-top-column elementor-element elementor-element-e1dc2b8\" data-id=\"e1dc2b8\" data-element_type=\"column\" data-e-type=\"column\" data-settings=\"{&quot;background_background&quot;:&quot;classic&quot;}\">\n\t\t\t<div class=\"elementor-widget-wrap elementor-element-populated\">\n\t\t\t\t\t\t<div class=\"elementor-element elementor-element-868d545 elementor-widget elementor-widget-heading\" data-id=\"868d545\" data-element_type=\"widget\" data-e-type=\"widget\" data-widget_type=\"heading.default\">\n\t\t\t\t<div class=\"elementor-widget-container\">\n\t\t\t\t\t<h2 class=\"elementor-heading-title elementor-size-default\"><a href=\"https:\/\/www.cm-benavente.pt\/index.php\/viver\/acao-social\/apoios-sociais-na-educacao\/\">Apoios Sociais na Educa\u00e7\u00e3o<\/a><\/h2>\t\t\t\t<\/div>\n\t\t\t\t<\/div>\n\t\t\t\t<div class=\"elementor-element elementor-element-a7e08d8 elementor-widget elementor-widget-text-editor\" data-id=\"a7e08d8\" data-element_type=\"widget\" data-e-type=\"widget\" data-widget_type=\"text-editor.default\">\n\t\t\t\t<div class=\"elementor-widget-container\">\n\t\t\t\t\t\t\t\t\t<p><a href=\"https:\/\/www.cm-benavente.pt\/index.php\/viver\/acao-social\/apoios-sociais-na-educacao\/\">Veja mais<\/a><\/p>\t\t\t\t\t\t\t\t<\/div>\n\t\t\t\t<\/div>\n\t\t\t\t\t<\/div>\n\t\t<\/div>\n\t\t\t\t<div class=\"elementor-column elementor-col-25 elementor-top-column elementor-element elementor-element-e480cf8\" data-id=\"e480cf8\" data-element_type=\"column\" data-e-type=\"column\" data-settings=\"{&quot;background_background&quot;:&quot;classic&quot;}\">\n\t\t\t<div class=\"elementor-widget-wrap elementor-element-populated\">\n\t\t\t\t\t\t<div class=\"elementor-element elementor-element-0a369d4 elementor-widget elementor-widget-heading\" data-id=\"0a369d4\" data-element_type=\"widget\" data-e-type=\"widget\" data-widget_type=\"heading.default\">\n\t\t\t\t<div class=\"elementor-widget-container\">\n\t\t\t\t\t<h2 class=\"elementor-heading-title elementor-size-default\"><a href=\"https:\/\/www.cm-benavente.pt\/index.php\/viver\/acao-social\/projetos-socioeducativos\/\">Projetos Socioeducativos<\/a><\/h2>\t\t\t\t<\/div>\n\t\t\t\t<\/div>\n\t\t\t\t<div class=\"elementor-element elementor-element-c7ddada elementor-widget elementor-widget-text-editor\" data-id=\"c7ddada\" data-element_type=\"widget\" data-e-type=\"widget\" data-widget_type=\"text-editor.default\">\n\t\t\t\t<div class=\"elementor-widget-container\">\n\t\t\t\t\t\t\t\t\t<p><a href=\"https:\/\/www.cm-benavente.pt\/index.php\/viver\/acao-social\/projetos-socioeducativos\/\">Veja mais<\/a><\/p>\t\t\t\t\t\t\t\t<\/div>\n\t\t\t\t<\/div>\n\t\t\t\t\t<\/div>\n\t\t<\/div>\n\t\t\t\t<div class=\"elementor-column elementor-col-25 elementor-top-column elementor-element elementor-element-9755e36\" data-id=\"9755e36\" data-element_type=\"column\" data-e-type=\"column\" data-settings=\"{&quot;background_background&quot;:&quot;classic&quot;}\">\n\t\t\t<div class=\"elementor-widget-wrap elementor-element-populated\">\n\t\t\t\t\t\t<div class=\"elementor-element elementor-element-6036329 elementor-widget elementor-widget-heading\" data-id=\"6036329\" data-element_type=\"widget\" data-e-type=\"widget\" data-widget_type=\"heading.default\">\n\t\t\t\t<div class=\"elementor-widget-container\">\n\t\t\t\t\t<h2 class=\"elementor-heading-title elementor-size-default\"><a href=\"https:\/\/www.cm-benavente.pt\/index.php\/viver\/acao-social\/cpcj\/\">CPCJ<\/a><\/h2>\t\t\t\t<\/div>\n\t\t\t\t<\/div>\n\t\t\t\t<div class=\"elementor-element elementor-element-db9d678 elementor-widget elementor-widget-text-editor\" data-id=\"db9d678\" data-element_type=\"widget\" data-e-type=\"widget\" data-widget_type=\"text-editor.default\">\n\t\t\t\t<div class=\"elementor-widget-container\">\n\t\t\t\t\t\t\t\t\t<p><a href=\"https:\/\/www.cm-benavente.pt\/index.php\/viver\/acao-social\/cpcj\/\">Veja mais<\/a><\/p>\t\t\t\t\t\t\t\t<\/div>\n\t\t\t\t<\/div>\n\t\t\t\t\t<\/div>\n\t\t<\/div>\n\t\t\t\t\t<\/div>\n\t\t<\/section>\n\t\t\t\t<section class=\"elementor-section elementor-top-section elementor-element elementor-element-84beeed elementor-section-boxed elementor-section-height-default elementor-section-height-default\" data-id=\"84beeed\" data-element_type=\"section\" data-e-type=\"section\" data-settings=\"{&quot;background_background&quot;:&quot;classic&quot;,&quot;tmea_shape_divider_top&quot;:&quot;none&quot;,&quot;tmea_shape_divider_bottom&quot;:&quot;none&quot;}\">\n\t\t\t\t\t\t<div class=\"elementor-container elementor-column-gap-extended\">\n\t\t\t\t\t<div class=\"elementor-column elementor-col-25 elementor-top-column elementor-element elementor-element-a1da6c3\" data-id=\"a1da6c3\" data-element_type=\"column\" data-e-type=\"column\" data-settings=\"{&quot;background_background&quot;:&quot;classic&quot;}\">\n\t\t\t<div class=\"elementor-widget-wrap elementor-element-populated\">\n\t\t\t\t\t\t<div class=\"elementor-element elementor-element-39baae1 elementor-widget elementor-widget-heading\" data-id=\"39baae1\" data-element_type=\"widget\" data-e-type=\"widget\" data-widget_type=\"heading.default\">\n\t\t\t\t<div class=\"elementor-widget-container\">\n\t\t\t\t\t<h2 class=\"elementor-heading-title elementor-size-default\"><a href=\"https:\/\/www.cm-benavente.pt\/index.php\/viver\/acao-social\/rede-social\/\">Rede Social<\/a><\/h2>\t\t\t\t<\/div>\n\t\t\t\t<\/div>\n\t\t\t\t<div class=\"elementor-element elementor-element-0086f55 elementor-widget elementor-widget-text-editor\" data-id=\"0086f55\" data-element_type=\"widget\" data-e-type=\"widget\" data-widget_type=\"text-editor.default\">\n\t\t\t\t<div class=\"elementor-widget-container\">\n\t\t\t\t\t\t\t\t\t<p><a href=\"https:\/\/www.cm-benavente.pt\/index.php\/viver\/acao-social\/rede-social\/\">Veja mais<\/a><\/p>\t\t\t\t\t\t\t\t<\/div>\n\t\t\t\t<\/div>\n\t\t\t\t\t<\/div>\n\t\t<\/div>\n\t\t\t\t<div class=\"elementor-column elementor-col-25 elementor-top-column elementor-element elementor-element-7c38a76\" data-id=\"7c38a76\" data-element_type=\"column\" data-e-type=\"column\" data-settings=\"{&quot;background_background&quot;:&quot;classic&quot;}\">\n\t\t\t<div class=\"elementor-widget-wrap elementor-element-populated\">\n\t\t\t\t\t\t<div class=\"elementor-element elementor-element-99fc417 elementor-widget elementor-widget-heading\" data-id=\"99fc417\" data-element_type=\"widget\" data-e-type=\"widget\" data-widget_type=\"heading.default\">\n\t\t\t\t<div class=\"elementor-widget-container\">\n\t\t\t\t\t<h2 class=\"elementor-heading-title elementor-size-default\"><a href=\"https:\/\/www.cm-benavente.pt\/index.php\/viver\/acao-social\/uscb\/\">USCB<\/a><\/h2>\t\t\t\t<\/div>\n\t\t\t\t<\/div>\n\t\t\t\t<div class=\"elementor-element elementor-element-56c352d elementor-widget elementor-widget-text-editor\" data-id=\"56c352d\" data-element_type=\"widget\" data-e-type=\"widget\" data-widget_type=\"text-editor.default\">\n\t\t\t\t<div class=\"elementor-widget-container\">\n\t\t\t\t\t\t\t\t\t<p><a href=\"https:\/\/www.cm-benavente.pt\/index.php\/viver\/acao-social\/uscb\/\">Veja mais<\/a><\/p>\t\t\t\t\t\t\t\t<\/div>\n\t\t\t\t<\/div>\n\t\t\t\t\t<\/div>\n\t\t<\/div>\n\t\t\t\t<div class=\"elementor-column elementor-col-25 elementor-top-column elementor-element elementor-element-93f0745\" data-id=\"93f0745\" data-element_type=\"column\" data-e-type=\"column\" data-settings=\"{&quot;background_background&quot;:&quot;classic&quot;}\">\n\t\t\t<div class=\"elementor-widget-wrap elementor-element-populated\">\n\t\t\t\t\t\t<div class=\"elementor-element elementor-element-850cdd8 elementor-widget elementor-widget-heading\" data-id=\"850cdd8\" data-element_type=\"widget\" data-e-type=\"widget\" data-widget_type=\"heading.default\">\n\t\t\t\t<div class=\"elementor-widget-container\">\n\t\t\t\t\t<h2 class=\"elementor-heading-title elementor-size-default\"><a href=\"https:\/\/www.cm-benavente.pt\/index.php\/viver\/ambiente\/hortas-urbanas\/\">Hortas Comunit\u00e1rias<\/a><\/h2>\t\t\t\t<\/div>\n\t\t\t\t<\/div>\n\t\t\t\t<div class=\"elementor-element elementor-element-a63cf98 elementor-widget elementor-widget-text-editor\" data-id=\"a63cf98\" data-element_type=\"widget\" data-e-type=\"widget\" data-widget_type=\"text-editor.default\">\n\t\t\t\t<div class=\"elementor-widget-container\">\n\t\t\t\t\t\t\t\t\t<p><a href=\"https:\/\/www.cm-benavente.pt\/index.php\/viver\/ambiente\/hortas-urbanas\/\">Veja mais<\/a><\/p>\t\t\t\t\t\t\t\t<\/div>\n\t\t\t\t<\/div>\n\t\t\t\t\t<\/div>\n\t\t<\/div>\n\t\t\t\t<div class=\"elementor-column elementor-col-25 elementor-top-column elementor-element elementor-element-d16cec4\" data-id=\"d16cec4\" data-element_type=\"column\" data-e-type=\"column\" data-settings=\"{&quot;background_background&quot;:&quot;classic&quot;}\">\n\t\t\t<div class=\"elementor-widget-wrap elementor-element-populated\">\n\t\t\t\t\t\t<div class=\"elementor-element elementor-element-d46f0b3 elementor-widget elementor-widget-heading\" data-id=\"d46f0b3\" data-element_type=\"widget\" data-e-type=\"widget\" data-widget_type=\"heading.default\">\n\t\t\t\t<div class=\"elementor-widget-container\">\n\t\t\t\t\t<h2 class=\"elementor-heading-title elementor-size-default\">Carta Social<\/h2>\t\t\t\t<\/div>\n\t\t\t\t<\/div>\n\t\t\t\t<div class=\"elementor-element elementor-element-f15e105 elementor-widget elementor-widget-text-editor\" data-id=\"f15e105\" data-element_type=\"widget\" data-e-type=\"widget\" data-widget_type=\"text-editor.default\">\n\t\t\t\t<div class=\"elementor-widget-container\">\n\t\t\t\t\t\t\t\t\t<p>Veja mais<\/p>\t\t\t\t\t\t\t\t<\/div>\n\t\t\t\t<\/div>\n\t\t\t\t\t<\/div>\n\t\t<\/div>\n\t\t\t\t\t<\/div>\n\t\t<\/section>\n\t\t\t\t<section class=\"elementor-section elementor-top-section elementor-element elementor-element-9a324c3 elementor-section-boxed elementor-section-height-default elementor-section-height-default\" data-id=\"9a324c3\" data-element_type=\"section\" data-e-type=\"section\" data-settings=\"{&quot;background_background&quot;:&quot;classic&quot;,&quot;tmea_shape_divider_top&quot;:&quot;none&quot;,&quot;tmea_shape_divider_bottom&quot;:&quot;none&quot;}\">\n\t\t\t\t\t\t<div class=\"elementor-container elementor-column-gap-extended\">\n\t\t\t\t\t<div class=\"elementor-column elementor-col-25 elementor-top-column elementor-element elementor-element-a4b334f\" data-id=\"a4b334f\" data-element_type=\"column\" data-e-type=\"column\" data-settings=\"{&quot;background_background&quot;:&quot;classic&quot;}\">\n\t\t\t<div class=\"elementor-widget-wrap elementor-element-populated\">\n\t\t\t\t\t\t<div class=\"elementor-element elementor-element-b731311 elementor-widget elementor-widget-heading\" data-id=\"b731311\" data-element_type=\"widget\" data-e-type=\"widget\" data-widget_type=\"heading.default\">\n\t\t\t\t<div class=\"elementor-widget-container\">\n\t\t\t\t\t<h2 class=\"elementor-heading-title elementor-size-default\"><a href=\"https:\/\/www.cm-benavente.pt\/index.php\/viver\/acao-social\/protocolos-e-parcerias\/\">Protocolos e Parcerias<\/a><\/h2>\t\t\t\t<\/div>\n\t\t\t\t<\/div>\n\t\t\t\t<div class=\"elementor-element elementor-element-3ddd989 elementor-widget elementor-widget-text-editor\" data-id=\"3ddd989\" data-element_type=\"widget\" data-e-type=\"widget\" data-widget_type=\"text-editor.default\">\n\t\t\t\t<div class=\"elementor-widget-container\">\n\t\t\t\t\t\t\t\t\t<ul><li><a href=\"https:\/\/www.cm-benavente.pt\/index.php\/viver\/acao-social\/protocolos-e-parcerias#snipi\">SNIPI<\/a><\/li><li><a href=\"https:\/\/www.cm-benavente.pt\/index.php\/viver\/acao-social\/protocolos-e-parcerias#apav\">APAV<\/a><\/li><li><a href=\"https:\/\/www.cm-benavente.pt\/index.php\/viver\/acao-social\/protocolos-e-parcerias#claim\">CLAIM<\/a><\/li><li><a href=\"https:\/\/www.cm-benavente.pt\/index.php\/viver\/acao-social\/protocolos-e-parcerias#contentores-solidarios\">Contentores Solid\u00e1rios<\/a><\/li><li><a href=\"https:\/\/www.cm-benavente.pt\/index.php\/viver\/acao-social\/protocolos-e-parcerias#nat\">NAT<\/a><\/li><\/ul>\t\t\t\t\t\t\t\t<\/div>\n\t\t\t\t<\/div>\n\t\t\t\t<div class=\"elementor-element elementor-element-71d6bac elementor-widget elementor-widget-text-editor\" data-id=\"71d6bac\" data-element_type=\"widget\" data-e-type=\"widget\" data-widget_type=\"text-editor.default\">\n\t\t\t\t<div class=\"elementor-widget-container\">\n\t\t\t\t\t\t\t\t\t<p><a href=\"https:\/\/www.cm-benavente.pt\/index.php\/viver\/acao-social\/protocolos-e-parcerias\/\">Veja mais<\/a><\/p>\t\t\t\t\t\t\t\t<\/div>\n\t\t\t\t<\/div>\n\t\t\t\t\t<\/div>\n\t\t<\/div>\n\t\t\t\t<div class=\"elementor-column elementor-col-25 elementor-top-column elementor-element elementor-element-01e4b18\" data-id=\"01e4b18\" data-element_type=\"column\" data-e-type=\"column\" data-settings=\"{&quot;background_background&quot;:&quot;classic&quot;}\">\n\t\t\t<div class=\"elementor-widget-wrap\">\n\t\t\t\t\t\t\t<\/div>\n\t\t<\/div>\n\t\t\t\t<div class=\"elementor-column elementor-col-25 elementor-top-column elementor-element elementor-element-27d83c0\" data-id=\"27d83c0\" data-element_type=\"column\" data-e-type=\"column\" data-settings=\"{&quot;background_background&quot;:&quot;classic&quot;}\">\n\t\t\t<div class=\"elementor-widget-wrap\">\n\t\t\t\t\t\t\t<\/div>\n\t\t<\/div>\n\t\t\t\t<div class=\"elementor-column elementor-col-25 elementor-top-column elementor-element elementor-element-23a2690\" data-id=\"23a2690\" data-element_type=\"column\" data-e-type=\"column\" data-settings=\"{&quot;background_background&quot;:&quot;classic&quot;}\">\n\t\t\t<div class=\"elementor-widget-wrap\">\n\t\t\t\t\t\t\t<\/div>\n\t\t<\/div>\n\t\t\t\t\t<\/div>\n\t\t<\/section>\n\t\t\t\t<\/div>\n\t\t","protected":false},"excerpt":{"rendered":"<p>VIVER A\u00e7\u00e3o Social Miss\u00e3o A A\u00e7\u00e3o Social do Munic\u00edpio de Benavente\u00a0 procura proporcionar o bem-estar e a inclus\u00e3o social daqueles que, pela sua condi\u00e7\u00e3o social e econ\u00f3mica, est\u00e3o mais vulner\u00e1veis aos fatores da pobreza e exclus\u00e3o social. Alinhada com os Objetivos da Agenda 2030 para o desenvolvimento sustent\u00e1vel, procura encontrar respostas e iniciativas que contribuam [&hellip;]<\/p>\n","protected":false},"author":3,"featured_media":0,"parent":3744,"menu_order":0,"comment_status":"closed","ping_status":"closed","template":"","meta":{"_vp_format_video_url":"","_vp_image_focal_point":[],"footnotes":""},"class_list":["post-36745","page","type-page","status-publish","hentry"],"_links":{"self":[{"href":"https:\/\/www.cm-benavente.pt\/index.php\/wp-json\/wp\/v2\/pages\/36745","targetHints":{"allow":["GET"]}}],"collection":[{"href":"https:\/\/www.cm-benavente.pt\/index.php\/wp-json\/wp\/v2\/pages"}],"about":[{"href":"https:\/\/www.cm-benavente.pt\/index.php\/wp-json\/wp\/v2\/types\/page"}],"author":[{"embeddable":true,"href":"https:\/\/www.cm-benavente.pt\/index.php\/wp-json\/wp\/v2\/users\/3"}],"replies":[{"embeddable":true,"href":"https:\/\/www.cm-benavente.pt\/index.php\/wp-json\/wp\/v2\/comments?post=36745"}],"version-history":[{"count":66,"href":"https:\/\/www.cm-benavente.pt\/index.php\/wp-json\/wp\/v2\/pages\/36745\/revisions"}],"predecessor-version":[{"id":68552,"href":"https:\/\/www.cm-benavente.pt\/index.php\/wp-json\/wp\/v2\/pages\/36745\/revisions\/68552"}],"up":[{"embeddable":true,"href":"https:\/\/www.cm-benavente.pt\/index.php\/wp-json\/wp\/v2\/pages\/3744"}],"wp:attachment":[{"href":"https:\/\/www.cm-benavente.pt\/index.php\/wp-json\/wp\/v2\/media?parent=36745"}],"curies":[{"name":"wp","href":"https:\/\/api.w.org\/{rel}","templated":true}]}}