{"id":78653,"date":"2025-10-20T09:28:52","date_gmt":"2025-10-20T09:28:52","guid":{"rendered":"https:\/\/www.cm-benavente.pt\/?post_type=mec-events&#038;p=78653"},"modified":"2025-10-20T09:28:52","modified_gmt":"2025-10-20T09:28:52","slug":"festa-de-halloween-miudos-e-graudos","status":"publish","type":"mec-events","link":"https:\/\/www.cm-benavente.pt\/index.php\/events\/festa-de-halloween-miudos-e-graudos\/","title":{"rendered":"Festa de Halloween &#8220;Mi\u00fados e Gra\u00fados&#8221;"},"content":{"rendered":"<p><strong>Festa de Halloween &#8220;Mi\u00fados e Gra\u00fados&#8221;<\/strong><\/p>\n<p><strong>31 de outubro das 20:00h \u00e0s 24:00h<\/strong> na Sede da ADRA, Vila das Areias &#8211; Benavente<\/p>\n<p>Pr\u00e9mio para o fato mais assustador<\/p>\n<p>Jogos Tem\u00e1ticos \u2013 M\u00famia de Papel Higi\u00e9nico &amp; Piscina de Olhos Flutuantes<\/p>\n<p>Jantar Comunit\u00e1rio de Halloween \u2013 Cada fam\u00edlia traz um prato (entrada, prato principal ou sobremesa). Bebidas fornecidas pela associa\u00e7\u00e3o: sumos, \u00e1gua e \u201cponche de sangue\u201d<\/p>\n<p>Volta pelo Bairro \u201cDoces ou Travessuras\u201d (Acompanhamento de adultos)<\/p>\n<p><strong>Contribui\u00e7\u00e3o:<\/strong> o prato que cada fam\u00edlia trouxer<\/p>\n<p><strong>Prazo de inscri\u00e7\u00e3o:<\/strong> at\u00e9 28 de Outubro de 2025<\/p>\n<p><strong>Confirma\u00e7\u00e3o de presen\u00e7a:<\/strong> Coment\u00e1rios no <a href=\"https:\/\/www.facebook.com\/permalink.php?story_fbid=pfbid026Ck31yhaSM1D19CGGRCNchv2NqJ2Y5BE4Jni4uxXnuPLnYReJPrRQGUuRJVZhbjHl&amp;id=100057086845378&amp;__cft__[0]=AZUL0d1kx6dfiyMO2J8ldJrwX_I3bXjuZlxDJrDDJPO4_Fp-w_EaY2WZcp44nx5P_UYSYorZK6q9zQm1Z4FnytOSlVhcPxM7Q-skeYizHYdm3DLfKFJSdIC536P8AMeWbwPmPh9SPA37FFAv_4QeRskXPqsLAm4S80uf7Ll0QCBCGUZpPyvKcbx1KkG1UjkEftI&amp;__tn__=%2CO%2CP-R\" target=\"_blank\" rel=\"noopener\">post<\/a>; Redes sociais da <a href=\"https:\/\/www.facebook.com\/profile.php?id=100057086845378\" target=\"_blank\" rel=\"noopener\">ADRA<\/a>; Diretamente com a Dire\u00e7\u00e3o<\/p>\n<p><strong>Organiza\u00e7\u00e3o:<\/strong> ADRA<\/p>\n<p>&nbsp;<\/p>\n<p><img fetchpriority=\"high\" decoding=\"async\" class=\"alignnone size-full wp-image-78654\" src=\"https:\/\/www.cm-benavente.pt\/wp-content\/uploads\/2025\/10\/halloween-ADRA.jpg\" alt=\"\" width=\"1135\" height=\"1600\" srcset=\"https:\/\/www.cm-benavente.pt\/wp-content\/uploads\/2025\/10\/halloween-ADRA.jpg 1135w, https:\/\/www.cm-benavente.pt\/wp-content\/uploads\/2025\/10\/halloween-ADRA-213x300.jpg 213w, https:\/\/www.cm-benavente.pt\/wp-content\/uploads\/2025\/10\/halloween-ADRA-726x1024.jpg 726w, https:\/\/www.cm-benavente.pt\/wp-content\/uploads\/2025\/10\/halloween-ADRA-768x1083.jpg 768w, https:\/\/www.cm-benavente.pt\/wp-content\/uploads\/2025\/10\/halloween-ADRA-1090x1536.jpg 1090w, https:\/\/www.cm-benavente.pt\/wp-content\/uploads\/2025\/10\/halloween-ADRA-500x705.jpg 500w, https:\/\/www.cm-benavente.pt\/wp-content\/uploads\/2025\/10\/halloween-ADRA-800x1128.jpg 800w\" sizes=\"(max-width: 1135px) 100vw, 1135px\" \/><\/p>\n<p>&nbsp;<\/p>\n","protected":false},"excerpt":{"rendered":"<p>Festa de Halloween &#8220;Mi\u00fados e Gra\u00fados&#8221; 31 de outubro das 20:00h \u00e0s 24:00h na Sede da ADRA, Vila das Areias &#8211; Benavente Pr\u00e9mio para o fato mais assustador Jogos Tem\u00e1ticos \u2013 M\u00famia de Papel Higi\u00e9nico &amp; Piscina de Olhos Flutuantes Jantar Comunit\u00e1rio de Halloween \u2013 Cada fam\u00edlia traz um prato (entrada, prato principal ou sobremesa). [&hellip;]<\/p>\n","protected":false},"author":3,"featured_media":78655,"comment_status":"closed","ping_status":"closed","template":"","meta":{"_vp_format_video_url":"","_vp_image_focal_point":[]},"tags":[1115,16,900,1695,1380],"mec_category":[467],"class_list":["post-78653","mec-events","type-mec-events","status-publish","has-post-thumbnail","hentry","tag-adra","tag-benavente","tag-festa","tag-halloween","tag-vila-das-areias","mec_category-geral"],"_links":{"self":[{"href":"https:\/\/www.cm-benavente.pt\/index.php\/wp-json\/wp\/v2\/mec-events\/78653","targetHints":{"allow":["GET"]}}],"collection":[{"href":"https:\/\/www.cm-benavente.pt\/index.php\/wp-json\/wp\/v2\/mec-events"}],"about":[{"href":"https:\/\/www.cm-benavente.pt\/index.php\/wp-json\/wp\/v2\/types\/mec-events"}],"author":[{"embeddable":true,"href":"https:\/\/www.cm-benavente.pt\/index.php\/wp-json\/wp\/v2\/users\/3"}],"replies":[{"embeddable":true,"href":"https:\/\/www.cm-benavente.pt\/index.php\/wp-json\/wp\/v2\/comments?post=78653"}],"version-history":[{"count":1,"href":"https:\/\/www.cm-benavente.pt\/index.php\/wp-json\/wp\/v2\/mec-events\/78653\/revisions"}],"predecessor-version":[{"id":78656,"href":"https:\/\/www.cm-benavente.pt\/index.php\/wp-json\/wp\/v2\/mec-events\/78653\/revisions\/78656"}],"wp:featuredmedia":[{"embeddable":true,"href":"https:\/\/www.cm-benavente.pt\/index.php\/wp-json\/wp\/v2\/media\/78655"}],"wp:attachment":[{"href":"https:\/\/www.cm-benavente.pt\/index.php\/wp-json\/wp\/v2\/media?parent=78653"}],"wp:term":[{"taxonomy":"post_tag","embeddable":true,"href":"https:\/\/www.cm-benavente.pt\/index.php\/wp-json\/wp\/v2\/tags?post=78653"},{"taxonomy":"mec_category","embeddable":true,"href":"https:\/\/www.cm-benavente.pt\/index.php\/wp-json\/wp\/v2\/mec_category?post=78653"}],"curies":[{"name":"wp","href":"https:\/\/api.w.org\/{rel}","templated":true}]}}