{"id":67586,"date":"2025-03-03T12:13:08","date_gmt":"2025-03-03T12:13:08","guid":{"rendered":"https:\/\/www.cm-benavente.pt\/?post_type=mec-events&#038;p=67586"},"modified":"2025-03-03T12:13:08","modified_gmt":"2025-03-03T12:13:08","slug":"hora-do-conto-para-familias-matrioska","status":"publish","type":"mec-events","link":"https:\/\/www.cm-benavente.pt\/index.php\/events\/hora-do-conto-para-familias-matrioska\/","title":{"rendered":"Hora do Conto para fam\u00edlias \u201cMATRIOSKA\u201d"},"content":{"rendered":"<p><strong>Hora do Conto para fam\u00edlias \u201cMATRIOSKA\u201d<\/strong><\/p>\n<p><strong>08 de mar\u00e7o \u00e0s 15:30h<\/strong> na Biblioteca Municipal de Benavente<\/p>\n<p>Andrei \u00e9 um conhecido fabricante de brinquedos russo que, um dia, faz a boneca mais perfeita que j\u00e1 fez. Ele chama-a de matryoshka. Ela \u00e9 t\u00e3o especial que consegue falar e, at\u00e9, sentir. Juntos entender\u00e3o como \u00e9 importante buscar o que nos faz felizes e o valor da fam\u00edlia.<br \/>\nVenha conhecer este CONTO TRADICIONAL RUSSO e conhecer o significa desta boneca.<\/p>\n<p><strong>P\u00fablico-alvo:<\/strong> crian\u00e7as a partir dos 4 anos<\/p>\n<p><strong>Inscri\u00e7\u00f5es<\/strong> atrav\u00e9s do seguinte contacto: <a href=\"mailto:bibliotecas@cm-benavente.pt\">bibliotecas@cm-benavente.pt<\/a> (inscri\u00e7\u00f5es a partir 9.30h de 03 de mar\u00e7o limitadas \u00e0 capacidade da sala)<\/p>\n<p>&nbsp;<\/p>\n<p><a href=\"https:\/\/www.cm-benavente.pt\/wp-content\/uploads\/2025\/03\/08MAR-matrioska_1080-2.png\"><img fetchpriority=\"high\" decoding=\"async\" class=\"alignnone size-large wp-image-67587\" src=\"https:\/\/www.cm-benavente.pt\/wp-content\/uploads\/2025\/03\/08MAR-matrioska_1080-2-1024x1024.png\" alt=\"\" width=\"800\" height=\"800\" srcset=\"https:\/\/www.cm-benavente.pt\/wp-content\/uploads\/2025\/03\/08MAR-matrioska_1080-2-1024x1024.png 1024w, https:\/\/www.cm-benavente.pt\/wp-content\/uploads\/2025\/03\/08MAR-matrioska_1080-2-300x300.png 300w, https:\/\/www.cm-benavente.pt\/wp-content\/uploads\/2025\/03\/08MAR-matrioska_1080-2-150x150.png 150w, https:\/\/www.cm-benavente.pt\/wp-content\/uploads\/2025\/03\/08MAR-matrioska_1080-2-768x768.png 768w, https:\/\/www.cm-benavente.pt\/wp-content\/uploads\/2025\/03\/08MAR-matrioska_1080-2-500x500.png 500w, https:\/\/www.cm-benavente.pt\/wp-content\/uploads\/2025\/03\/08MAR-matrioska_1080-2-800x800.png 800w, https:\/\/www.cm-benavente.pt\/wp-content\/uploads\/2025\/03\/08MAR-matrioska_1080-2.png 1080w\" sizes=\"(max-width: 800px) 100vw, 800px\" \/><\/a><\/p>\n","protected":false},"excerpt":{"rendered":"<p>Hora do Conto para fam\u00edlias \u201cMATRIOSKA\u201d 08 de mar\u00e7o \u00e0s 15:30h na Biblioteca Municipal de Benavente Andrei \u00e9 um conhecido fabricante de brinquedos russo que, um dia, faz a boneca mais perfeita que j\u00e1 fez. Ele chama-a de matryoshka. Ela \u00e9 t\u00e3o especial que consegue falar e, at\u00e9, sentir. Juntos entender\u00e3o como \u00e9 importante buscar [&hellip;]<\/p>\n","protected":false},"author":3,"featured_media":67588,"comment_status":"closed","ping_status":"closed","template":"","meta":{"_vp_format_video_url":"","_vp_image_focal_point":[]},"tags":[16,83,938,1150,794,2648],"mec_category":[757],"class_list":["post-67586","mec-events","type-mec-events","status-publish","has-post-thumbnail","hentry","tag-benavente","tag-biblioteca","tag-conto","tag-hora","tag-literatura","tag-matrioska","mec_category-literatura"],"_links":{"self":[{"href":"https:\/\/www.cm-benavente.pt\/index.php\/wp-json\/wp\/v2\/mec-events\/67586","targetHints":{"allow":["GET"]}}],"collection":[{"href":"https:\/\/www.cm-benavente.pt\/index.php\/wp-json\/wp\/v2\/mec-events"}],"about":[{"href":"https:\/\/www.cm-benavente.pt\/index.php\/wp-json\/wp\/v2\/types\/mec-events"}],"author":[{"embeddable":true,"href":"https:\/\/www.cm-benavente.pt\/index.php\/wp-json\/wp\/v2\/users\/3"}],"replies":[{"embeddable":true,"href":"https:\/\/www.cm-benavente.pt\/index.php\/wp-json\/wp\/v2\/comments?post=67586"}],"version-history":[{"count":1,"href":"https:\/\/www.cm-benavente.pt\/index.php\/wp-json\/wp\/v2\/mec-events\/67586\/revisions"}],"predecessor-version":[{"id":67589,"href":"https:\/\/www.cm-benavente.pt\/index.php\/wp-json\/wp\/v2\/mec-events\/67586\/revisions\/67589"}],"wp:featuredmedia":[{"embeddable":true,"href":"https:\/\/www.cm-benavente.pt\/index.php\/wp-json\/wp\/v2\/media\/67588"}],"wp:attachment":[{"href":"https:\/\/www.cm-benavente.pt\/index.php\/wp-json\/wp\/v2\/media?parent=67586"}],"wp:term":[{"taxonomy":"post_tag","embeddable":true,"href":"https:\/\/www.cm-benavente.pt\/index.php\/wp-json\/wp\/v2\/tags?post=67586"},{"taxonomy":"mec_category","embeddable":true,"href":"https:\/\/www.cm-benavente.pt\/index.php\/wp-json\/wp\/v2\/mec_category?post=67586"}],"curies":[{"name":"wp","href":"https:\/\/api.w.org\/{rel}","templated":true}]}}