{"id":64806,"date":"2025-01-14T11:17:08","date_gmt":"2025-01-14T11:17:08","guid":{"rendered":"https:\/\/www.cm-benavente.pt\/?post_type=mec-events&#038;p=64806"},"modified":"2025-01-27T12:14:54","modified_gmt":"2025-01-27T12:14:54","slug":"6a-gala-do-circo-de-samora-correia","status":"publish","type":"mec-events","link":"https:\/\/www.cm-benavente.pt\/index.php\/events\/6a-gala-do-circo-de-samora-correia\/","title":{"rendered":"6\u00aa Gala do Circo de Samora Correia"},"content":{"rendered":"<p><strong>6\u00aa Gala do Circo de Samora Correia<\/strong><\/p>\n<p><strong>30 de janeiro \u00e0s 21:00h<\/strong> no Largo dos \u00c1lamos, Avenida O S\u00e9culo, Samora Correia<\/p>\n<p>Em perspectiva uma bel\u00edssima noite onde o circo e as suas gentes ser\u00e3o homenageadas em Samora Correia, numa terra por onde passaram ao longo de anos muitas fam\u00edlias ligadas ao circo.<\/p>\n<p>O espet\u00e1culo ir\u00e1 ter lugar no dia 30 de janeiro, numa magnifica tenda de circo que ser\u00e1 montada, junto ao parque Ruy Luis Gomes (Jardim do Arneiro dos Corvos), com entrada gratuita.<\/p>\n<p>Os presentes poder\u00e3o aplaudir n\u00fameros de malabarismo, acrobacias, momentos c\u00f3micos com palha\u00e7os, m\u00fasica e muito mais passar\u00e1 pelo palco da 6\u00aa Gala.<\/p>\n<p>A Gala do Circo de Samora Correia \u00e9 uma ideia original de Jos\u00e9 Ribeiro \u201cZ\u00e9 Morto\u201d, com organiza\u00e7\u00e3o da C\u00e2mara Municipal de Benavente.<\/p>\n<p>As entradas podem ser levantadas no Centro Cultural de Samora Correia, a partir de dia 15 de janeiro.<\/p>\n<p><strong>Organiza\u00e7\u00e3o:<\/strong> C\u00e2mara Municipal de Benavente<\/p>\n<p>&nbsp;<\/p>\n<p><a href=\"https:\/\/www.cm-benavente.pt\/wp-content\/uploads\/2025\/01\/gala-do-circo-convidados-2.jpg\"><img fetchpriority=\"high\" decoding=\"async\" class=\"alignnone size-full wp-image-65297\" src=\"https:\/\/www.cm-benavente.pt\/wp-content\/uploads\/2025\/01\/gala-do-circo-convidados-2.jpg\" alt=\"\" width=\"682\" height=\"1024\" srcset=\"https:\/\/www.cm-benavente.pt\/wp-content\/uploads\/2025\/01\/gala-do-circo-convidados-2.jpg 682w, https:\/\/www.cm-benavente.pt\/wp-content\/uploads\/2025\/01\/gala-do-circo-convidados-2-200x300.jpg 200w, https:\/\/www.cm-benavente.pt\/wp-content\/uploads\/2025\/01\/gala-do-circo-convidados-2-500x751.jpg 500w\" sizes=\"(max-width: 682px) 100vw, 682px\" \/><\/a> <a href=\"https:\/\/www.cm-benavente.pt\/wp-content\/uploads\/2025\/01\/gala-do-circo-convidados-1.jpg\"><img decoding=\"async\" class=\"alignnone size-large wp-image-65298\" src=\"https:\/\/www.cm-benavente.pt\/wp-content\/uploads\/2025\/01\/gala-do-circo-convidados-1.jpg\" alt=\"\" width=\"682\" height=\"1024\" srcset=\"https:\/\/www.cm-benavente.pt\/wp-content\/uploads\/2025\/01\/gala-do-circo-convidados-1.jpg 682w, https:\/\/www.cm-benavente.pt\/wp-content\/uploads\/2025\/01\/gala-do-circo-convidados-1-200x300.jpg 200w, https:\/\/www.cm-benavente.pt\/wp-content\/uploads\/2025\/01\/gala-do-circo-convidados-1-500x751.jpg 500w\" sizes=\"(max-width: 682px) 100vw, 682px\" \/><\/a><\/p>\n<p>&nbsp;<\/p>\n<p>&nbsp;<\/p>\n","protected":false},"excerpt":{"rendered":"<p>6\u00aa Gala do Circo de Samora Correia 30 de janeiro \u00e0s 21:00h no Largo dos \u00c1lamos, Avenida O S\u00e9culo, Samora Correia Em perspectiva uma bel\u00edssima noite onde o circo e as suas gentes ser\u00e3o homenageadas em Samora Correia, numa terra por onde passaram ao longo de anos muitas fam\u00edlias ligadas ao circo. O espet\u00e1culo ir\u00e1 [&hellip;]<\/p>\n","protected":false},"author":3,"featured_media":64809,"comment_status":"closed","ping_status":"closed","template":"","meta":{"_vp_format_video_url":"","_vp_image_focal_point":[]},"tags":[95,5,94,27],"mec_category":[467],"class_list":["post-64806","mec-events","type-mec-events","status-publish","has-post-thumbnail","hentry","tag-circo","tag-cultura","tag-gala","tag-samora-correia","mec_category-geral"],"_links":{"self":[{"href":"https:\/\/www.cm-benavente.pt\/index.php\/wp-json\/wp\/v2\/mec-events\/64806","targetHints":{"allow":["GET"]}}],"collection":[{"href":"https:\/\/www.cm-benavente.pt\/index.php\/wp-json\/wp\/v2\/mec-events"}],"about":[{"href":"https:\/\/www.cm-benavente.pt\/index.php\/wp-json\/wp\/v2\/types\/mec-events"}],"author":[{"embeddable":true,"href":"https:\/\/www.cm-benavente.pt\/index.php\/wp-json\/wp\/v2\/users\/3"}],"replies":[{"embeddable":true,"href":"https:\/\/www.cm-benavente.pt\/index.php\/wp-json\/wp\/v2\/comments?post=64806"}],"version-history":[{"count":3,"href":"https:\/\/www.cm-benavente.pt\/index.php\/wp-json\/wp\/v2\/mec-events\/64806\/revisions"}],"predecessor-version":[{"id":65299,"href":"https:\/\/www.cm-benavente.pt\/index.php\/wp-json\/wp\/v2\/mec-events\/64806\/revisions\/65299"}],"wp:featuredmedia":[{"embeddable":true,"href":"https:\/\/www.cm-benavente.pt\/index.php\/wp-json\/wp\/v2\/media\/64809"}],"wp:attachment":[{"href":"https:\/\/www.cm-benavente.pt\/index.php\/wp-json\/wp\/v2\/media?parent=64806"}],"wp:term":[{"taxonomy":"post_tag","embeddable":true,"href":"https:\/\/www.cm-benavente.pt\/index.php\/wp-json\/wp\/v2\/tags?post=64806"},{"taxonomy":"mec_category","embeddable":true,"href":"https:\/\/www.cm-benavente.pt\/index.php\/wp-json\/wp\/v2\/mec_category?post=64806"}],"curies":[{"name":"wp","href":"https:\/\/api.w.org\/{rel}","templated":true}]}}