{"id":59057,"date":"2024-09-12T09:33:57","date_gmt":"2024-09-12T09:33:57","guid":{"rendered":"https:\/\/www.cm-benavente.pt\/?post_type=mec-events&#038;p=59057"},"modified":"2024-09-12T09:33:57","modified_gmt":"2024-09-12T09:33:57","slug":"torneio-andebol-antonio-madaleno","status":"publish","type":"mec-events","link":"https:\/\/www.cm-benavente.pt\/index.php\/events\/torneio-andebol-antonio-madaleno\/","title":{"rendered":"Torneio Andebol Ant\u00f3nio Madaleno"},"content":{"rendered":"<p><strong>Torneio Andebol Ant\u00f3nio Madaleno<\/strong><\/p>\n<div class=\"\" data-block=\"true\" data-editor=\"1td18\" data-offset-key=\"aem99-0-0\">\n<div class=\"_1mf _1mj\" data-offset-key=\"aem99-0-0\"><span data-offset-key=\"7fn7o-0-0\"><strong>14 e 15 de Setembro<\/strong> no <\/span>Pavilh\u00e3o Gimnodesportivo de Samora Correia<\/div>\n<\/div>\n<div class=\"\" data-block=\"true\" data-editor=\"1td18\" data-offset-key=\"6f48r-0-0\">\n<div class=\"_1mf _1mj\" data-offset-key=\"6f48r-0-0\"><span data-offset-key=\"6f48r-0-0\">\u00a0<\/span><\/div>\n<\/div>\n<div class=\"\" data-block=\"true\" data-editor=\"1td18\" data-offset-key=\"c8r0b-0-0\">\n<div class=\"_1mf _1mj\" data-offset-key=\"c8r0b-0-0\"><span data-offset-key=\"c8r0b-0-0\">S\u00c1BADO, 14 DE SETEMBRO <\/span><\/div>\n<\/div>\n<div class=\"\" data-block=\"true\" data-editor=\"1td18\" data-offset-key=\"dbfba-0-0\">\n<div class=\"_1mf _1mj\" data-offset-key=\"dbfba-0-0\"><span data-offset-key=\"dbfba-0-0\">-15:00 &#8211; 1\u00b0 de Dezembro x Alto do Moinho <\/span><\/div>\n<\/div>\n<div class=\"\" data-block=\"true\" data-editor=\"1td18\" data-offset-key=\"5l9cm-0-0\">\n<div class=\"_1mf _1mj\" data-offset-key=\"5l9cm-0-0\"><span data-offset-key=\"5l9cm-0-0\">-17:30 &#8211; NASC x Belenenses B<\/span><\/div>\n<\/div>\n<div class=\"\" data-block=\"true\" data-editor=\"1td18\" data-offset-key=\"2qab5-0-0\">\n<div class=\"_1mf _1mj\" data-offset-key=\"2qab5-0-0\"><span data-offset-key=\"2qab5-0-0\">\u00a0<\/span><\/div>\n<\/div>\n<div class=\"\" data-block=\"true\" data-editor=\"1td18\" data-offset-key=\"b7olm-0-0\">\n<div class=\"_1mf _1mj\" data-offset-key=\"b7olm-0-0\"><span data-offset-key=\"b7olm-0-0\">\ufe0fDOMINGO, 15 DE SETEMBRO<\/span><\/div>\n<\/div>\n<div class=\"\" data-block=\"true\" data-editor=\"1td18\" data-offset-key=\"1kkc2-0-0\">\n<div class=\"_1mf _1mj\" data-offset-key=\"1kkc2-0-0\"><span data-offset-key=\"1kkc2-0-0\">-15:00 &#8211; Apuramento 3\u00b0\/4\u00b0 lugar<\/span><\/div>\n<\/div>\n<div class=\"\" data-block=\"true\" data-editor=\"1td18\" data-offset-key=\"9sgch-0-0\">\n<div class=\"_1mf _1mj\" data-offset-key=\"9sgch-0-0\"><span data-offset-key=\"9sgch-0-0\">-17:30 &#8211; Final<\/span><\/div>\n<\/div>\n<div class=\"\" data-block=\"true\" data-editor=\"1td18\" data-offset-key=\"7uvt7-0-0\">\n<div class=\"_1mf _1mj\" data-offset-key=\"7uvt7-0-0\"><span data-offset-key=\"7uvt7-0-0\">\u00a0<\/span><\/div>\n<\/div>\n<div class=\"\" data-block=\"true\" data-editor=\"1td18\" data-offset-key=\"6v5ab-0-0\">\n<div class=\"_1mf _1mj\" data-offset-key=\"6v5ab-0-0\"><strong>Entrada gratuita<\/strong><\/div>\n<\/div>\n<div class=\"\" data-block=\"true\" data-editor=\"1td18\" data-offset-key=\"4tum6-0-0\">\n<div class=\"_1mf _1mj\" data-offset-key=\"4tum6-0-0\"><strong>Organiza\u00e7\u00e3o: <\/strong><span class=\"_247o\" spellcheck=\"false\" data-offset-key=\"4tum6-1-0\"><span data-offset-key=\"4tum6-1-0\">N\u00facleo de Andebol de Samora Correia<\/span><\/span><\/div>\n<\/div>\n<div data-offset-key=\"4tum6-0-0\"><\/div>\n<div data-offset-key=\"4tum6-0-0\"><a href=\"https:\/\/www.cm-benavente.pt\/wp-content\/uploads\/2024\/09\/torneio-antonio-madaleno-NASC-cartaz.jpg\"><img fetchpriority=\"high\" decoding=\"async\" class=\"alignnone size-large wp-image-59058\" src=\"https:\/\/www.cm-benavente.pt\/wp-content\/uploads\/2024\/09\/torneio-antonio-madaleno-NASC-cartaz-732x1024.jpg\" alt=\"\" width=\"732\" height=\"1024\" srcset=\"https:\/\/www.cm-benavente.pt\/wp-content\/uploads\/2024\/09\/torneio-antonio-madaleno-NASC-cartaz-732x1024.jpg 732w, https:\/\/www.cm-benavente.pt\/wp-content\/uploads\/2024\/09\/torneio-antonio-madaleno-NASC-cartaz-214x300.jpg 214w, https:\/\/www.cm-benavente.pt\/wp-content\/uploads\/2024\/09\/torneio-antonio-madaleno-NASC-cartaz-768x1075.jpg 768w, https:\/\/www.cm-benavente.pt\/wp-content\/uploads\/2024\/09\/torneio-antonio-madaleno-NASC-cartaz-1097x1536.jpg 1097w, https:\/\/www.cm-benavente.pt\/wp-content\/uploads\/2024\/09\/torneio-antonio-madaleno-NASC-cartaz-500x700.jpg 500w, https:\/\/www.cm-benavente.pt\/wp-content\/uploads\/2024\/09\/torneio-antonio-madaleno-NASC-cartaz-800x1120.jpg 800w, https:\/\/www.cm-benavente.pt\/wp-content\/uploads\/2024\/09\/torneio-antonio-madaleno-NASC-cartaz-1280x1792.jpg 1280w, https:\/\/www.cm-benavente.pt\/wp-content\/uploads\/2024\/09\/torneio-antonio-madaleno-NASC-cartaz.jpg 1463w\" sizes=\"(max-width: 732px) 100vw, 732px\" \/><\/a><\/div>\n","protected":false},"excerpt":{"rendered":"<p>Torneio Andebol Ant\u00f3nio Madaleno 14 e 15 de Setembro no Pavilh\u00e3o Gimnodesportivo de Samora Correia \u00a0 S\u00c1BADO, 14 DE SETEMBRO -15:00 &#8211; 1\u00b0 de Dezembro x Alto do Moinho -17:30 &#8211; NASC x Belenenses B \u00a0 \ufe0fDOMINGO, 15 DE SETEMBRO -15:00 &#8211; Apuramento 3\u00b0\/4\u00b0 lugar -17:30 &#8211; Final \u00a0 Entrada gratuita Organiza\u00e7\u00e3o: N\u00facleo de Andebol [&hellip;]<\/p>\n","protected":false},"author":3,"featured_media":59059,"comment_status":"closed","ping_status":"closed","template":"","meta":{"_vp_format_video_url":"","_vp_image_focal_point":[]},"tags":[1009,2270,124,1106,27,1010],"mec_category":[1112,472],"class_list":["post-59057","mec-events","type-mec-events","status-publish","has-post-thumbnail","hentry","tag-andebol","tag-antonio-madaleno","tag-desporto","tag-nasc","tag-samora-correia","tag-torneio","mec_category-andebol","mec_category-desporto"],"_links":{"self":[{"href":"https:\/\/www.cm-benavente.pt\/index.php\/wp-json\/wp\/v2\/mec-events\/59057","targetHints":{"allow":["GET"]}}],"collection":[{"href":"https:\/\/www.cm-benavente.pt\/index.php\/wp-json\/wp\/v2\/mec-events"}],"about":[{"href":"https:\/\/www.cm-benavente.pt\/index.php\/wp-json\/wp\/v2\/types\/mec-events"}],"author":[{"embeddable":true,"href":"https:\/\/www.cm-benavente.pt\/index.php\/wp-json\/wp\/v2\/users\/3"}],"replies":[{"embeddable":true,"href":"https:\/\/www.cm-benavente.pt\/index.php\/wp-json\/wp\/v2\/comments?post=59057"}],"version-history":[{"count":0,"href":"https:\/\/www.cm-benavente.pt\/index.php\/wp-json\/wp\/v2\/mec-events\/59057\/revisions"}],"wp:featuredmedia":[{"embeddable":true,"href":"https:\/\/www.cm-benavente.pt\/index.php\/wp-json\/wp\/v2\/media\/59059"}],"wp:attachment":[{"href":"https:\/\/www.cm-benavente.pt\/index.php\/wp-json\/wp\/v2\/media?parent=59057"}],"wp:term":[{"taxonomy":"post_tag","embeddable":true,"href":"https:\/\/www.cm-benavente.pt\/index.php\/wp-json\/wp\/v2\/tags?post=59057"},{"taxonomy":"mec_category","embeddable":true,"href":"https:\/\/www.cm-benavente.pt\/index.php\/wp-json\/wp\/v2\/mec_category?post=59057"}],"curies":[{"name":"wp","href":"https:\/\/api.w.org\/{rel}","templated":true}]}}