{"id":53013,"date":"2024-01-25T09:54:12","date_gmt":"2024-01-25T09:54:12","guid":{"rendered":"https:\/\/www.cm-benavente.pt\/?post_type=mec-events&#038;p=53013"},"modified":"2024-01-25T09:54:12","modified_gmt":"2024-01-25T09:54:12","slug":"49o-aniversario-altb-4o-aniversario-moto-clube-altb","status":"publish","type":"mec-events","link":"https:\/\/www.cm-benavente.pt\/index.php\/events\/49o-aniversario-altb-4o-aniversario-moto-clube-altb\/","title":{"rendered":"49\u00ba Anivers\u00e1rio ALTB | 4\u00ba Anivers\u00e1rio Moto Clube ALTB"},"content":{"rendered":"<p><strong>49\u00ba Anivers\u00e1rio ALTB e 4\u00ba Anivers\u00e1rio Moto Clube ALTB<\/strong><\/p>\n<p><strong>03 de fevereiro a partir das 12:30h<\/strong> no Sal\u00e3o da ALTB, Barrosa<\/p>\n<p><strong>Programa:<\/strong><\/p>\n<p>12:30h &#8211; Rece\u00e7\u00e3o<br \/>\n13:00h &#8211; Almo\u00e7o (sopa &#8220;Barrosana&#8221;, Roj\u00f5es no tacho com pur\u00e9 de batata, doces e caf\u00e9)<br \/>\n14:30h &#8211; M\u00fasica ao vivo com &#8220;Guitar Brothers&#8221;<br \/>\n15:30h &#8211; Homenagem a Bernardo Concei\u00e7\u00e3o e Dinis Santos<br \/>\n16:30h &#8211; Bolo de anivers\u00e1rio<\/p>\n<p><strong>Entrada:<\/strong> 15 rodas (3 rodas revertem a favor de Vitor Bar\u00e3o) \/ Crian\u00e7as at\u00e9 12 anos &#8211; 0 rodas<\/p>\n<p><strong>Reservas:<\/strong> 914 270 581 \/ 917 376 409 \/ <a href=\"https:\/\/www.facebook.com\/profile.php?id=100077444815341\" target=\"_blank\" rel=\"noopener\">Facebook Moto Clube ALTB<\/a> (data limite: 01 de fevereiro)<\/p>\n<p><strong>Organiza\u00e7\u00e3o:<\/strong> ALTB e Moto Clube ALTB<\/p>\n<p>&nbsp;<\/p>\n<p><img fetchpriority=\"high\" decoding=\"async\" class=\"alignnone wp-image-53014 size-large\" src=\"https:\/\/www.cm-benavente.pt\/wp-content\/uploads\/2024\/01\/aniversario-altb-cartaz-576x1024.webp\" alt=\"\" width=\"576\" height=\"1024\" srcset=\"https:\/\/www.cm-benavente.pt\/wp-content\/uploads\/2024\/01\/aniversario-altb-cartaz-576x1024.webp 576w, https:\/\/www.cm-benavente.pt\/wp-content\/uploads\/2024\/01\/aniversario-altb-cartaz-169x300.webp 169w, https:\/\/www.cm-benavente.pt\/wp-content\/uploads\/2024\/01\/aniversario-altb-cartaz-500x889.webp 500w, https:\/\/www.cm-benavente.pt\/wp-content\/uploads\/2024\/01\/aniversario-altb-cartaz.jpeg 720w\" sizes=\"(max-width: 576px) 100vw, 576px\" \/><\/p>\n","protected":false},"excerpt":{"rendered":"<p>49\u00ba Anivers\u00e1rio ALTB e 4\u00ba Anivers\u00e1rio Moto Clube ALTB 03 de fevereiro a partir das 12:30h no Sal\u00e3o da ALTB, Barrosa Programa: 12:30h &#8211; Rece\u00e7\u00e3o 13:00h &#8211; Almo\u00e7o (sopa &#8220;Barrosana&#8221;, Roj\u00f5es no tacho com pur\u00e9 de batata, doces e caf\u00e9) 14:30h &#8211; M\u00fasica ao vivo com &#8220;Guitar Brothers&#8221; 15:30h &#8211; Homenagem a Bernardo Concei\u00e7\u00e3o e [&hellip;]<\/p>\n","protected":false},"author":3,"featured_media":53015,"comment_status":"closed","ping_status":"closed","template":"","meta":{"_vp_format_video_url":"","_vp_image_focal_point":[]},"tags":[1517,101,185,1826],"mec_category":[467],"class_list":["post-53013","mec-events","type-mec-events","status-publish","has-post-thumbnail","hentry","tag-altb","tag-aniversario","tag-barrosa","tag-moto-clube-altb","mec_category-geral"],"_links":{"self":[{"href":"https:\/\/www.cm-benavente.pt\/index.php\/wp-json\/wp\/v2\/mec-events\/53013","targetHints":{"allow":["GET"]}}],"collection":[{"href":"https:\/\/www.cm-benavente.pt\/index.php\/wp-json\/wp\/v2\/mec-events"}],"about":[{"href":"https:\/\/www.cm-benavente.pt\/index.php\/wp-json\/wp\/v2\/types\/mec-events"}],"author":[{"embeddable":true,"href":"https:\/\/www.cm-benavente.pt\/index.php\/wp-json\/wp\/v2\/users\/3"}],"replies":[{"embeddable":true,"href":"https:\/\/www.cm-benavente.pt\/index.php\/wp-json\/wp\/v2\/comments?post=53013"}],"version-history":[{"count":0,"href":"https:\/\/www.cm-benavente.pt\/index.php\/wp-json\/wp\/v2\/mec-events\/53013\/revisions"}],"wp:featuredmedia":[{"embeddable":true,"href":"https:\/\/www.cm-benavente.pt\/index.php\/wp-json\/wp\/v2\/media\/53015"}],"wp:attachment":[{"href":"https:\/\/www.cm-benavente.pt\/index.php\/wp-json\/wp\/v2\/media?parent=53013"}],"wp:term":[{"taxonomy":"post_tag","embeddable":true,"href":"https:\/\/www.cm-benavente.pt\/index.php\/wp-json\/wp\/v2\/tags?post=53013"},{"taxonomy":"mec_category","embeddable":true,"href":"https:\/\/www.cm-benavente.pt\/index.php\/wp-json\/wp\/v2\/mec_category?post=53013"}],"curies":[{"name":"wp","href":"https:\/\/api.w.org\/{rel}","templated":true}]}}